{"id":447,"date":"2025-04-11T15:11:20","date_gmt":"2025-04-11T13:11:20","guid":{"rendered":"https:\/\/www.blakors.no\/arbeid-og-inkludering\/?page_id=447"},"modified":"2026-03-17T10:36:52","modified_gmt":"2026-03-17T09:36:52","slug":"var-historie","status":"publish","type":"page","link":"https:\/\/www.blakors.no\/arbeid-og-inkludering\/om-oss\/var-historie\/","title":{"rendered":"V\u00e5r historie"},"content":{"rendered":"\n<h2 id=\"oslo\"  class=\"wp-block-heading\" >Oslo<\/h2>\n\n\n\n<p>2024- Fusjon Oslo og Ringerike. Nye selskaper er Bl\u00e5 Kors arbeid og inkludering AS og Bl\u00e5 Kors arbeidskompetanse AS, med avdelinger i begge byer.<\/p>\n\n\n\n<p>2023- AS Rehabil bytter navn til Bl\u00e5 Kors arbeid og inkludering Oslo.<\/p>\n\n\n\n<p>2022 &#8211; AS Rehabil fisjonerer til ett moderselskap (Bl\u00e5 Kors arbeidskompetanse AS) og to datterselskaper (Bl\u00e5 Kors tjenesteproduksjon Oslo AS og AS Rehabil<\/p>\n\n\n\n<p>2017 &#8211; Leverand\u00f8r av tiltaket Avklaring for minoritetsspr\u00e5klige<\/p>\n\n\n\n<p>2017 &#8211; Leverand\u00f8r av tiltaket Avklaring i Oslo Nord<\/p>\n\n\n\n<p>2017 &#8211; Tiltaksarrang\u00f8r for tiltaket AFT<\/p>\n\n\n\n<p>2014 &#8211; Bl\u00e5 Kors Norge ny eier<\/p>\n\n\n\n<p>2012 &#8211; Tar over Stjernegruppen fra Bl\u00e5 Kors \u00d8st AS, AB (Arbeid med bistand) nytt tiltak i bedriften<\/p>\n\n\n\n<p>2009 &#8211; Bl\u00e5 Kors \u00d8st AS ny eier<\/p>\n\n\n\n<p>2009 &#8211; eQuass-sertifisert<\/p>\n\n\n\n<p>2008 &#8211; Milj\u00f8fyrt\u00e5rn-sertifisert<\/p>\n\n\n\n<p>2007 &#8211; L\u00e6ringsakademiet endret navn til L\u00e6ringsnettverket<\/p>\n\n\n\n<p>2005 Bedriften godkjennes fra Rikstrygdeverket for \u00e5 kunne tilby Funksjonsvurderinger mot ordin\u00e6re IA- bedrifter<\/p>\n\n\n\n<p>2004 Oppstart tiltaket Avklaring (Intro veivalg)<\/p>\n\n\n\n<p>2003 Etablering av L\u00e6ringsakademiet<\/p>\n\n\n\n<p>2002 Oppstart av Veivalg<\/p>\n\n\n\n<p>1993 Bedriften flyttet til \u00d8stre Aker vei p\u00e5 Kalbakken<\/p>\n\n\n\n<p>1989 Overtakelse av kj\u00f8kken\/kantine i Peter M\u00f8llers vei 15<\/p>\n\n\n\n<p>1987 Bedriften endret navn til Rehabil<\/p>\n\n\n\n<p>1985 Oppstart av avdelinger for bilklargj\u00f8ring og renhold samt driften av Peter M\u00f8llers vei 15<\/p>\n\n\n\n<p>1983 Maleravdelingen ble etablert<\/p>\n\n\n\n<p>1982 Etablering av spesialverksted for ombygging av biler til funksjonshemmede (solgt i 1992)<\/p>\n\n\n\n<p>1975 Oppstart av autorisert bilverksted p\u00e5 Trosterud<\/p>\n\n\n\n<p>1971 Den offisielle \u00e5pningen fant sted 9. september<\/p>\n\n\n\n<h2 id=\"ringerike\"  class=\"wp-block-heading\" >Ringerike<\/h2>\n\n\n\n<p>2024- Oppstart av ungdomscafe<\/p>\n\n\n\n<p>2024-Fusjon Ringerike og Oslo. Nye selskaper er Bl\u00e5 kors arbeid og inkludering AS og Bl\u00e5 Kors arbeidskompetanse AS, med avdelinger i begge byer.<\/p>\n\n\n\n<p>2022- inng\u00e5else av partnerskapsavtale Ringerike kommune om drift av lavterskel aktivitetstilbud, oppstart 10.oktober<\/p>\n\n\n\n<p>2022- Cafe\/catering og administrasjonen flytter inn i nyoppf\u00f8rt n\u00e6ringsbygg 5. oktober<\/p>\n\n\n\n<p>2022- Flytter Gjenbruksbutikken til Storgata 11<\/p>\n\n\n\n<p>2022- StjerneGruppen Ringerike fisjonerer til to selskap og endrer navn iht. ny navnstruktur<\/p>\n\n\n\n<ul class=\"wp-block-list\">\n<li>Bl\u00e5 Kors arbeid og inkludering Ringerike AS<\/li>\n\n\n\n<li>Bl\u00e5 Kors tjenesteproduksjon Ringerike AS<\/li>\n<\/ul>\n\n\n\n<p>2020- flytter til midlertidige lokaler ved AKA Arena<\/p>\n\n\n\n<p>2020- salg av Stjernegruppen Bosenter.<\/p>\n\n\n\n<p>2017- Det inng\u00e5s intensjonsavtale\/kj\u00f8psopsjon med Lafton Eiendom. Sundgata 10 A selges i bytte mot fremtidige tidsriktige lokaler i ny eiendom<\/p>\n\n\n\n<p>2017- Godkjent tiltaksarrang\u00f8r AFT (arbeidsforberedende trening)<\/p>\n\n\n\n<p>2015-Prosjekt videre i livet- fritidsprosjekt<\/p>\n\n\n\n<p>2014- Godkjent oppl\u00e6ringsbedrift for l\u00e6rekandidater i kokkefaget<\/p>\n\n\n\n<p>2014- overtok kantinedriften ved Ringerike vgs.<\/p>\n\n\n\n<p>2014- Ny organisering i Bl\u00e5 Kors Norge, Stjernegruppen Ringerike blir en del av divisjon oppl\u00e6ring<\/p>\n\n\n\n<p>2013- Flytter Gjenbruksbutikk til Storgata 15<\/p>\n\n\n\n<p>2011- eQuass sertifisert<\/p>\n\n\n\n<p>2008-2010 Oppbygging av fornyingssenter og systue<\/p>\n\n\n\n<p>2006- Det inng\u00e5s partnerskapsavtale med Ringerike. Bl\u00e5 Kors deles inn i regioner og ny eierstruktur etableres. 90 % Bl\u00e5 Kors Norge og 10 % Ringerike Bl\u00e5 Kors forening<\/p>\n\n\n\n<p>2005- starter bygging av Stjernegruppen Bosenter med 11 leiligheter. Ferdigstilles februar 2006<\/p>\n\n\n\n<p>2002- Blir godkjent tiltaksarrang\u00f8r for APS (arbeidsavklaring i skjermet virksomhet), starter &nbsp;Cafe\/catering drift og Gjenbruksbutikk. Kj\u00f8per Sundgata 10 A og flytter inn i eget hus i august.<\/p>\n\n\n\n<p>2000- oppstart av Avklaringssenter i Kongens gate H\u00f8nefoss<\/p>\n\n\n\n<p>1999- 7.mai Stiftes StjerneGruppen Ringerike AS. Eier StjernGruppen Oslo 51 % og H\u00f8nefoss Bl\u00e5 Kors forening <\/p>\n\n\n\n<h2 id=\"bla-kors-norge\"  class=\"wp-block-heading\" >Bl\u00e5 Kors Norge<\/h2>\n\n\n\n<p>Bl\u00e5 Kors ble etablert i Norge i 1906 og har i dag tre divisjoner lokalisert over store deler av landet. <br>Se jubileumsfilmen fra 120\u00e5rs jubileet under:<\/p>\n\n\n\n<figure class=\"wp-block-embed dekode-gtm-iframe-preview is-type-video is-provider-youtube wp-block-embed-youtube wp-embed-aspect-16-9 wp-has-aspect-ratio\"><div class=\"wp-block-embed__wrapper\">\n<iframe title=\"Bl\u00e5 Kors 120 \u00e5r\" width=\"500\" height=\"281\" data-cookieconsent=\"marketing\" data-cookieblock-src=\"https:\/\/www.youtube.com\/embed\/J0t6DVZXLrM?feature=oembed\"  allow=\"accelerometer; autoplay; clipboard-write; encrypted-media; gyroscope; picture-in-picture; web-share\" referrerpolicy=\"strict-origin-when-cross-origin\" allowfullscreen sandbox=\"allow-scripts allow-same-origin allow-popups allow-presentation allow-popups-to-escape-sandbox\"><\/iframe>\n\t\t<div class=\"cookieconsent-optout-marketing dekode-gtm-cookie-consent-video-placeholder\">\n\t\t\t<div class=\"dekode-gtm-cookie-consent is-block-core-embed is-provider-youtube\">\n\t\t\t\t\n\t\t\t<img decoding=\"async\" src=\"https:\/\/i.ytimg.com\/vi\/J0t6DVZXLrM\/hqdefault.jpg\" alt=\"youtube\" \/>\n\t\t\t\t<div class=\"overlay\">\n\t\t\t\t\t<div class=\"cookie-info\">\n\t\t\t\t\t\t<h2 id=\"her-ligger-det-medieinnhold-fra-en-ekstern-kilde\"  >Her ligger det medieinnhold fra en ekstern kilde. <\/h2> \n\n<p>For \u00e5 se innholdet, m\u00e5 du endre samtykket ditt.<\/p>\n\n<p>Les mer om hvordan dataen din blir behandlet av eksterne kilder i personvernerkl\u00e6ringen v\u00e5r.<\/p>\n\t\t\t\t\t\t<p>\n\t\t\t\t\t\t\t<a title=\"Endre samtykke\" class=\"dekode-gtm-cookiebot-renew\" href=\"#\">Endre samtykke<\/a>\n\t\t\t\t\t\t\t\n\t\t\t\t\t\t<\/p>\n\t\t\t\t\t<\/div>\n\t\t\t\t<\/div>\n\t\t\t<\/div>\n\t\t<\/div>\n<\/div><\/figure>\n","protected":false},"excerpt":{"rendered":"<p>Oslo 2024- Fusjon Oslo og Ringerike. Nye selskaper er Bl\u00e5 Kors arbeid og inkludering AS og Bl\u00e5 Kors arbeidskompetanse AS, med avdelinger i begge byer. 2023- AS Rehabil bytter navn til Bl\u00e5 Kors arbeid og inkludering Oslo. 2022 &#8211; AS Rehabil fisjonerer til ett moderselskap (Bl\u00e5 Kors arbeidskompetanse AS) og to datterselskaper (Bl\u00e5 Kors tjenesteproduksjon [&hellip;]<\/p>\n","protected":false},"author":86,"featured_media":0,"parent":2,"menu_order":0,"comment_status":"closed","ping_status":"closed","template":"","meta":{"_acf_changed":false,"_relevanssi_hide_post":"","_relevanssi_hide_content":"","_relevanssi_pin_for_all":"","_relevanssi_pin_keywords":"","_relevanssi_unpin_keywords":"","_relevanssi_related_keywords":"","_relevanssi_related_include_ids":"","_relevanssi_related_exclude_ids":"","_relevanssi_related_no_append":"","_relevanssi_related_not_related":"","_relevanssi_related_posts":"","_relevanssi_noindex_reason":"","_custom_cards_description":"","footnotes":""},"class_list":["post-447","page","type-page","status-publish","hentry"],"acf":[],"_links":{"self":[{"href":"https:\/\/www.blakors.no\/arbeid-og-inkludering\/wp-json\/wp\/v2\/pages\/447","targetHints":{"allow":["GET"]}}],"collection":[{"href":"https:\/\/www.blakors.no\/arbeid-og-inkludering\/wp-json\/wp\/v2\/pages"}],"about":[{"href":"https:\/\/www.blakors.no\/arbeid-og-inkludering\/wp-json\/wp\/v2\/types\/page"}],"author":[{"embeddable":true,"href":"https:\/\/www.blakors.no\/arbeid-og-inkludering\/wp-json\/wp\/v2\/users\/86"}],"replies":[{"embeddable":true,"href":"https:\/\/www.blakors.no\/arbeid-og-inkludering\/wp-json\/wp\/v2\/comments?post=447"}],"version-history":[{"count":5,"href":"https:\/\/www.blakors.no\/arbeid-og-inkludering\/wp-json\/wp\/v2\/pages\/447\/revisions"}],"predecessor-version":[{"id":3078,"href":"https:\/\/www.blakors.no\/arbeid-og-inkludering\/wp-json\/wp\/v2\/pages\/447\/revisions\/3078"}],"up":[{"embeddable":true,"href":"https:\/\/www.blakors.no\/arbeid-og-inkludering\/wp-json\/wp\/v2\/pages\/2"}],"wp:attachment":[{"href":"https:\/\/www.blakors.no\/arbeid-og-inkludering\/wp-json\/wp\/v2\/media?parent=447"}],"curies":[{"name":"wp","href":"https:\/\/api.w.org\/{rel}","templated":true}]}}