{"id":26,"date":"2019-11-25T14:07:30","date_gmt":"2019-11-25T13:07:30","guid":{"rendered":"https:\/\/www.blakors.no\/barnas-stasjon\/?page_id=26"},"modified":"2025-10-02T12:03:08","modified_gmt":"2025-10-02T10:03:08","slug":"avdelinger","status":"publish","type":"page","link":"https:\/\/www.blakors.no\/barnas-stasjon\/avdelinger\/","title":{"rendered":"Bl\u00e5 Kors barnas stasjon avdelinger"},"content":{"rendered":"\n<div class=\"wp-block-group alignfull has-brown-light-background-color has-background is-layout-constrained wp-block-group-is-layout-constrained\">\n<h1 id=\"avdelinger\"  class=\"wp-block-heading has-text-align-center\" >Avdelinger<\/h1>\n\n\n<div class=\"t2-featured-content-layout alignwide alignwide wp-block-t2-featured-content-layout\" role=\"list\">\n<div class=\"t2-featured-single-post t2-featured-content is-post-type-page wp-block-t2-featured-single-post\" role=\"listitem\"><a class=\"t2-post-link wp-block-t2-post-link\" href=\"https:\/\/www.blakors.no\/barnas-stasjon\/askoy\/\">\n<figure style=\"--t2-focal-point: 50% 50%;\" class=\"t2-post-featured-image has-image-ratio-16-9 wp-block-t2-post-featured-image\"><img loading=\"lazy\" decoding=\"async\" width=\"1600\" height=\"1048\" src=\"https:\/\/www.blakors.no\/content\/uploads\/sites\/9\/2020\/11\/Barnas-stasjion-Drammen-sept20-5530-1600px.jpg\" class=\"attachment-post-thumbnail size-post-thumbnail wp-post-image\" alt=\"Samtale mellom en voksen og et barn ved bordet.\" srcset=\"https:\/\/www.blakors.no\/content\/uploads\/sites\/9\/2020\/11\/Barnas-stasjion-Drammen-sept20-5530-1600px.jpg 1600w, https:\/\/www.blakors.no\/content\/uploads\/sites\/9\/2020\/11\/Barnas-stasjion-Drammen-sept20-5530-1600px-300x197.jpg 300w, https:\/\/www.blakors.no\/content\/uploads\/sites\/9\/2020\/11\/Barnas-stasjion-Drammen-sept20-5530-1600px-1024x671.jpg 1024w, https:\/\/www.blakors.no\/content\/uploads\/sites\/9\/2020\/11\/Barnas-stasjion-Drammen-sept20-5530-1600px-768x503.jpg 768w, https:\/\/www.blakors.no\/content\/uploads\/sites\/9\/2020\/11\/Barnas-stasjion-Drammen-sept20-5530-1600px-1536x1006.jpg 1536w\" sizes=\"auto, (min-width: 782px) 768px, 100vw\" \/><\/figure>\n\n<div class=\"wp-block-group alignfull is-layout-flow wp-block-group-is-layout-flow\">\n\t<h2 id=\"bla-kors-barnas-stasjon-askoy\"  class=\"t2-post-title wp-block-t2-post-title\" >Bl\u00e5 Kors barnas stasjon Ask\u00f8y<\/h2>\n\t<div class=\"wp-block-post-date__modified-date wp-block-post-date\"><time datetime=\"2026-02-25T13:25:23+01:00\">25. februar 2026<\/time><\/div>\n\t\t\t<div class=\"single-meta t2-post-excerpt card-description wp-block-blakors-meta-display\"><\/div>\n\t\n<\/div>\n\n<\/a>\n<\/div>\n\n<div class=\"t2-featured-single-post t2-featured-content is-post-type-page wp-block-t2-featured-single-post\" role=\"listitem\"><a class=\"t2-post-link wp-block-t2-post-link\" href=\"https:\/\/www.blakors.no\/barnas-stasjon\/trondheim\/\">\n<figure style=\"--t2-focal-point: 50% 50%;\" class=\"t2-post-featured-image has-image-ratio-16-9 wp-block-t2-post-featured-image\"><img loading=\"lazy\" decoding=\"async\" width=\"1600\" height=\"1067\" src=\"https:\/\/www.blakors.no\/content\/uploads\/sites\/9\/2020\/11\/Barnas-stasjion-Drammen-sept20-5238corr-1600px.jpg\" class=\"attachment-post-thumbnail size-post-thumbnail wp-post-image\" alt=\"Voksne og barn hygger seg sammen ved bord p\u00e5 Barnas Stasjon.\" srcset=\"https:\/\/www.blakors.no\/content\/uploads\/sites\/9\/2020\/11\/Barnas-stasjion-Drammen-sept20-5238corr-1600px.jpg 1600w, https:\/\/www.blakors.no\/content\/uploads\/sites\/9\/2020\/11\/Barnas-stasjion-Drammen-sept20-5238corr-1600px-300x200.jpg 300w, https:\/\/www.blakors.no\/content\/uploads\/sites\/9\/2020\/11\/Barnas-stasjion-Drammen-sept20-5238corr-1600px-1024x683.jpg 1024w, https:\/\/www.blakors.no\/content\/uploads\/sites\/9\/2020\/11\/Barnas-stasjion-Drammen-sept20-5238corr-1600px-768x512.jpg 768w, https:\/\/www.blakors.no\/content\/uploads\/sites\/9\/2020\/11\/Barnas-stasjion-Drammen-sept20-5238corr-1600px-1536x1024.jpg 1536w\" sizes=\"auto, (min-width: 782px) 768px, 100vw\" \/><\/figure>\n\n<div class=\"wp-block-group alignfull is-layout-flow wp-block-group-is-layout-flow\">\n\t<h2 id=\"bla-kors-barnas-stasjon-trondheim\"  class=\"t2-post-title wp-block-t2-post-title\" >Bl\u00e5 Kors barnas stasjon Trondheim<\/h2>\n\t<div class=\"wp-block-post-date__modified-date wp-block-post-date\"><time datetime=\"2026-02-25T13:54:08+01:00\">25. februar 2026<\/time><\/div>\n\t\t\t<div class=\"single-meta t2-post-excerpt card-description wp-block-blakors-meta-display\"><\/div>\n\t\n<\/div>\n\n<\/a>\n<\/div>\n\n<div class=\"t2-featured-single-post t2-featured-content is-post-type-page wp-block-t2-featured-single-post\" role=\"listitem\"><a class=\"t2-post-link wp-block-t2-post-link\" href=\"https:\/\/www.blakors.no\/barnas-stasjon\/drammen\/\">\n<figure style=\"--t2-focal-point: 50% 50%;\" class=\"t2-post-featured-image has-image-ratio-16-9 wp-block-t2-post-featured-image\"><img loading=\"lazy\" decoding=\"async\" width=\"1600\" height=\"1067\" src=\"https:\/\/www.blakors.no\/content\/uploads\/sites\/9\/2020\/11\/Barnas-Stasjon-Drammen-sept20-4406-1600px.jpg\" class=\"attachment-post-thumbnail size-post-thumbnail wp-post-image\" alt=\"Barn leker ute i g\u00e5rden foran Barnas Stasjon.\" srcset=\"https:\/\/www.blakors.no\/content\/uploads\/sites\/9\/2020\/11\/Barnas-Stasjon-Drammen-sept20-4406-1600px.jpg 1600w, https:\/\/www.blakors.no\/content\/uploads\/sites\/9\/2020\/11\/Barnas-Stasjon-Drammen-sept20-4406-1600px-300x200.jpg 300w, https:\/\/www.blakors.no\/content\/uploads\/sites\/9\/2020\/11\/Barnas-Stasjon-Drammen-sept20-4406-1600px-1024x683.jpg 1024w, https:\/\/www.blakors.no\/content\/uploads\/sites\/9\/2020\/11\/Barnas-Stasjon-Drammen-sept20-4406-1600px-768x512.jpg 768w, https:\/\/www.blakors.no\/content\/uploads\/sites\/9\/2020\/11\/Barnas-Stasjon-Drammen-sept20-4406-1600px-1536x1024.jpg 1536w\" sizes=\"auto, (min-width: 782px) 768px, 100vw\" \/><\/figure>\n\n<div class=\"wp-block-group alignfull is-layout-flow wp-block-group-is-layout-flow\">\n\t<h2 id=\"bla-kors-barnas-stasjon-drammen\"  class=\"t2-post-title wp-block-t2-post-title\" >Bl\u00e5 Kors barnas stasjon Drammen<\/h2>\n\t<div class=\"wp-block-post-date__modified-date wp-block-post-date\"><time datetime=\"2026-03-24T15:20:37+01:00\">24. mars 2026<\/time><\/div>\n\t\t\t<div class=\"single-meta t2-post-excerpt card-description wp-block-blakors-meta-display\"><\/div>\n\t\n<\/div>\n\n<\/a>\n<\/div>\n\n<div class=\"t2-featured-single-post t2-featured-content is-post-type-page wp-block-t2-featured-single-post\" role=\"listitem\"><a class=\"t2-post-link wp-block-t2-post-link\" href=\"https:\/\/www.blakors.no\/barnas-stasjon\/fredrikstad\/\">\n<figure style=\"--t2-focal-point: 50% 50%;\" class=\"t2-post-featured-image has-image-ratio-16-9 wp-block-t2-post-featured-image\"><img loading=\"lazy\" decoding=\"async\" width=\"1600\" height=\"1067\" src=\"https:\/\/www.blakors.no\/content\/uploads\/sites\/9\/2024\/10\/barnas-stasjon-fredrikstad.jpg\" class=\"attachment-post-thumbnail size-post-thumbnail wp-post-image\" alt=\"et barn bl\u00e5ser s\u00e5pebobler p\u00e5 en kvinne\" srcset=\"https:\/\/www.blakors.no\/content\/uploads\/sites\/9\/2024\/10\/barnas-stasjon-fredrikstad.jpg 1600w, https:\/\/www.blakors.no\/content\/uploads\/sites\/9\/2024\/10\/barnas-stasjon-fredrikstad-300x200.jpg 300w, https:\/\/www.blakors.no\/content\/uploads\/sites\/9\/2024\/10\/barnas-stasjon-fredrikstad-1024x683.jpg 1024w, https:\/\/www.blakors.no\/content\/uploads\/sites\/9\/2024\/10\/barnas-stasjon-fredrikstad-768x512.jpg 768w, https:\/\/www.blakors.no\/content\/uploads\/sites\/9\/2024\/10\/barnas-stasjon-fredrikstad-1536x1024.jpg 1536w\" sizes=\"auto, (min-width: 782px) 768px, 100vw\" \/><\/figure>\n\n<div class=\"wp-block-group alignfull is-layout-flow wp-block-group-is-layout-flow\">\n\t<h2 id=\"bla-kors-barnas-stasjon-fredrikstad\"  class=\"t2-post-title wp-block-t2-post-title\" >Bl\u00e5 Kors barnas stasjon Fredrikstad<\/h2>\n\t<div class=\"wp-block-post-date__modified-date wp-block-post-date\"><time datetime=\"2026-04-10T14:09:46+02:00\">10. april 2026<\/time><\/div>\n\t\t\t<div class=\"single-meta t2-post-excerpt card-description wp-block-blakors-meta-display\"><\/div>\n\t\n<\/div>\n\n<\/a>\n<\/div>\n\n<div class=\"t2-featured-single-post t2-featured-content is-post-type-page wp-block-t2-featured-single-post\" role=\"listitem\"><a class=\"t2-post-link wp-block-t2-post-link\" href=\"https:\/\/www.blakors.no\/barnas-stasjon\/hamar\/\">\n<figure style=\"--t2-focal-point: 50% 50%;\" class=\"t2-post-featured-image has-image-ratio-16-9 wp-block-t2-post-featured-image\"><img loading=\"lazy\" decoding=\"async\" width=\"1500\" height=\"2000\" src=\"https:\/\/www.blakors.no\/content\/uploads\/sites\/9\/2024\/10\/Inngang-hage.jpg\" class=\"attachment-post-thumbnail size-post-thumbnail wp-post-image\" alt=\"inngang fra hagesiden\" srcset=\"https:\/\/www.blakors.no\/content\/uploads\/sites\/9\/2024\/10\/Inngang-hage.jpg 1500w, https:\/\/www.blakors.no\/content\/uploads\/sites\/9\/2024\/10\/Inngang-hage-225x300.jpg 225w, https:\/\/www.blakors.no\/content\/uploads\/sites\/9\/2024\/10\/Inngang-hage-768x1024.jpg 768w, https:\/\/www.blakors.no\/content\/uploads\/sites\/9\/2024\/10\/Inngang-hage-1152x1536.jpg 1152w, https:\/\/www.blakors.no\/content\/uploads\/sites\/9\/2024\/10\/Inngang-hage-1080x1440.jpg 1080w\" sizes=\"auto, (min-width: 782px) 768px, 100vw\" \/><\/figure>\n\n<div class=\"wp-block-group alignfull is-layout-flow wp-block-group-is-layout-flow\">\n\t<h2 id=\"bla-kors-barnas-stasjon-hamar\"  class=\"t2-post-title wp-block-t2-post-title\" >Bl\u00e5 Kors barnas stasjon Hamar<\/h2>\n\t<div class=\"wp-block-post-date__modified-date wp-block-post-date\"><time datetime=\"2026-02-25T13:38:07+01:00\">25. februar 2026<\/time><\/div>\n\t\t\t<div class=\"single-meta t2-post-excerpt card-description wp-block-blakors-meta-display\"><\/div>\n\t\n<\/div>\n\n<\/a>\n<\/div>\n\n<div class=\"t2-featured-single-post t2-featured-content is-post-type-page wp-block-t2-featured-single-post\" role=\"listitem\"><a class=\"t2-post-link wp-block-t2-post-link\" href=\"https:\/\/www.blakors.no\/barnas-stasjon\/lindesnes\/\">\n<figure style=\"--t2-focal-point: 50% 50%;\" class=\"t2-post-featured-image has-image-ratio-16-9 wp-block-t2-post-featured-image\"><img loading=\"lazy\" decoding=\"async\" width=\"1600\" height=\"1067\" src=\"https:\/\/www.blakors.no\/content\/uploads\/sites\/9\/2020\/11\/Barnas-stasjion-Drammen-sept20-4779-1600px.jpg\" class=\"attachment-post-thumbnail size-post-thumbnail wp-post-image\" alt=\"Foreldre og barn rundt middagsbordet.\" srcset=\"https:\/\/www.blakors.no\/content\/uploads\/sites\/9\/2020\/11\/Barnas-stasjion-Drammen-sept20-4779-1600px.jpg 1600w, https:\/\/www.blakors.no\/content\/uploads\/sites\/9\/2020\/11\/Barnas-stasjion-Drammen-sept20-4779-1600px-300x200.jpg 300w, https:\/\/www.blakors.no\/content\/uploads\/sites\/9\/2020\/11\/Barnas-stasjion-Drammen-sept20-4779-1600px-1024x683.jpg 1024w, https:\/\/www.blakors.no\/content\/uploads\/sites\/9\/2020\/11\/Barnas-stasjion-Drammen-sept20-4779-1600px-768x512.jpg 768w, https:\/\/www.blakors.no\/content\/uploads\/sites\/9\/2020\/11\/Barnas-stasjion-Drammen-sept20-4779-1600px-1536x1024.jpg 1536w\" sizes=\"auto, (min-width: 782px) 768px, 100vw\" \/><\/figure>\n\n<div class=\"wp-block-group alignfull is-layout-flow wp-block-group-is-layout-flow\">\n\t<h2 id=\"bla-kors-barnas-stasjon-lindesnes\"  class=\"t2-post-title wp-block-t2-post-title\" >Bl\u00e5 Kors barnas stasjon Lindesnes<\/h2>\n\t<div class=\"wp-block-post-date__modified-date wp-block-post-date\"><time datetime=\"2026-02-25T13:12:14+01:00\">25. februar 2026<\/time><\/div>\n\t\t\t<div class=\"single-meta t2-post-excerpt card-description wp-block-blakors-meta-display\"><\/div>\n\t\n<\/div>\n\n<\/a>\n<\/div>\n\n<div class=\"t2-featured-single-post t2-featured-content is-post-type-page wp-block-t2-featured-single-post\" role=\"listitem\"><a class=\"t2-post-link wp-block-t2-post-link\" href=\"https:\/\/www.blakors.no\/barnas-stasjon\/kristiansand\/\">\n<figure style=\"--t2-focal-point: 50% 50%;\" class=\"t2-post-featured-image has-image-ratio-16-9 wp-block-t2-post-featured-image\"><img loading=\"lazy\" decoding=\"async\" width=\"1067\" height=\"1334\" src=\"https:\/\/www.blakors.no\/content\/uploads\/sites\/9\/2024\/10\/Inngangsparti-inne.jpg\" class=\"attachment-post-thumbnail size-post-thumbnail wp-post-image\" alt=\"bl\u00e5 kors barnas stasjon kristiansand inngangspart inne\" srcset=\"https:\/\/www.blakors.no\/content\/uploads\/sites\/9\/2024\/10\/Inngangsparti-inne.jpg 1067w, https:\/\/www.blakors.no\/content\/uploads\/sites\/9\/2024\/10\/Inngangsparti-inne-240x300.jpg 240w, https:\/\/www.blakors.no\/content\/uploads\/sites\/9\/2024\/10\/Inngangsparti-inne-819x1024.jpg 819w, https:\/\/www.blakors.no\/content\/uploads\/sites\/9\/2024\/10\/Inngangsparti-inne-768x960.jpg 768w\" sizes=\"auto, (min-width: 782px) 768px, 100vw\" \/><\/figure>\n\n<div class=\"wp-block-group alignfull is-layout-flow wp-block-group-is-layout-flow\">\n\t<h2 id=\"bla-kors-barnas-stasjon-kristiansand\"  class=\"t2-post-title wp-block-t2-post-title\" >Bl\u00e5 Kors barnas stasjon Kristiansand<\/h2>\n\t<div class=\"wp-block-post-date__modified-date wp-block-post-date\"><time datetime=\"2026-02-25T13:08:15+01:00\">25. februar 2026<\/time><\/div>\n\t\t\t<div class=\"single-meta t2-post-excerpt card-description wp-block-blakors-meta-display\"><\/div>\n\t\n<\/div>\n\n<\/a>\n<\/div>\n\n<div class=\"t2-featured-single-post t2-featured-content is-post-type-page wp-block-t2-featured-single-post\" role=\"listitem\"><a class=\"t2-post-link wp-block-t2-post-link\" href=\"https:\/\/www.blakors.no\/barnas-stasjon\/oslo\/\">\n<figure style=\"--t2-focal-point: 50% 50%;\" class=\"t2-post-featured-image has-image-ratio-16-9 wp-block-t2-post-featured-image\"><img loading=\"lazy\" decoding=\"async\" width=\"1170\" height=\"1463\" src=\"https:\/\/www.blakors.no\/content\/uploads\/sites\/9\/2024\/10\/tur.jpg\" class=\"attachment-post-thumbnail size-post-thumbnail wp-post-image\" alt=\"tre rygger med sekk g\u00e5r opp en bakke i skogen.\" srcset=\"https:\/\/www.blakors.no\/content\/uploads\/sites\/9\/2024\/10\/tur.jpg 1170w, https:\/\/www.blakors.no\/content\/uploads\/sites\/9\/2024\/10\/tur-240x300.jpg 240w, https:\/\/www.blakors.no\/content\/uploads\/sites\/9\/2024\/10\/tur-819x1024.jpg 819w, https:\/\/www.blakors.no\/content\/uploads\/sites\/9\/2024\/10\/tur-768x960.jpg 768w, https:\/\/www.blakors.no\/content\/uploads\/sites\/9\/2024\/10\/tur-1152x1440.jpg 1152w\" sizes=\"auto, (min-width: 782px) 768px, 100vw\" \/><\/figure>\n\n<div class=\"wp-block-group alignfull is-layout-flow wp-block-group-is-layout-flow\">\n\t<h2 id=\"bla-kors-barnas-stasjon-oslo\"  class=\"t2-post-title wp-block-t2-post-title\" >Bl\u00e5 Kors barnas stasjon Oslo<\/h2>\n\t<div class=\"wp-block-post-date__modified-date wp-block-post-date\"><time datetime=\"2026-02-25T13:42:41+01:00\">25. februar 2026<\/time><\/div>\n\t\t\t<div class=\"single-meta t2-post-excerpt card-description wp-block-blakors-meta-display\"><\/div>\n\t\n<\/div>\n\n<\/a>\n<\/div>\n\n<div class=\"t2-featured-single-post t2-featured-content is-post-type-page wp-block-t2-featured-single-post\" role=\"listitem\"><a class=\"t2-post-link wp-block-t2-post-link\" href=\"https:\/\/www.blakors.no\/barnas-stasjon\/lister\/\">\n<figure style=\"--t2-focal-point: 50% 50%;\" class=\"t2-post-featured-image has-image-ratio-16-9 wp-block-t2-post-featured-image\"><img loading=\"lazy\" decoding=\"async\" width=\"1600\" height=\"1067\" src=\"https:\/\/www.blakors.no\/content\/uploads\/sites\/9\/2020\/11\/Barnas-Stasjon-Drammen-sept20-4029-1600px.jpg\" class=\"attachment-post-thumbnail size-post-thumbnail wp-post-image\" alt=\"Barn og voksne sitter med spill ved bordet.\" srcset=\"https:\/\/www.blakors.no\/content\/uploads\/sites\/9\/2020\/11\/Barnas-Stasjon-Drammen-sept20-4029-1600px.jpg 1600w, https:\/\/www.blakors.no\/content\/uploads\/sites\/9\/2020\/11\/Barnas-Stasjon-Drammen-sept20-4029-1600px-300x200.jpg 300w, https:\/\/www.blakors.no\/content\/uploads\/sites\/9\/2020\/11\/Barnas-Stasjon-Drammen-sept20-4029-1600px-1024x683.jpg 1024w, https:\/\/www.blakors.no\/content\/uploads\/sites\/9\/2020\/11\/Barnas-Stasjon-Drammen-sept20-4029-1600px-768x512.jpg 768w, https:\/\/www.blakors.no\/content\/uploads\/sites\/9\/2020\/11\/Barnas-Stasjon-Drammen-sept20-4029-1600px-1536x1024.jpg 1536w\" sizes=\"auto, (min-width: 782px) 768px, 100vw\" \/><\/figure>\n\n<div class=\"wp-block-group alignfull is-layout-flow wp-block-group-is-layout-flow\">\n\t<h2 id=\"bla-kors-barnas-stasjon-lister\"  class=\"t2-post-title wp-block-t2-post-title\" >Bl\u00e5 Kors barnas stasjon Lister<\/h2>\n\t<div class=\"wp-block-post-date__modified-date wp-block-post-date\"><time datetime=\"2026-02-25T13:19:07+01:00\">25. februar 2026<\/time><\/div>\n\t\t\t<div class=\"single-meta t2-post-excerpt card-description wp-block-blakors-meta-display\"><\/div>\n\t\n<\/div>\n\n<\/a>\n<\/div>\n\n<div class=\"t2-featured-single-post t2-featured-content is-post-type-page wp-block-t2-featured-single-post\" role=\"listitem\"><a class=\"t2-post-link wp-block-t2-post-link\" href=\"https:\/\/www.blakors.no\/barnas-stasjon\/skien\/\">\n<figure style=\"--t2-focal-point: 50% 50%;\" class=\"t2-post-featured-image has-image-ratio-16-9 wp-block-t2-post-featured-image\"><img loading=\"lazy\" decoding=\"async\" width=\"2048\" height=\"1387\" src=\"https:\/\/www.blakors.no\/content\/uploads\/sites\/9\/2023\/04\/Far-og-datter-husker-scaled.jpg\" class=\"attachment-post-thumbnail size-post-thumbnail wp-post-image\" alt=\"far og datter husker klinikk skien\" srcset=\"https:\/\/www.blakors.no\/content\/uploads\/sites\/9\/2023\/04\/Far-og-datter-husker-scaled.jpg 2048w, https:\/\/www.blakors.no\/content\/uploads\/sites\/9\/2023\/04\/Far-og-datter-husker-300x203.jpg 300w, https:\/\/www.blakors.no\/content\/uploads\/sites\/9\/2023\/04\/Far-og-datter-husker-1024x694.jpg 1024w, https:\/\/www.blakors.no\/content\/uploads\/sites\/9\/2023\/04\/Far-og-datter-husker-768x520.jpg 768w, https:\/\/www.blakors.no\/content\/uploads\/sites\/9\/2023\/04\/Far-og-datter-husker-1536x1040.jpg 1536w\" sizes=\"auto, (min-width: 782px) 768px, 100vw\" \/><\/figure>\n\n<div class=\"wp-block-group alignfull is-layout-flow wp-block-group-is-layout-flow\">\n\t<h2 id=\"bla-kors-barnas-stasjon-skien\"  class=\"t2-post-title wp-block-t2-post-title\" >Bl\u00e5 Kors barnas stasjon Skien<\/h2>\n\t<div class=\"wp-block-post-date__modified-date wp-block-post-date\"><time datetime=\"2026-03-05T09:48:28+01:00\">5. mars 2026<\/time><\/div>\n\t\t\t<div class=\"single-meta t2-post-excerpt card-description wp-block-blakors-meta-display\"><\/div>\n\t\n<\/div>\n\n<\/a>\n<\/div>\n<\/div><\/div>\n","protected":false},"excerpt":{"rendered":"<p>Avdelinger<\/p>\n","protected":false},"author":5,"featured_media":0,"parent":0,"menu_order":0,"comment_status":"closed","ping_status":"closed","template":"","meta":{"_acf_changed":false,"_relevanssi_hide_post":"","_relevanssi_hide_content":"","_relevanssi_pin_for_all":"","_relevanssi_pin_keywords":"","_relevanssi_unpin_keywords":"","_relevanssi_related_keywords":"","_relevanssi_related_include_ids":"","_relevanssi_related_exclude_ids":"","_relevanssi_related_no_append":"","_relevanssi_related_not_related":"","_relevanssi_related_posts":"1355,1361,1,1361,1355","_relevanssi_noindex_reason":"","_custom_cards_description":"","footnotes":""},"class_list":["post-26","page","type-page","status-publish","hentry"],"acf":[],"_links":{"self":[{"href":"https:\/\/www.blakors.no\/barnas-stasjon\/wp-json\/wp\/v2\/pages\/26","targetHints":{"allow":["GET"]}}],"collection":[{"href":"https:\/\/www.blakors.no\/barnas-stasjon\/wp-json\/wp\/v2\/pages"}],"about":[{"href":"https:\/\/www.blakors.no\/barnas-stasjon\/wp-json\/wp\/v2\/types\/page"}],"author":[{"embeddable":true,"href":"https:\/\/www.blakors.no\/barnas-stasjon\/wp-json\/wp\/v2\/users\/5"}],"replies":[{"embeddable":true,"href":"https:\/\/www.blakors.no\/barnas-stasjon\/wp-json\/wp\/v2\/comments?post=26"}],"version-history":[{"count":5,"href":"https:\/\/www.blakors.no\/barnas-stasjon\/wp-json\/wp\/v2\/pages\/26\/revisions"}],"predecessor-version":[{"id":3993,"href":"https:\/\/www.blakors.no\/barnas-stasjon\/wp-json\/wp\/v2\/pages\/26\/revisions\/3993"}],"wp:attachment":[{"href":"https:\/\/www.blakors.no\/barnas-stasjon\/wp-json\/wp\/v2\/media?parent=26"}],"curies":[{"name":"wp","href":"https:\/\/api.w.org\/{rel}","templated":true}]}}