{"id":193,"date":"2022-06-23T13:55:58","date_gmt":"2022-06-23T11:55:58","guid":{"rendered":"https:\/\/www.blakors.no\/barnevern-malvik\/?page_id=193"},"modified":"2026-01-30T14:17:37","modified_gmt":"2026-01-30T13:17:37","slug":"for-deg-som-skal-bo-pa-aglo","status":"publish","type":"page","link":"https:\/\/www.blakors.no\/barnevern\/for-deg-som-skal-bo-pa-aglo\/","title":{"rendered":"For deg som skal bo p\u00e5 Aglo"},"content":{"rendered":"\n<div class=\"wp-block-lib-header alignfull hide\"><div class=\"header-innercontent\"><\/div><\/div>\n\n\n<h2 id=\"ofte-stilte-sporsmal\"  >Ofte stilte sp\u00f8rsm\u00e5l<\/h2><div class=\"t2-accordion wp-block-t2-accordion\" data-allow-multiple=\"1\" role=\"list\"><div class=\"t2-accordion-item wp-block-t2-accordion-item\" role=\"listitem\">\n\t\t\t<h3 class=\"t2-accordion-title\">\n\t\t\t\t<button type=\"button\" class=\"t2-accordion-trigger\" id=\"hvordan-bor-jeg?\" aria-controls=\"accordion-panel\" aria-expanded=\"false\">\n\t\t\t\t\tHvordan bor jeg?\n\t\t\t\t\t<span class=\"t2-accordion-icon is-closed-icon\"><svg xmlns=\"http:\/\/www.w3.org\/2000\/svg\" viewBox=\"0 0 24 24\" height=\"24\" width=\"24\" class=\"t2-icon t2-icon-chevrondown\" aria-hidden=\"true\" focusable=\"false\"><path d=\"M12 14.9c-.1 0-.3 0-.4-.1-.1 0-.2-.1-.3-.2L6.7 10c-.2-.1-.3-.4-.3-.6 0-.3.1-.5.3-.7.2-.2.4-.3.7-.3s.5.1.7.3l3.9 3.9 3.9-3.9c.2-.2.4-.3.7-.3.3 0 .5.1.7.3.2.2.3.4.3.7s-.1.5-.3.7l-4.6 4.6c-.1.1-.2.2-.3.2H12z\" fill=\"currentColor\" \/><\/svg><\/span>\n\t\t\t\t\t<span class=\"t2-accordion-icon is-open-icon\"><svg xmlns=\"http:\/\/www.w3.org\/2000\/svg\" viewBox=\"0 0 24 24\" height=\"24\" width=\"24\" class=\"t2-icon t2-icon-chevronup\" aria-hidden=\"true\" focusable=\"false\"><path d=\"M6.7 14.7c-.2-.2-.3-.4-.3-.7s.1-.5.3-.7l4.6-4.6c.1-.1.2-.2.3-.2.1 0 .2-.1.4-.1.1 0 .3 0 .4.1.1 0 .2.1.3.2l4.6 4.6c.2.2.3.4.3.7s-.1.5-.3.7c-.2.2-.4.3-.7.3s-.5-.1-.7-.3L12 10.8l-3.9 3.9c-.2.2-.4.3-.7.3s-.5-.1-.7-.3z\" fill=\"currentColor\" \/><\/svg><\/span>\n\t\t\t\t<\/button>\n\t\t\t<\/h3>\n\t\t\t<div class=\"t2-accordion-item__inner-container is-layout-flow\" id=\"accordion-panel\" aria-labelledby=\"hvordan-bor-jeg?\" role=\"region\" hidden>\n\t\t\t\t\n\t\t\t\t<p>Vi har plass til 10 familier. Hovedhuset best\u00e5r av 5 mindre leiligheter med soverom, stue og minikj\u00f8kken. Utenfor hovedhuset har vi 4 leiligheter med ulik st\u00f8rrelse. Disse leilighetene er for familier med litt st\u00f8rre barn, og gjerne n\u00e5r det er flere barn i familien. Vi har ogs\u00e5 en enebolig som brukes<\/p>\n\n\t\t\t\n\t\t\t<\/div>\n\t\t<\/div><div class=\"t2-accordion-item wp-block-t2-accordion-item\" role=\"listitem\">\n\t\t\t<h3 class=\"t2-accordion-title\">\n\t\t\t\t<button type=\"button\" class=\"t2-accordion-trigger\" id=\"hva-kan-du-ta-med-deg?\" aria-controls=\"accordion-panel-1\" aria-expanded=\"false\">\n\t\t\t\t\tHva kan du ta med deg?\n\t\t\t\t\t<span class=\"t2-accordion-icon is-closed-icon\"><svg xmlns=\"http:\/\/www.w3.org\/2000\/svg\" viewBox=\"0 0 24 24\" height=\"24\" width=\"24\" class=\"t2-icon t2-icon-chevrondown\" aria-hidden=\"true\" focusable=\"false\"><path d=\"M12 14.9c-.1 0-.3 0-.4-.1-.1 0-.2-.1-.3-.2L6.7 10c-.2-.1-.3-.4-.3-.6 0-.3.1-.5.3-.7.2-.2.4-.3.7-.3s.5.1.7.3l3.9 3.9 3.9-3.9c.2-.2.4-.3.7-.3.3 0 .5.1.7.3.2.2.3.4.3.7s-.1.5-.3.7l-4.6 4.6c-.1.1-.2.2-.3.2H12z\" fill=\"currentColor\" \/><\/svg><\/span>\n\t\t\t\t\t<span class=\"t2-accordion-icon is-open-icon\"><svg xmlns=\"http:\/\/www.w3.org\/2000\/svg\" viewBox=\"0 0 24 24\" height=\"24\" width=\"24\" class=\"t2-icon t2-icon-chevronup\" aria-hidden=\"true\" focusable=\"false\"><path d=\"M6.7 14.7c-.2-.2-.3-.4-.3-.7s.1-.5.3-.7l4.6-4.6c.1-.1.2-.2.3-.2.1 0 .2-.1.4-.1.1 0 .3 0 .4.1.1 0 .2.1.3.2l4.6 4.6c.2.2.3.4.3.7s-.1.5-.3.7c-.2.2-.4.3-.7.3s-.5-.1-.7-.3L12 10.8l-3.9 3.9c-.2.2-.4.3-.7.3s-.5-.1-.7-.3z\" fill=\"currentColor\" \/><\/svg><\/span>\n\t\t\t\t<\/button>\n\t\t\t<\/h3>\n\t\t\t<div class=\"t2-accordion-item__inner-container is-layout-flow\" id=\"accordion-panel-1\" aria-labelledby=\"hva-kan-du-ta-med-deg?\" role=\"region\" hidden>\n\t\t\t\t\n\t\t\t\t<p>Familien m\u00e5 ta med eget bilsete og vogn til barnet. Alt annet utstyr vil v\u00e6re p\u00e5 leiligheten, men familien m\u00e5 selv s\u00f8rge for kl\u00e6r, toalettsaker og eventuelt bleier. Selv om det er leker p\u00e5 familiesenteret, er det kjekt \u00e5 kunne ta med leker som er kjent for barnet.<\/p>\n<p>For de som har skolebarn m\u00e5 man ta med seg kl\u00e6r og utstyr barnet\/ barna trenger mens de bor her. Det er ogs\u00e5 fint om de har egne sykler (sommer\/ h\u00f8st\/ v\u00e5r) og skiutstyr (vinter).<\/p>\n<p>N\u00e5r familien har f\u00e5tt plass, har familiesenteret ogs\u00e5 en liste over hva som er nyttig \u00e5 ha med seg.<\/p>\n\n\t\t\t\n\t\t\t<\/div>\n\t\t<\/div><div class=\"t2-accordion-item wp-block-t2-accordion-item\" role=\"listitem\">\n\t\t\t<h3 class=\"t2-accordion-title\">\n\t\t\t\t<button type=\"button\" class=\"t2-accordion-trigger\" id=\"oppstartsm\u00f8te\" aria-controls=\"accordion-panel-2\" aria-expanded=\"false\">\n\t\t\t\t\tOppstartsm\u00f8te\n\t\t\t\t\t<span class=\"t2-accordion-icon is-closed-icon\"><svg xmlns=\"http:\/\/www.w3.org\/2000\/svg\" viewBox=\"0 0 24 24\" height=\"24\" width=\"24\" class=\"t2-icon t2-icon-chevrondown\" aria-hidden=\"true\" focusable=\"false\"><path d=\"M12 14.9c-.1 0-.3 0-.4-.1-.1 0-.2-.1-.3-.2L6.7 10c-.2-.1-.3-.4-.3-.6 0-.3.1-.5.3-.7.2-.2.4-.3.7-.3s.5.1.7.3l3.9 3.9 3.9-3.9c.2-.2.4-.3.7-.3.3 0 .5.1.7.3.2.2.3.4.3.7s-.1.5-.3.7l-4.6 4.6c-.1.1-.2.2-.3.2H12z\" fill=\"currentColor\" \/><\/svg><\/span>\n\t\t\t\t\t<span class=\"t2-accordion-icon is-open-icon\"><svg xmlns=\"http:\/\/www.w3.org\/2000\/svg\" viewBox=\"0 0 24 24\" height=\"24\" width=\"24\" class=\"t2-icon t2-icon-chevronup\" aria-hidden=\"true\" focusable=\"false\"><path d=\"M6.7 14.7c-.2-.2-.3-.4-.3-.7s.1-.5.3-.7l4.6-4.6c.1-.1.2-.2.3-.2.1 0 .2-.1.4-.1.1 0 .3 0 .4.1.1 0 .2.1.3.2l4.6 4.6c.2.2.3.4.3.7s-.1.5-.3.7c-.2.2-.4.3-.7.3s-.5-.1-.7-.3L12 10.8l-3.9 3.9c-.2.2-.4.3-.7.3s-.5-.1-.7-.3z\" fill=\"currentColor\" \/><\/svg><\/span>\n\t\t\t\t<\/button>\n\t\t\t<\/h3>\n\t\t\t<div class=\"t2-accordion-item__inner-container is-layout-flow\" id=\"accordion-panel-2\" aria-labelledby=\"oppstartsm\u00f8te\" role=\"region\" hidden>\n\t\t\t\t\n\t\t\t\t<p>Oppholdet hos oss starter med et oppstartsm\u00f8te med Aglo, foreldrene, barneverntjenesten og eventuelt Bufetat. Vedtak og tiltaksplan gjennomg\u00e5s av kommunen, og det lages en samarbeidsavtale med senteret. Foreldrene f\u00e5r informasjon om senteret<\/p>\n<p>For barn i skolealder (og ogs\u00e5 yngre der det vurderes hensiktsmessig), vil det v\u00e6re et eget oppstartsm\u00f8te der foreldrene deltar sammen med barnet\/ barna. Her f\u00e5r barna informasjon om oppholdet, samt mulighet til \u00e5 stille sp\u00f8rsm\u00e5l, ut fra modenhet og alder. Dette m\u00f8tet planlegges sammen med foreldrene. M\u00f8tet foreg\u00e5r noen dager etter innflytting<\/p>\n\n\t\t\t\n\t\t\t<\/div>\n\t\t<\/div><div class=\"t2-accordion-item wp-block-t2-accordion-item\" role=\"listitem\">\n\t\t\t<h3 class=\"t2-accordion-title\">\n\t\t\t\t<button type=\"button\" class=\"t2-accordion-trigger\" id=\"familiens-nettverk\" aria-controls=\"accordion-panel-3\" aria-expanded=\"false\">\n\t\t\t\t\tFamiliens nettverk\n\t\t\t\t\t<span class=\"t2-accordion-icon is-closed-icon\"><svg xmlns=\"http:\/\/www.w3.org\/2000\/svg\" viewBox=\"0 0 24 24\" height=\"24\" width=\"24\" class=\"t2-icon t2-icon-chevrondown\" aria-hidden=\"true\" focusable=\"false\"><path d=\"M12 14.9c-.1 0-.3 0-.4-.1-.1 0-.2-.1-.3-.2L6.7 10c-.2-.1-.3-.4-.3-.6 0-.3.1-.5.3-.7.2-.2.4-.3.7-.3s.5.1.7.3l3.9 3.9 3.9-3.9c.2-.2.4-.3.7-.3.3 0 .5.1.7.3.2.2.3.4.3.7s-.1.5-.3.7l-4.6 4.6c-.1.1-.2.2-.3.2H12z\" fill=\"currentColor\" \/><\/svg><\/span>\n\t\t\t\t\t<span class=\"t2-accordion-icon is-open-icon\"><svg xmlns=\"http:\/\/www.w3.org\/2000\/svg\" viewBox=\"0 0 24 24\" height=\"24\" width=\"24\" class=\"t2-icon t2-icon-chevronup\" aria-hidden=\"true\" focusable=\"false\"><path d=\"M6.7 14.7c-.2-.2-.3-.4-.3-.7s.1-.5.3-.7l4.6-4.6c.1-.1.2-.2.3-.2.1 0 .2-.1.4-.1.1 0 .3 0 .4.1.1 0 .2.1.3.2l4.6 4.6c.2.2.3.4.3.7s-.1.5-.3.7c-.2.2-.4.3-.7.3s-.5-.1-.7-.3L12 10.8l-3.9 3.9c-.2.2-.4.3-.7.3s-.5-.1-.7-.3z\" fill=\"currentColor\" \/><\/svg><\/span>\n\t\t\t\t<\/button>\n\t\t\t<\/h3>\n\t\t\t<div class=\"t2-accordion-item__inner-container is-layout-flow\" id=\"accordion-panel-3\" aria-labelledby=\"familiens-nettverk\" role=\"region\" hidden>\n\t\t\t\t\n\t\t\t\t<p>Hvis det er hensiktsmessig og \u00f8nskelig, s\u00e5 kan vi bist\u00e5 i \u00e5 kartlegge familiens nettverk og ressurser som finnes rundt familien<\/p>\n\n\t\t\t\n\t\t\t<\/div>\n\t\t<\/div><div class=\"t2-accordion-item wp-block-t2-accordion-item\" role=\"listitem\">\n\t\t\t<h3 class=\"t2-accordion-title\">\n\t\t\t\t<button type=\"button\" class=\"t2-accordion-trigger\" id=\"ukeplan\" aria-controls=\"accordion-panel-4\" aria-expanded=\"false\">\n\t\t\t\t\tUkeplan\n\t\t\t\t\t<span class=\"t2-accordion-icon is-closed-icon\"><svg xmlns=\"http:\/\/www.w3.org\/2000\/svg\" viewBox=\"0 0 24 24\" height=\"24\" width=\"24\" class=\"t2-icon t2-icon-chevrondown\" aria-hidden=\"true\" focusable=\"false\"><path d=\"M12 14.9c-.1 0-.3 0-.4-.1-.1 0-.2-.1-.3-.2L6.7 10c-.2-.1-.3-.4-.3-.6 0-.3.1-.5.3-.7.2-.2.4-.3.7-.3s.5.1.7.3l3.9 3.9 3.9-3.9c.2-.2.4-.3.7-.3.3 0 .5.1.7.3.2.2.3.4.3.7s-.1.5-.3.7l-4.6 4.6c-.1.1-.2.2-.3.2H12z\" fill=\"currentColor\" \/><\/svg><\/span>\n\t\t\t\t\t<span class=\"t2-accordion-icon is-open-icon\"><svg xmlns=\"http:\/\/www.w3.org\/2000\/svg\" viewBox=\"0 0 24 24\" height=\"24\" width=\"24\" class=\"t2-icon t2-icon-chevronup\" aria-hidden=\"true\" focusable=\"false\"><path d=\"M6.7 14.7c-.2-.2-.3-.4-.3-.7s.1-.5.3-.7l4.6-4.6c.1-.1.2-.2.3-.2.1 0 .2-.1.4-.1.1 0 .3 0 .4.1.1 0 .2.1.3.2l4.6 4.6c.2.2.3.4.3.7s-.1.5-.3.7c-.2.2-.4.3-.7.3s-.5-.1-.7-.3L12 10.8l-3.9 3.9c-.2.2-.4.3-.7.3s-.5-.1-.7-.3z\" fill=\"currentColor\" \/><\/svg><\/span>\n\t\t\t\t<\/button>\n\t\t\t<\/h3>\n\t\t\t<div class=\"t2-accordion-item__inner-container is-layout-flow\" id=\"accordion-panel-4\" aria-labelledby=\"ukeplan\" role=\"region\" hidden>\n\t\t\t\t\n\t\t\t\t<p>Hver familie som bor ved senteret f\u00e5r en egen ukeplan som viser en oversikt over alle aktiviteter, m\u00f8ter, samtaler og fellesaktiviteter som skal foreg\u00e5 gjennom uken. Hver familie har egne individuelle avtaler, og i tillegg kommer felles morgensamlinger, fellesm\u00e5ltider, aktiviteter, fellesaktivitet og vask av hus.<\/p>\n\n\t\t\t\n\t\t\t<\/div>\n\t\t<\/div><div class=\"t2-accordion-item wp-block-t2-accordion-item\" role=\"listitem\">\n\t\t\t<h3 class=\"t2-accordion-title\">\n\t\t\t\t<button type=\"button\" class=\"t2-accordion-trigger\" id=\"bes\u00f8k,-hjemreise-og-kontakt\" aria-controls=\"accordion-panel-5\" aria-expanded=\"false\">\n\t\t\t\t\tBes\u00f8k, hjemreise og kontakt\n\t\t\t\t\t<span class=\"t2-accordion-icon is-closed-icon\"><svg xmlns=\"http:\/\/www.w3.org\/2000\/svg\" viewBox=\"0 0 24 24\" height=\"24\" width=\"24\" class=\"t2-icon t2-icon-chevrondown\" aria-hidden=\"true\" focusable=\"false\"><path d=\"M12 14.9c-.1 0-.3 0-.4-.1-.1 0-.2-.1-.3-.2L6.7 10c-.2-.1-.3-.4-.3-.6 0-.3.1-.5.3-.7.2-.2.4-.3.7-.3s.5.1.7.3l3.9 3.9 3.9-3.9c.2-.2.4-.3.7-.3.3 0 .5.1.7.3.2.2.3.4.3.7s-.1.5-.3.7l-4.6 4.6c-.1.1-.2.2-.3.2H12z\" fill=\"currentColor\" \/><\/svg><\/span>\n\t\t\t\t\t<span class=\"t2-accordion-icon is-open-icon\"><svg xmlns=\"http:\/\/www.w3.org\/2000\/svg\" viewBox=\"0 0 24 24\" height=\"24\" width=\"24\" class=\"t2-icon t2-icon-chevronup\" aria-hidden=\"true\" focusable=\"false\"><path d=\"M6.7 14.7c-.2-.2-.3-.4-.3-.7s.1-.5.3-.7l4.6-4.6c.1-.1.2-.2.3-.2.1 0 .2-.1.4-.1.1 0 .3 0 .4.1.1 0 .2.1.3.2l4.6 4.6c.2.2.3.4.3.7s-.1.5-.3.7c-.2.2-.4.3-.7.3s-.5-.1-.7-.3L12 10.8l-3.9 3.9c-.2.2-.4.3-.7.3s-.5-.1-.7-.3z\" fill=\"currentColor\" \/><\/svg><\/span>\n\t\t\t\t<\/button>\n\t\t\t<\/h3>\n\t\t\t<div class=\"t2-accordion-item__inner-container is-layout-flow\" id=\"accordion-panel-5\" aria-labelledby=\"bes\u00f8k,-hjemreise-og-kontakt\" role=\"region\" hidden>\n\t\t\t\t\n\t\t\t\t<p>Vi \u00f8nsker at familiene som bor her skal ha mulighet til \u00e5 holde kontakt med familie og nettverk under oppholdet s\u00e5fremt familien selv \u00f8nsker dette. Vi har gode muligheter for \u00e5 ta i mot bes\u00f8k i utearealer eller familiens egne leilighet.<\/p>\n<p>For familier som til vanlig bor i en annen kommune kan vi legge til rette for bes\u00f8k av familie og venner. Det er mulighet for \u00e5 s\u00f8ke om permisjon. Vi legger til rette oppholdet slik at dere kan fortsette \u00e5 delta p\u00e5 disse s\u00e5 langt det er mulig.<\/p>\n\n\t\t\t\n\t\t\t<\/div>\n\t\t<\/div><div class=\"t2-accordion-item wp-block-t2-accordion-item\" role=\"listitem\">\n\t\t\t<h3 class=\"t2-accordion-title\">\n\t\t\t\t<button type=\"button\" class=\"t2-accordion-trigger\" id=\"tilsyn\" aria-controls=\"accordion-panel-6\" aria-expanded=\"false\">\n\t\t\t\t\tTilsyn\n\t\t\t\t\t<span class=\"t2-accordion-icon is-closed-icon\"><svg xmlns=\"http:\/\/www.w3.org\/2000\/svg\" viewBox=\"0 0 24 24\" height=\"24\" width=\"24\" class=\"t2-icon t2-icon-chevrondown\" aria-hidden=\"true\" focusable=\"false\"><path d=\"M12 14.9c-.1 0-.3 0-.4-.1-.1 0-.2-.1-.3-.2L6.7 10c-.2-.1-.3-.4-.3-.6 0-.3.1-.5.3-.7.2-.2.4-.3.7-.3s.5.1.7.3l3.9 3.9 3.9-3.9c.2-.2.4-.3.7-.3.3 0 .5.1.7.3.2.2.3.4.3.7s-.1.5-.3.7l-4.6 4.6c-.1.1-.2.2-.3.2H12z\" fill=\"currentColor\" \/><\/svg><\/span>\n\t\t\t\t\t<span class=\"t2-accordion-icon is-open-icon\"><svg xmlns=\"http:\/\/www.w3.org\/2000\/svg\" viewBox=\"0 0 24 24\" height=\"24\" width=\"24\" class=\"t2-icon t2-icon-chevronup\" aria-hidden=\"true\" focusable=\"false\"><path d=\"M6.7 14.7c-.2-.2-.3-.4-.3-.7s.1-.5.3-.7l4.6-4.6c.1-.1.2-.2.3-.2.1 0 .2-.1.4-.1.1 0 .3 0 .4.1.1 0 .2.1.3.2l4.6 4.6c.2.2.3.4.3.7s-.1.5-.3.7c-.2.2-.4.3-.7.3s-.5-.1-.7-.3L12 10.8l-3.9 3.9c-.2.2-.4.3-.7.3s-.5-.1-.7-.3z\" fill=\"currentColor\" \/><\/svg><\/span>\n\t\t\t\t<\/button>\n\t\t\t<\/h3>\n\t\t\t<div class=\"t2-accordion-item__inner-container is-layout-flow\" id=\"accordion-panel-6\" aria-labelledby=\"tilsyn\" role=\"region\" hidden>\n\t\t\t\t\n\t\t\t\t<p><a href=\"https:\/\/www.fylkesmannen.no\/Trondelag\/\" target=\"_blank\" rel=\"noopener\">Fylkesmannen i Tr\u00f8ndelag<\/a>\u00a0skal passe p\u00e5 at lover og regler blir fulgt, og at alle som bor p\u00e5 senteret f\u00e5r et godt og forsvarlig tilbud.\u00a0 Dette kalles tilsyn. Fylkesmannen skal f\u00f8re tilsyn med senteret s\u00e5 ofte som forholdene tilsier det, og minimum annen hvert \u00e5r. Dersom du er misforn\u00f8yd med forholdene p\u00e5 senteret, kan du klage til Fylkesmannen. Du kan klage b\u00e5de skriftlig og muntlig.<\/p>\n\n\t\t\t\n\t\t\t<\/div>\n\t\t<\/div><\/div>\n\n\n<p><\/p>\n\n\n\n\n\t<div class=\"custom-block-gallery\" data-pswp-uid=\"69f2dceb090e8\">\n\t\t<ul class=\"gallery\">\n\t\t\t\t\t\t\t<li class=\"gallery-item\" data-pswp-pid=\"0\">\n\t\t\t\t\t<img loading=\"lazy\" decoding=\"async\" src=\"https:\/\/www.blakors.no\/content\/uploads\/sites\/25\/2022\/09\/utegrill-1-768x812.jpg\" alt=\"\" width=\"969\" height=\"1024\" \/>\n\t\t\t\t\t\t\t\t\t<\/li>\n\t\t\t\t\t\t\t\t<li class=\"gallery-item\" data-pswp-pid=\"1\">\n\t\t\t\t\t<img loading=\"lazy\" decoding=\"async\" src=\"https:\/\/www.blakors.no\/content\/uploads\/sites\/25\/2022\/09\/leil3-768x1024.jpg\" alt=\"\" width=\"768\" height=\"1024\" \/>\n\t\t\t\t\t\t\t\t\t<\/li>\n\t\t\t\t\t\t\t\t<li class=\"gallery-item\" data-pswp-pid=\"2\">\n\t\t\t\t\t<img loading=\"lazy\" decoding=\"async\" src=\"https:\/\/www.blakors.no\/content\/uploads\/sites\/25\/2022\/09\/leil8-768x748.jpg\" alt=\"\" width=\"1024\" height=\"998\" \/>\n\t\t\t\t\t\t\t\t\t<\/li>\n\t\t\t\t\t\t\t\t<li class=\"gallery-item\" data-pswp-pid=\"3\">\n\t\t\t\t\t<img loading=\"lazy\" decoding=\"async\" src=\"https:\/\/www.blakors.no\/content\/uploads\/sites\/25\/2022\/09\/bursdag-768x1024.jpg\" alt=\"\" width=\"768\" height=\"1024\" \/>\n\t\t\t\t\t\t\t\t\t<\/li>\n\t\t\t\t\t\t\t\t<li class=\"gallery-item\" data-pswp-pid=\"4\">\n\t\t\t\t\t<img loading=\"lazy\" decoding=\"async\" src=\"https:\/\/www.blakors.no\/content\/uploads\/sites\/25\/2022\/09\/fellsestue-768x1024.jpg\" alt=\"\" width=\"768\" height=\"1024\" \/>\n\t\t\t\t\t\t\t\t\t<\/li>\n\t\t\t\t\t\t\t\t<li class=\"gallery-item\" data-pswp-pid=\"5\">\n\t\t\t\t\t<img loading=\"lazy\" decoding=\"async\" src=\"https:\/\/www.blakors.no\/content\/uploads\/sites\/25\/2022\/09\/samtalerom-1-768x1024.jpg\" alt=\"Rom med tre stoler og et bord i midten. Det ser hyggelig ut.\" width=\"768\" height=\"1024\" \/>\n\t\t\t\t\t\t\t\t\t<\/li>\n\t\t\t\t\t\t\t\t<li class=\"gallery-item\" data-pswp-pid=\"6\">\n\t\t\t\t\t<img loading=\"lazy\" decoding=\"async\" src=\"https:\/\/www.blakors.no\/content\/uploads\/sites\/25\/2022\/09\/ute3-768x1024.jpg\" alt=\"\" width=\"768\" height=\"1024\" \/>\n\t\t\t\t\t\t\t\t\t<\/li>\n\t\t\t\t\t\t\t\t<li class=\"gallery-item\" data-pswp-pid=\"7\">\n\t\t\t\t\t<img loading=\"lazy\" decoding=\"async\" src=\"https:\/\/www.blakors.no\/content\/uploads\/sites\/25\/2023\/11\/JY1A0973-768x512.jpg\" alt=\"\" width=\"1024\" height=\"683\" \/>\n\t\t\t\t\t\t\t\t\t<\/li>\n\t\t\t\t\t\t\t\t<li class=\"gallery-item\" data-pswp-pid=\"8\">\n\t\t\t\t\t<img loading=\"lazy\" decoding=\"async\" src=\"https:\/\/www.blakors.no\/content\/uploads\/sites\/25\/2022\/09\/stue10-768x759.jpg\" alt=\"\" width=\"1024\" height=\"1012\" \/>\n\t\t\t\t\t\t\t\t\t<\/li>\n\t\t\t\t\t\t<\/ul>\n\t<\/div>\n\n\n\n<h2 class=\"wp-block-heading\" id=\"h-sagt-om-aglo\">Sagt om Aglo <\/h2>\n\n\n\n<blockquote class=\"wp-block-quote is-layout-flow wp-block-quote-is-layout-flow\">\n<p><em><sub>Dette m\u00e5 v\u00e6re det flotteste tiltaket barnevernet har?<\/sub><\/em><\/p>\n<\/blockquote>\n\n\n\n<blockquote class=\"wp-block-quote is-layout-flow wp-block-quote-is-layout-flow\">\n<p><em><sub>De 6 m\u00e5nedene jeg fikk gjorde sterkt inntrykk p\u00e5 meg. Aglo ga meg en flott start p\u00e5 min rolle som mor. Det \u00e5 ha slik st\u00f8tte rundt seg, mennesker som tror p\u00e5 en og oppmuntrer en. Det har s\u00e5 utrolig mye \u00e5 si. <\/sub><\/em><\/p>\n<\/blockquote>\n\n\n\n<p><\/p>\n\n\n\n<blockquote class=\"wp-block-quote is-layout-flow wp-block-quote-is-layout-flow\">\n<p><sub><em>Jeg hadde ingen omsorgsevne som far. Jeg m\u00e5tte l\u00e6re alt. Ingen skal si at livet p\u00e5 Aglo er rosenr\u00f8dt. Det var hardt arbeid og jeg var fryktelig sint noen ganger. Men det hjalp, og jeg ble sett!<\/em><\/sub><\/p>\n<\/blockquote>\n\n\n\n\n\n\n","protected":false},"excerpt":{"rendered":"<p>Sagt om Aglo Dette m\u00e5 v\u00e6re det flotteste tiltaket barnevernet har? De 6 m\u00e5nedene jeg fikk gjorde sterkt inntrykk p\u00e5 meg. Aglo ga meg en flott start p\u00e5 min rolle som mor. Det \u00e5 ha slik st\u00f8tte rundt seg, mennesker som tror p\u00e5 en og oppmuntrer en. Det har s\u00e5 utrolig mye \u00e5 si. Jeg [&hellip;]<\/p>\n","protected":false},"author":23,"featured_media":0,"parent":0,"menu_order":0,"comment_status":"closed","ping_status":"closed","template":"","meta":{"_acf_changed":false,"_relevanssi_hide_post":"","_relevanssi_hide_content":"","_relevanssi_pin_for_all":"","_relevanssi_pin_keywords":"","_relevanssi_unpin_keywords":"","_relevanssi_related_keywords":"","_relevanssi_related_include_ids":"","_relevanssi_related_exclude_ids":"","_relevanssi_related_no_append":"","_relevanssi_related_not_related":"","_relevanssi_related_posts":"1","_relevanssi_noindex_reason":"","_custom_cards_description":"","footnotes":""},"class_list":["post-193","page","type-page","status-publish","hentry"],"acf":[],"_links":{"self":[{"href":"https:\/\/www.blakors.no\/barnevern\/wp-json\/wp\/v2\/pages\/193","targetHints":{"allow":["GET"]}}],"collection":[{"href":"https:\/\/www.blakors.no\/barnevern\/wp-json\/wp\/v2\/pages"}],"about":[{"href":"https:\/\/www.blakors.no\/barnevern\/wp-json\/wp\/v2\/types\/page"}],"author":[{"embeddable":true,"href":"https:\/\/www.blakors.no\/barnevern\/wp-json\/wp\/v2\/users\/23"}],"replies":[{"embeddable":true,"href":"https:\/\/www.blakors.no\/barnevern\/wp-json\/wp\/v2\/comments?post=193"}],"version-history":[{"count":4,"href":"https:\/\/www.blakors.no\/barnevern\/wp-json\/wp\/v2\/pages\/193\/revisions"}],"predecessor-version":[{"id":1207,"href":"https:\/\/www.blakors.no\/barnevern\/wp-json\/wp\/v2\/pages\/193\/revisions\/1207"}],"wp:attachment":[{"href":"https:\/\/www.blakors.no\/barnevern\/wp-json\/wp\/v2\/media?parent=193"}],"curies":[{"name":"wp","href":"https:\/\/api.w.org\/{rel}","templated":true}]}}