{"id":2,"date":"2024-12-04T11:37:57","date_gmt":"2024-12-04T10:37:57","guid":{"rendered":"https:\/\/www.blakors.no\/bryne\/?page_id=2"},"modified":"2025-04-14T10:36:51","modified_gmt":"2025-04-14T08:36:51","slug":"testside","status":"publish","type":"page","link":"https:\/\/www.blakors.no\/bryne\/","title":{"rendered":"Bl\u00e5 Kors Bryne"},"content":{"rendered":"\n\t<div style=\"--t2-hero-dim:0;\" class=\"t2-hero t2-hero-content-position-center-left t2-hero-has-dim-0 alignfull wp-block-t2-hero has-background has-lila-light-background-color\">\n\t\t\n\t\t<div class=\"t2-hero__header\"><div class=\"t2-hero__header__content\">\n\n<h1 id=\"bla-kors-bryne\"  class=\"wp-block-heading\" >Bl\u00e5 Kors Bryne<\/h1>\n\n\n\n<p>Bl\u00e5 Kors Bryne er en frivillig, ideell og diakonal forening i Bl\u00e5 Kors Norge. Vi ble startet i 2019 og har siden da jobbet for \u00e5 m\u00f8te n\u00e6rmilj\u00f8ets behov med diakonale tiltak. Gjennom visjonen v\u00e5r;<\/p>\n\n\n\n<p>&laquo;Med hjerte, kunnskap og kraft skaper Bl\u00e5 Kors muligheter for mestring og mening&raquo;<\/p>\n\n\n\n<p>\u00f8nsker vi \u00e5 v\u00e6re en brobygger mellom frivilligheten og det offentlige. Vi \u00f8nsker \u00e5 m\u00f8te alle mennesker med medmenneskelighet, verdighet, og kvalitet.<\/p>\n\n<\/div><\/div>\n\t<\/div>\n\n\n<h2 id=\"vare-tilbud\"  class=\"wp-block-heading\" >V\u00e5re tilbud<\/h2>\n\n\n<ul class=\"t2-link-list has-6-items has-auto-columns alignwide wp-block-t2-link-list\">\n\t<li class=\"has-background has-green-light-background-color t2-link-list-item wp-block-t2-link-list-item\">\n\t\t<a\n\t\t\thref=\"https:\/\/www.blakors.no\/bryne\/lyspunkt\/\"\n\t\t\tclass=\"t2-link-list-item__link t2-link-list__icon--right\"\n\t\t\t\t\t>\n\t\t\t<span class=\"t2-link-list-item__icon\"><span class=\"t2-link-list-item__icon-box\"><\/span><svg xmlns=\"http:\/\/www.w3.org\/2000\/svg\" viewBox=\"0 0 24 24\" height=\"24\" width=\"24\" class=\"t2-icon t2-icon-arrowforward\" aria-hidden=\"true\" focusable=\"false\"><path d=\"M11.3 19.3c-.2-.2-.3-.4-.3-.7 0-.3.1-.5.3-.7l4.9-4.9H5c-.3 0-.5-.1-.7-.3-.2-.2-.3-.4-.3-.7s.1-.5.3-.7c.2-.2.4-.3.7-.3h11.2l-4.9-4.9c-.2-.2-.3-.4-.3-.7 0-.3.1-.5.3-.7.2-.2.4-.3.7-.3s.5.1.7.3l6.6 6.6c.1.1.2.2.2.3 0 .1.1.3.1.4 0 .1 0 .3-.1.4 0 .1-.1.2-.2.3l-6.6 6.6c-.2.2-.4.3-.7.3s-.5-.1-.7-.3z\" fill=\"currentColor\" \/><\/svg><\/span>\t\t\t<div class=\"t2-link-list-item__content\">\n\n\t\t\t\t\n\t\t\t\t<span id=\"link-list-item-text\" class=\"t2-link-list-item__text\">\n\t\t\t\t\tBl\u00e5 Kors Lyspunkt\t\t\t\t<\/span>\n\t\t\t\t<span id=\"link-list-item-description\" class=\"t2-link-list-item__description\">Bl\u00e5 Kors Lyspunkt er en m\u00f8teplass for flykninger og innvandrere. Her er det utdeling av gratis kl\u00e6r, m\u00e5ltid og felleskap. Dette er en plass hvor kontakter knyttes og vennskap bygges.<\/span>\t\t\t<\/div>\n\t\t<\/a>\n\t<\/li>\n\t\n\n\t<li class=\"has-background has-green-light-background-color t2-link-list-item wp-block-t2-link-list-item\">\n\t\t<a\n\t\t\thref=\"https:\/\/www.blakors.no\/bryne\/sammen\/\"\n\t\t\tclass=\"t2-link-list-item__link t2-link-list__icon--right\"\n\t\t\t\t\t>\n\t\t\t<span class=\"t2-link-list-item__icon\"><span class=\"t2-link-list-item__icon-box\"><\/span><svg xmlns=\"http:\/\/www.w3.org\/2000\/svg\" viewBox=\"0 0 24 24\" height=\"24\" width=\"24\" class=\"t2-icon t2-icon-arrowforward\" aria-hidden=\"true\" focusable=\"false\"><path d=\"M11.3 19.3c-.2-.2-.3-.4-.3-.7 0-.3.1-.5.3-.7l4.9-4.9H5c-.3 0-.5-.1-.7-.3-.2-.2-.3-.4-.3-.7s.1-.5.3-.7c.2-.2.4-.3.7-.3h11.2l-4.9-4.9c-.2-.2-.3-.4-.3-.7 0-.3.1-.5.3-.7.2-.2.4-.3.7-.3s.5.1.7.3l6.6 6.6c.1.1.2.2.2.3 0 .1.1.3.1.4 0 .1 0 .3-.1.4 0 .1-.1.2-.2.3l-6.6 6.6c-.2.2-.4.3-.7.3s-.5-.1-.7-.3z\" fill=\"currentColor\" \/><\/svg><\/span>\t\t\t<div class=\"t2-link-list-item__content\">\n\n\t\t\t\t\n\t\t\t\t<span id=\"link-list-item-text-1\" class=\"t2-link-list-item__text\">\n\t\t\t\t\tBl\u00e5 Kors Sammen\t\t\t\t<\/span>\n\t\t\t\t<span id=\"link-list-item-description-1\" class=\"t2-link-list-item__description\">Dette er et dagtilbud for foreldre\/besteforeldre som er hjemme med barn p\u00e5 dagtid. En viktig og god arena for lek og l\u00e6ring, felleskap og vennskap.<\/span>\t\t\t<\/div>\n\t\t<\/a>\n\t<\/li>\n\t\n\n\t<li class=\"has-background has-green-light-background-color t2-link-list-item wp-block-t2-link-list-item\">\n\t\t<a\n\t\t\thref=\"https:\/\/www.blakors.no\/bryne\/bla-kors-ferieklubb\/\"\n\t\t\tclass=\"t2-link-list-item__link t2-link-list__icon--right\"\n\t\t\t\t\t>\n\t\t\t<span class=\"t2-link-list-item__icon\"><span class=\"t2-link-list-item__icon-box\"><\/span><svg xmlns=\"http:\/\/www.w3.org\/2000\/svg\" viewBox=\"0 0 24 24\" height=\"24\" width=\"24\" class=\"t2-icon t2-icon-arrowforward\" aria-hidden=\"true\" focusable=\"false\"><path d=\"M11.3 19.3c-.2-.2-.3-.4-.3-.7 0-.3.1-.5.3-.7l4.9-4.9H5c-.3 0-.5-.1-.7-.3-.2-.2-.3-.4-.3-.7s.1-.5.3-.7c.2-.2.4-.3.7-.3h11.2l-4.9-4.9c-.2-.2-.3-.4-.3-.7 0-.3.1-.5.3-.7.2-.2.4-.3.7-.3s.5.1.7.3l6.6 6.6c.1.1.2.2.2.3 0 .1.1.3.1.4 0 .1 0 .3-.1.4 0 .1-.1.2-.2.3l-6.6 6.6c-.2.2-.4.3-.7.3s-.5-.1-.7-.3z\" fill=\"currentColor\" \/><\/svg><\/span>\t\t\t<div class=\"t2-link-list-item__content\">\n\n\t\t\t\t\n\t\t\t\t<span id=\"link-list-item-text-2\" class=\"t2-link-list-item__text\">\n\t\t\t\t\tBl\u00e5 Kors ferieklubb\t\t\t\t<\/span>\n\t\t\t\t<span id=\"link-list-item-description-2\" class=\"t2-link-list-item__description\">I sommerferien inviterer vi barn som ikke har s\u00e5 mange ferieplaner til en ferieuke hvor en bor hjemme, men har feriedager sammen med opplegg p\u00e5 dagene.<\/span>\t\t\t<\/div>\n\t\t<\/a>\n\t<\/li>\n\t\n\n\t<li class=\"has-background has-green-light-background-color t2-link-list-item wp-block-t2-link-list-item\">\n\t\t<a\n\t\t\thref=\"https:\/\/www.blakors.no\/bryne\/natteravn\/\"\n\t\t\tclass=\"t2-link-list-item__link t2-link-list__icon--right\"\n\t\t\t\t\t>\n\t\t\t<span class=\"t2-link-list-item__icon\"><span class=\"t2-link-list-item__icon-box\"><\/span><svg xmlns=\"http:\/\/www.w3.org\/2000\/svg\" viewBox=\"0 0 24 24\" height=\"24\" width=\"24\" class=\"t2-icon t2-icon-arrowforward\" aria-hidden=\"true\" focusable=\"false\"><path d=\"M11.3 19.3c-.2-.2-.3-.4-.3-.7 0-.3.1-.5.3-.7l4.9-4.9H5c-.3 0-.5-.1-.7-.3-.2-.2-.3-.4-.3-.7s.1-.5.3-.7c.2-.2.4-.3.7-.3h11.2l-4.9-4.9c-.2-.2-.3-.4-.3-.7 0-.3.1-.5.3-.7.2-.2.4-.3.7-.3s.5.1.7.3l6.6 6.6c.1.1.2.2.2.3 0 .1.1.3.1.4 0 .1 0 .3-.1.4 0 .1-.1.2-.2.3l-6.6 6.6c-.2.2-.4.3-.7.3s-.5-.1-.7-.3z\" fill=\"currentColor\" \/><\/svg><\/span>\t\t\t<div class=\"t2-link-list-item__content\">\n\n\t\t\t\t\n\t\t\t\t<span id=\"link-list-item-text-3\" class=\"t2-link-list-item__text\">\n\t\t\t\t\tNatteravnstjeneste\t\t\t\t<\/span>\n\t\t\t\t<span id=\"link-list-item-description-3\" class=\"t2-link-list-item__description\">Hver fredag og l\u00f8rdag er det natteravner ute i Bryne og hver l\u00f8rdag Fr\u00f8yland.<\/span>\t\t\t<\/div>\n\t\t<\/a>\n\t<\/li>\n\t\n\n\t<li class=\"has-background has-green-light-background-color t2-link-list-item wp-block-t2-link-list-item\">\n\t\t<a\n\t\t\thref=\"https:\/\/www.blakors.no\/bryne\/mekkeklubb\/\"\n\t\t\tclass=\"t2-link-list-item__link t2-link-list__icon--right\"\n\t\t\t\t\t>\n\t\t\t<span class=\"t2-link-list-item__icon\"><span class=\"t2-link-list-item__icon-box\"><\/span><svg xmlns=\"http:\/\/www.w3.org\/2000\/svg\" viewBox=\"0 0 24 24\" height=\"24\" width=\"24\" class=\"t2-icon t2-icon-arrowforward\" aria-hidden=\"true\" focusable=\"false\"><path d=\"M11.3 19.3c-.2-.2-.3-.4-.3-.7 0-.3.1-.5.3-.7l4.9-4.9H5c-.3 0-.5-.1-.7-.3-.2-.2-.3-.4-.3-.7s.1-.5.3-.7c.2-.2.4-.3.7-.3h11.2l-4.9-4.9c-.2-.2-.3-.4-.3-.7 0-.3.1-.5.3-.7.2-.2.4-.3.7-.3s.5.1.7.3l6.6 6.6c.1.1.2.2.2.3 0 .1.1.3.1.4 0 .1 0 .3-.1.4 0 .1-.1.2-.2.3l-6.6 6.6c-.2.2-.4.3-.7.3s-.5-.1-.7-.3z\" fill=\"currentColor\" \/><\/svg><\/span>\t\t\t<div class=\"t2-link-list-item__content\">\n\n\t\t\t\t\n\t\t\t\t<span id=\"link-list-item-text-4\" class=\"t2-link-list-item__text\">\n\t\t\t\t\tBl\u00e5 Kors Ung Mekkeklubb\t\t\t\t<\/span>\n\t\t\t\t<span id=\"link-list-item-description-4\" class=\"t2-link-list-item__description\">Dette er en fritidsklubb for ungdom med interesse for motor og mekking. \u00a0<\/span>\t\t\t<\/div>\n\t\t<\/a>\n\t<\/li>\n\t\n\n\t<li class=\"has-background has-green-light-background-color t2-link-list-item wp-block-t2-link-list-item\">\n\t\t<a\n\t\t\thref=\"https:\/\/www.blakors.no\/ung\/lye-speidere\/\"\n\t\t\tclass=\"t2-link-list-item__link t2-link-list__icon--right\"\n\t\t\t\t\t>\n\t\t\t<span class=\"t2-link-list-item__icon\"><span class=\"t2-link-list-item__icon-box\"><\/span><svg xmlns=\"http:\/\/www.w3.org\/2000\/svg\" viewBox=\"0 0 24 24\" height=\"24\" width=\"24\" class=\"t2-icon t2-icon-arrowforward\" aria-hidden=\"true\" focusable=\"false\"><path d=\"M11.3 19.3c-.2-.2-.3-.4-.3-.7 0-.3.1-.5.3-.7l4.9-4.9H5c-.3 0-.5-.1-.7-.3-.2-.2-.3-.4-.3-.7s.1-.5.3-.7c.2-.2.4-.3.7-.3h11.2l-4.9-4.9c-.2-.2-.3-.4-.3-.7 0-.3.1-.5.3-.7.2-.2.4-.3.7-.3s.5.1.7.3l6.6 6.6c.1.1.2.2.2.3 0 .1.1.3.1.4 0 .1 0 .3-.1.4 0 .1-.1.2-.2.3l-6.6 6.6c-.2.2-.4.3-.7.3s-.5-.1-.7-.3z\" fill=\"currentColor\" \/><\/svg><\/span>\t\t\t<div class=\"t2-link-list-item__content\">\n\n\t\t\t\t\n\t\t\t\t<span id=\"link-list-item-text-5\" class=\"t2-link-list-item__text\">\n\t\t\t\t\tLye Bl\u00e5 Kors speidere\t\t\t\t<\/span>\n\t\t\t\t<span id=\"link-list-item-description-5\" class=\"t2-link-list-item__description\">Dette er en speidergruppe som holder til p\u00e5 Lye. Den ble stiftet i 2014.<\/span>\t\t\t<\/div>\n\t\t<\/a>\n\t<\/li>\n\t\n<\/ul>\n\n\n<div class=\"wp-block-cover alignfull is-light\" style=\"min-height:257px;aspect-ratio:unset;\"><span aria-hidden=\"true\" class=\"wp-block-cover__background has-blue-light-background-color has-background-dim-100 has-background-dim\"><\/span><img decoding=\"async\" class=\"wp-block-cover__image-background wp-image-37810\" alt=\"\" src=\"https:\/\/www.blakors.no\/content\/uploads\/2021\/06\/CTA-jul.jpg\" style=\"object-position:15% 21%\" data-object-fit=\"cover\" data-object-position=\"15% 21%\"\/><div class=\"wp-block-cover__inner-container is-layout-constrained wp-block-cover-is-layout-constrained\">\n<div class=\"wp-block-group alignwide is-layout-constrained wp-block-group-is-layout-constrained\">\n<div style=\"height:20px\" aria-hidden=\"true\" class=\"wp-block-spacer\"><\/div>\n\n\n\n<h3 id=\"vil-du-bli-frivillig-tidgiver\"  class=\"wp-block-heading has-text-align-left has-blue-darker-color has-text-color\" ><strong>Vil du bli frivillig tidgiver?<\/strong><\/h3>\n\n\n\n<p class=\"has-text-align-left has-blue-darker-color has-text-color\">Ved \u00e5 gi tid, vil du ogs\u00e5 oppleve mening, glede og felleskap. Vi trenger akkurat deg!<\/p>\n\n\n\n<div class=\"wp-block-buttons is-layout-flex wp-block-buttons-is-layout-flex\">\n<div class=\"wp-block-button\"><a class=\"wp-block-button__link wp-element-button\" href=\"https:\/\/www.blakors.no\/frivillig\/\">Les mer om \u00e5 bli tidgiver i Bl\u00e5 Kors<\/a><\/div>\n<\/div>\n\n\n\n<p class=\"has-blue-dark-color has-text-color\"><\/p>\n<\/div>\n<\/div><\/div>\n","protected":false},"excerpt":{"rendered":"<p>V\u00e5re tilbud<\/p>\n","protected":false},"author":86,"featured_media":0,"parent":0,"menu_order":0,"comment_status":"closed","ping_status":"open","template":"","meta":{"_acf_changed":false,"_relevanssi_hide_post":"","_relevanssi_hide_content":"","_relevanssi_pin_for_all":"","_relevanssi_pin_keywords":"","_relevanssi_unpin_keywords":"","_relevanssi_related_keywords":"","_relevanssi_related_include_ids":"","_relevanssi_related_exclude_ids":"","_relevanssi_related_no_append":"","_relevanssi_related_not_related":"","_relevanssi_related_posts":"1","_relevanssi_noindex_reason":"","_custom_cards_description":"","footnotes":""},"class_list":["post-2","page","type-page","status-publish","hentry"],"acf":[],"_links":{"self":[{"href":"https:\/\/www.blakors.no\/bryne\/wp-json\/wp\/v2\/pages\/2","targetHints":{"allow":["GET"]}}],"collection":[{"href":"https:\/\/www.blakors.no\/bryne\/wp-json\/wp\/v2\/pages"}],"about":[{"href":"https:\/\/www.blakors.no\/bryne\/wp-json\/wp\/v2\/types\/page"}],"author":[{"embeddable":true,"href":"https:\/\/www.blakors.no\/bryne\/wp-json\/wp\/v2\/users\/86"}],"replies":[{"embeddable":true,"href":"https:\/\/www.blakors.no\/bryne\/wp-json\/wp\/v2\/comments?post=2"}],"version-history":[{"count":5,"href":"https:\/\/www.blakors.no\/bryne\/wp-json\/wp\/v2\/pages\/2\/revisions"}],"predecessor-version":[{"id":136,"href":"https:\/\/www.blakors.no\/bryne\/wp-json\/wp\/v2\/pages\/2\/revisions\/136"}],"wp:attachment":[{"href":"https:\/\/www.blakors.no\/bryne\/wp-json\/wp\/v2\/media?parent=2"}],"curies":[{"name":"wp","href":"https:\/\/api.w.org\/{rel}","templated":true}]}}