{"id":23,"date":"2020-03-11T10:58:25","date_gmt":"2020-03-11T09:58:25","guid":{"rendered":"https:\/\/www.blakors.no\/ferier\/?page_id=23"},"modified":"2026-04-08T08:48:54","modified_gmt":"2026-04-08T06:48:54","slug":"ferietilbud","status":"publish","type":"page","link":"https:\/\/www.blakors.no\/ferier\/ferietilbud\/","title":{"rendered":"Aktuelle ferietilbud"},"content":{"rendered":"<div class=\"custom-block-banner alignwide is-style-default has-background has-green-light-background-color contenthalf\"><div class=\"banner-image\" style=\"background-image:url(https:\/\/www.blakors.no\/content\/uploads\/sites\/10\/2022\/02\/Lyngdal-sommer-venner-pa-huske-1024x768.jpg)\"><\/div><div class=\"banner-inner\"><div><h1 id=\"aktuelle-ferietilbud-2026\"  class=\"title small \" >Aktuelle Ferietilbud &#8211; 2026<\/h1><p>Bl\u00e5 Kors ferier arrangerer ferier i alle skolens ferier og ogs\u00e5 p\u00e5 enkelte dager og helger. Vi legger alltid ut p\u00e5 Facebook n\u00e5r det kommer nye muligheter.<\/p><div class=\"wp-block-button is-style-primary small\"><a class=\"wp-block-button__link\" href=\"https:\/\/www.facebook.com\/blakorsferier\" target=\"_blank\" rel=\"noopener\">Bl\u00e5 Kors ferier p\u00e5 Facebook<\/a><\/div><\/div><\/div><\/div>\n\n\n<div class=\"wp-block-group alignwide has-white-background-color has-background is-layout-constrained wp-block-group-is-layout-constrained\">\n<h2 class=\"wp-block-heading has-text-align-center\" id=\"h-2023\">Ferietilbud i 2026<\/h2>\n\n\n\n<p>Her finner du de ulike feriene som du n\u00e5 kan s\u00f8ke p\u00e5. Tilbudene har ulik s\u00f8knadsfrist, se informasjon under bildene.<\/p>\n\n\n\n<p>Ved \u00e5 klikke deg videre inn p\u00e5 ferietilbudene under, finner du b\u00e5de mer informasjon om ferien og et s\u00f8knadsskjema. Skjemaet er plassert nederst p\u00e5 hver enkelt side. Du kan s\u00f8ke p\u00e5 flere tilbud, og du m\u00e5 sende ny s\u00f8knad for hvert av de tilbudene som er aktuelt for deg og din familie \u00e5 s\u00f8ke p\u00e5.<\/p>\n\n\n\n<p class=\"has-text-align-left\">De organiserte feriene er ferier sammen med andre familier. Da er det med ansatte og tidgivere (frivillige) fra Bl\u00e5 Kors ferier som leder samlinger og aktiviteter og det vil v\u00e6re ca. 50 personer totalt. Det er felles m\u00e5ltider og program, men det er ogs\u00e5 tid til \u00e5 v\u00e6re sammen som familie.<\/p>\n\n\n\n<p>&laquo;Hjerterom&raquo; er et tilbud i samarbeid med campingplasser, hoteller og feriesteder rundt omkring i Norge. &laquo;Hjerterom&raquo; er selvstendige ferier hvor oppholdet er ordnet av oss, men mat og innhold ordnes av familien selv.<\/p>\n\n\n\n<p><\/p>\n\n\n\n<div class=\"wp-block-group is-layout-constrained wp-block-group-is-layout-constrained\">\n<div class=\"wp-block-columns is-layout-flex wp-container-core-columns-is-layout-9d6595d7 wp-block-columns-is-layout-flex\">\n<div class=\"wp-block-column is-layout-flow wp-block-column-is-layout-flow\" style=\"flex-basis:100%\">\n<p class=\"has-text-align-center\"><strong><em>Vi har samlet noen vanlige sp\u00f8rsm\u00e5l og svar p\u00e5 <a href=\"https:\/\/www.blakors.no\/ferier\/sporsmal-og-svar\/\" target=\"_blank\" rel=\"noreferrer noopener\">denne siden<\/a>!<\/em><\/strong><\/p>\n<\/div>\n<\/div>\n<\/div>\n\n\n\n<h2 id=\"dette-kan-du-soke-pa-na\"  class=\"wp-block-heading has-text-align-center\" >Dette kan du s\u00f8ke p\u00e5 n\u00e5:<\/h2>\n\n\n<div class=\"t2-featured-content-layout alignwide alignwide wp-block-t2-featured-content-layout\" role=\"list\">\n<div class=\"t2-featured-single-post t2-featured-content show-description is-post-type-page wp-block-t2-featured-single-post\" role=\"listitem\"><a class=\"t2-post-link wp-block-t2-post-link\" href=\"https:\/\/www.blakors.no\/ferier\/hjerterom-hotellweekend\/\">\n<figure style=\"--t2-focal-point: 50% 50%;\" class=\"t2-post-featured-image has-image-ratio-16-9 wp-block-t2-post-featured-image\"><img loading=\"lazy\" decoding=\"async\" width=\"1024\" height=\"570\" src=\"https:\/\/www.blakors.no\/content\/uploads\/sites\/10\/2022\/06\/facade-quality-airport-vaernes-hotel-stjordal.jpg\" class=\"attachment-post-thumbnail size-post-thumbnail wp-post-image\" alt=\"\" srcset=\"https:\/\/www.blakors.no\/content\/uploads\/sites\/10\/2022\/06\/facade-quality-airport-vaernes-hotel-stjordal.jpg 1024w, https:\/\/www.blakors.no\/content\/uploads\/sites\/10\/2022\/06\/facade-quality-airport-vaernes-hotel-stjordal-300x167.jpg 300w, https:\/\/www.blakors.no\/content\/uploads\/sites\/10\/2022\/06\/facade-quality-airport-vaernes-hotel-stjordal-768x428.jpg 768w\" sizes=\"auto, (min-width: 782px) 768px, 100vw\" \/><\/figure>\n\n<div class=\"wp-block-group alignfull is-layout-flow wp-block-group-is-layout-flow\">\n\t<h2 id=\"hjerterom-hotellweekend-i-stjordal-eller-kristiansand\"  class=\"t2-post-title wp-block-t2-post-title\" >Hjerterom: Hotellweekend i Stj\u00f8rdal eller Kristiansand<\/h2>\n\t<div class=\"wp-block-post-date__modified-date wp-block-post-date\"><time datetime=\"2026-02-26T10:38:00+01:00\">26. februar 2026<\/time><\/div>\n\t\t\t<div class=\"single-meta t2-post-excerpt card-description wp-block-blakors-meta-display\">Selvstendig ferie med egen familie p\u00e5 hotell p\u00e5 Scandic S\u00f8rlandet eller Quality Airport Hotel V\u00e6rnes (flere helger i 2026). S\u00f8knadsfrist: 3. mai.<\/div>\n\t\n<\/div>\n\n<\/a>\n<\/div>\n\n<div class=\"t2-featured-single-post t2-featured-content show-description is-post-type-page wp-block-t2-featured-single-post t2-featured-content-layout-row-1\" role=\"listitem\"><a class=\"t2-post-link wp-block-t2-post-link\" href=\"https:\/\/www.blakors.no\/ferier\/stasjonsveien\/\">\n<figure style=\"--t2-focal-point: 50% 50%;\" class=\"t2-post-featured-image has-image-ratio-16-9 wp-block-t2-post-featured-image\"><img loading=\"lazy\" decoding=\"async\" width=\"1024\" height=\"768\" src=\"https:\/\/www.blakors.no\/content\/uploads\/sites\/10\/2024\/01\/Feriehuset-i-Stasjonsveien-m-logo.jpg\" class=\"attachment-post-thumbnail size-post-thumbnail wp-post-image\" alt=\"Det hvite, koselige feriehuset i Stasjonsveien med logo fra Iveland kommune\" srcset=\"https:\/\/www.blakors.no\/content\/uploads\/sites\/10\/2024\/01\/Feriehuset-i-Stasjonsveien-m-logo.jpg 1024w, https:\/\/www.blakors.no\/content\/uploads\/sites\/10\/2024\/01\/Feriehuset-i-Stasjonsveien-m-logo-300x225.jpg 300w, https:\/\/www.blakors.no\/content\/uploads\/sites\/10\/2024\/01\/Feriehuset-i-Stasjonsveien-m-logo-768x576.jpg 768w\" sizes=\"auto, (min-width: 782px) 768px, 100vw\" \/><\/figure>\n\n<div class=\"wp-block-group alignfull is-layout-flow wp-block-group-is-layout-flow\">\n\t<h2 id=\"hjerterom-sommerferie-i-stasjonsveien\"  class=\"t2-post-title wp-block-t2-post-title\" >Hjerterom: Sommerferie i Stasjonsveien<\/h2>\n\t<div class=\"wp-block-post-date__modified-date wp-block-post-date\"><time datetime=\"2026-03-24T13:05:22+01:00\">24. mars 2026<\/time><\/div>\n\t\t\t<div class=\"single-meta t2-post-excerpt card-description wp-block-blakors-meta-display\">Selvstendig ferie med egen familie i feriehuset v\u00e5rt p\u00e5 Vatnestr\u00f8m i Iveland kommune. S\u00f8knadsfrist: 3. mai.<\/div>\n\t\n<\/div>\n\n<\/a>\n<\/div>\n\n<div class=\"t2-featured-single-post t2-featured-content show-description is-post-type-page wp-block-t2-featured-single-post\" role=\"listitem\"><a class=\"t2-post-link wp-block-t2-post-link\" href=\"https:\/\/www.blakors.no\/ferier\/hjerterom-sommerferie-2026\/\">\n<figure style=\"--t2-focal-point: 50% 50%;\" class=\"t2-post-featured-image has-image-ratio-16-9 wp-block-t2-post-featured-image\"><img loading=\"lazy\" decoding=\"async\" width=\"768\" height=\"496\" src=\"https:\/\/www.blakors.no\/content\/uploads\/sites\/10\/2023\/03\/Hjerterom-front-e1709113624474.jpg\" class=\"attachment-post-thumbnail size-post-thumbnail wp-post-image\" alt=\"To barn klemmer. logoer p\u00e5 bildet er NHO Reiseliv og Camping S\u00f8rlandet\" srcset=\"https:\/\/www.blakors.no\/content\/uploads\/sites\/10\/2023\/03\/Hjerterom-front-e1709113624474.jpg 768w, https:\/\/www.blakors.no\/content\/uploads\/sites\/10\/2023\/03\/Hjerterom-front-e1709113624474-300x194.jpg 300w\" sizes=\"auto, (min-width: 782px) 768px, 100vw\" \/><\/figure>\n\n<div class=\"wp-block-group alignfull is-layout-flow wp-block-group-is-layout-flow\">\n\t<h2 id=\"hjerterom-sommerferie-pa-campingplasser-og-feriesentre-i-norge\"  class=\"t2-post-title wp-block-t2-post-title\" >Hjerterom: sommerferie p\u00e5 campingplasser og feriesentre i Norge<\/h2>\n\t<div class=\"wp-block-post-date__modified-date wp-block-post-date\"><time datetime=\"2026-03-27T12:03:04+01:00\">27. mars 2026<\/time><\/div>\n\t\t\t<div class=\"single-meta t2-post-excerpt card-description wp-block-blakors-meta-display\">Selvstendig sommerferie med egen familie. S\u00f8knadsfrist: 3. mai<\/div>\n\t\n<\/div>\n\n<\/a>\n<\/div>\n\n<div class=\"t2-featured-single-post t2-featured-content show-description is-post-type-page wp-block-t2-featured-single-post\" role=\"listitem\"><a class=\"t2-post-link wp-block-t2-post-link\" href=\"https:\/\/www.blakors.no\/ferier\/hjerterom-sommerferie-i-lillehammer\/\">\n<figure style=\"--t2-focal-point: 50% 50%;\" class=\"t2-post-featured-image has-image-ratio-16-9 wp-block-t2-post-featured-image\"><img loading=\"lazy\" decoding=\"async\" width=\"3840\" height=\"2560\" src=\"https:\/\/www.blakors.no\/content\/uploads\/sites\/10\/2026\/02\/KREDITERES-Hunderfossen-Eventyrpark-scaled.jpg\" class=\"attachment-post-thumbnail size-post-thumbnail wp-post-image\" alt=\"\" srcset=\"https:\/\/www.blakors.no\/content\/uploads\/sites\/10\/2026\/02\/KREDITERES-Hunderfossen-Eventyrpark-scaled.jpg 3840w, https:\/\/www.blakors.no\/content\/uploads\/sites\/10\/2026\/02\/KREDITERES-Hunderfossen-Eventyrpark-300x200.jpg 300w, https:\/\/www.blakors.no\/content\/uploads\/sites\/10\/2026\/02\/KREDITERES-Hunderfossen-Eventyrpark-1024x683.jpg 1024w, https:\/\/www.blakors.no\/content\/uploads\/sites\/10\/2026\/02\/KREDITERES-Hunderfossen-Eventyrpark-768x512.jpg 768w, https:\/\/www.blakors.no\/content\/uploads\/sites\/10\/2026\/02\/KREDITERES-Hunderfossen-Eventyrpark-1536x1024.jpg 1536w, https:\/\/www.blakors.no\/content\/uploads\/sites\/10\/2026\/02\/KREDITERES-Hunderfossen-Eventyrpark-2048x1365.jpg 2048w\" sizes=\"auto, (min-width: 782px) 768px, 100vw\" \/><\/figure>\n\n<div class=\"wp-block-group alignfull is-layout-flow wp-block-group-is-layout-flow\">\n\t<h2 id=\"hjerterom-sommerferie-i-lillehammer\"  class=\"t2-post-title wp-block-t2-post-title\" >Hjerterom: Sommerferie i Lillehammer<\/h2>\n\t<div class=\"wp-block-post-date__modified-date wp-block-post-date\"><time datetime=\"2026-02-26T09:16:19+01:00\">26. februar 2026<\/time><\/div>\n\t\t\t<div class=\"single-meta t2-post-excerpt card-description wp-block-blakors-meta-display\">Selvstendig ferie med egen familie p\u00e5 Barnas Campingfestival p\u00e5 Hunderfossen Camping 19.-21.juni. S\u00f8knadsfrist: 3. mai.<\/div>\n\t\n<\/div>\n\n<\/a>\n<\/div>\n\n<div class=\"t2-featured-single-post t2-featured-content show-description is-post-type-page wp-block-t2-featured-single-post\" role=\"listitem\"><a class=\"t2-post-link wp-block-t2-post-link\" href=\"https:\/\/www.blakors.no\/ferier\/sommerferie-i-lyngdal\/\">\n<figure style=\"--t2-focal-point: 50% 50%;\" class=\"t2-post-featured-image has-image-ratio-16-9 wp-block-t2-post-featured-image\"><img loading=\"lazy\" decoding=\"async\" width=\"2048\" height=\"1536\" src=\"https:\/\/www.blakors.no\/content\/uploads\/sites\/10\/2022\/02\/Lyngdal-sommer-trampoline-scaled.jpg\" class=\"attachment-post-thumbnail size-post-thumbnail wp-post-image\" alt=\"Jente hopper p\u00e5 en trampoline p\u00e5 Camp Lyngdal\" srcset=\"https:\/\/www.blakors.no\/content\/uploads\/sites\/10\/2022\/02\/Lyngdal-sommer-trampoline-scaled.jpg 2048w, https:\/\/www.blakors.no\/content\/uploads\/sites\/10\/2022\/02\/Lyngdal-sommer-trampoline-300x225.jpg 300w, https:\/\/www.blakors.no\/content\/uploads\/sites\/10\/2022\/02\/Lyngdal-sommer-trampoline-1024x768.jpg 1024w, https:\/\/www.blakors.no\/content\/uploads\/sites\/10\/2022\/02\/Lyngdal-sommer-trampoline-768x576.jpg 768w, https:\/\/www.blakors.no\/content\/uploads\/sites\/10\/2022\/02\/Lyngdal-sommer-trampoline-1536x1152.jpg 1536w\" sizes=\"auto, (min-width: 782px) 768px, 100vw\" \/><\/figure>\n\n<div class=\"wp-block-group alignfull is-layout-flow wp-block-group-is-layout-flow\">\n\t<h2 id=\"sommerferie-i-lyngdal\"  class=\"t2-post-title wp-block-t2-post-title\" >Sommerferie i Lyngdal<\/h2>\n\t<div class=\"wp-block-post-date__modified-date wp-block-post-date\"><time datetime=\"2026-02-26T10:36:12+01:00\">26. februar 2026<\/time><\/div>\n\t\t\t<div class=\"single-meta t2-post-excerpt card-description wp-block-blakors-meta-display\">Organisert ferie med andre familier p\u00e5 Camp Lyngdal 20.-23. juni og 23.-26. juni. S\u00f8knadsfrist: 3. mai.<\/div>\n\t\n<\/div>\n\n<\/a>\n<\/div>\n\n<div class=\"t2-featured-single-post t2-featured-content show-description is-post-type-page wp-block-t2-featured-single-post\" role=\"listitem\"><a class=\"t2-post-link wp-block-t2-post-link\" href=\"https:\/\/www.blakors.no\/ferier\/sommerferie-i-kristiansand\/\">\n<figure style=\"--t2-focal-point: 50% 50%;\" class=\"t2-post-featured-image has-image-ratio-16-9 wp-block-t2-post-featured-image\"><img loading=\"lazy\" decoding=\"async\" width=\"2048\" height=\"1366\" src=\"https:\/\/www.blakors.no\/content\/uploads\/sites\/10\/2023\/03\/Bla\u030a-Kors-ASKO-2023.jpg\" class=\"attachment-post-thumbnail size-post-thumbnail wp-post-image\" alt=\"\" srcset=\"https:\/\/www.blakors.no\/content\/uploads\/sites\/10\/2023\/03\/Bla\u030a-Kors-ASKO-2023.jpg 2048w, https:\/\/www.blakors.no\/content\/uploads\/sites\/10\/2023\/03\/Bla\u030a-Kors-ASKO-2023-300x200.jpg 300w, https:\/\/www.blakors.no\/content\/uploads\/sites\/10\/2023\/03\/Bla\u030a-Kors-ASKO-2023-1024x683.jpg 1024w, https:\/\/www.blakors.no\/content\/uploads\/sites\/10\/2023\/03\/Bla\u030a-Kors-ASKO-2023-768x512.jpg 768w, https:\/\/www.blakors.no\/content\/uploads\/sites\/10\/2023\/03\/Bla\u030a-Kors-ASKO-2023-1536x1025.jpg 1536w\" sizes=\"auto, (min-width: 782px) 768px, 100vw\" \/><\/figure>\n\n<div class=\"wp-block-group alignfull is-layout-flow wp-block-group-is-layout-flow\">\n\t<h2 id=\"sommerferie-i-kristiansand\"  class=\"t2-post-title wp-block-t2-post-title\" >Sommerferie i Kristiansand<\/h2>\n\t<div class=\"wp-block-post-date__modified-date wp-block-post-date\"><time datetime=\"2026-02-26T10:36:35+01:00\">26. februar 2026<\/time><\/div>\n\t\t\t<div class=\"single-meta t2-post-excerpt card-description wp-block-blakors-meta-display\">Organisert ferie med andre familier p\u00e5 Kristiansand Feriesenter 22.-25. juni. S\u00f8knadsfrist: 3. mai.<\/div>\n\t\n<\/div>\n\n<\/a>\n<\/div>\n\n<div class=\"t2-featured-single-post t2-featured-content show-description is-post-type-page wp-block-t2-featured-single-post\" role=\"listitem\"><a class=\"t2-post-link wp-block-t2-post-link\" href=\"https:\/\/www.blakors.no\/ferier\/sommerferie-hovden-2026\/\">\n<figure style=\"--t2-focal-point: 50% 50%;\" class=\"t2-post-featured-image has-image-ratio-16-9 wp-block-t2-post-featured-image\"><img loading=\"lazy\" decoding=\"async\" width=\"1080\" height=\"1440\" src=\"https:\/\/www.blakors.no\/content\/uploads\/sites\/10\/2026\/02\/image00005-3.jpeg\" class=\"attachment-post-thumbnail size-post-thumbnail wp-post-image\" alt=\"\" srcset=\"https:\/\/www.blakors.no\/content\/uploads\/sites\/10\/2026\/02\/image00005-3.jpeg 1080w, https:\/\/www.blakors.no\/content\/uploads\/sites\/10\/2026\/02\/image00005-3-225x300.jpeg 225w, https:\/\/www.blakors.no\/content\/uploads\/sites\/10\/2026\/02\/image00005-3-768x1024.jpeg 768w\" sizes=\"auto, (min-width: 782px) 768px, 100vw\" \/><\/figure>\n\n<div class=\"wp-block-group alignfull is-layout-flow wp-block-group-is-layout-flow\">\n\t<h2 id=\"sommerferie-pa-hovden\"  class=\"t2-post-title wp-block-t2-post-title\" >Sommerferie p\u00e5 Hovden<\/h2>\n\t<div class=\"wp-block-post-date__modified-date wp-block-post-date\"><time datetime=\"2026-02-26T13:53:28+01:00\">26. februar 2026<\/time><\/div>\n\t\t\t<div class=\"single-meta t2-post-excerpt card-description wp-block-blakors-meta-display\">Organisert ferie med andre familier p\u00e5 Hovdest\u00f8ylen 29. juni til 2. juli. S\u00f8knadsfrist: 3. mai.<\/div>\n\t\n<\/div>\n\n<\/a>\n<\/div>\n<\/div>\n\n\n<p><\/p>\n\n\n\n\t\t<div class=\"is-style-default is-style-default wp-block-blakors-expanding-fact-box has-background has-blue-light-background-color\">\n\t\t\t<h3 id=\"hvem-far-vaere-med-bla-kors-ferier\"  class=\"blakors-fact-box__title\" >Hvem f\u00e5r v\u00e6re med Bl\u00e5 Kors ferier<\/h3>\n\t\t\t<div class=\"blakors-fact-box__content\">\n\t\t\t\t\n\n<p>Alle som fyller ut s\u00f8knadsskjemaet og som er i m\u00e5lgruppen for tiltaket (dvs. har utfordringer relatert til psykisk helse, rus eller \u00f8konomi) er kvalifiserte til \u00e5 v\u00e6re med p\u00e5 ferie med Bl\u00e5 Kors ferier. Det er ikke behov for anbefaling fra Nav, barnevernstjeneste, eller lignende. Det er heller ikke krav til at barna m\u00e5 v\u00e6re i barneskolealder. Det er ikke tillatt \u00e5 ha med kj\u00e6ledyr p\u00e5 organiserte ferier med Bl\u00e5 Kors ferier.<\/p>\n\n\n\n<p>Bl\u00e5 Kors ferier opplever enorm p\u00e5gang og har ikke mulighet til \u00e5 gi et ferietilbud til alle som s\u00f8ker. Vi \u00f8nsker at de som ikke tidligere har f\u00e5tt et tilbud, enten med oss, eller andre akt\u00f8rer skal f\u00e5 en mulighet f\u00f8rst. Derfor sp\u00f8r vi alltid om familien har v\u00e6rt med p\u00e5 en annen ferie, f\u00f8r vi gir mulighet til \u00e5 v\u00e6re med p\u00e5 ferie med Bl\u00e5 Kors ferier.<\/p>\n\n\n\n<p>Det er mange som opplever \u00e5 f\u00e5 gjentatte avslag p\u00e5 s\u00f8knadene sine. Dette er dessverre helt normalt, og betyr ikke at s\u00f8knaden ikke er godkjent. Det betyr kun at det ikke var plass til din familien p\u00e5 denne ferien, og vi kan ikke annet enn beklage. Vi anbefaler \u00e5 fortsette med \u00e5 s\u00f8ke, s\u00e5 vil det forh\u00e5pentligvis bli deres tur ogs\u00e5 til slutt.<\/p>\n\n\n\n<p>I henhold til Personvernregelverket oppbevarer vi ikke opplysninger om s\u00f8kere lenger enn n\u00f8dvendig.<\/p>\n\n\n\t\t\t<\/div>\n\t\t\t<div class=\"blakors-fact-box__toggle\">\n\t\t\t\t<button class=\"blakors-fact-box__button\"><svg xmlns=\"http:\/\/www.w3.org\/2000\/svg\" viewBox=\"0 0 17.367 17.367\"><path d=\"M0-8.684v-2.133H13.2L7.16-16.91l1.523-1.523L17.367-9.75,8.684-1.066,7.109-2.59,13.2-8.684Z\" transform=\"translate(0 18.434)\" \/><\/svg><\/button>\n\t\t\t<\/div>\n\t\t<\/div>\n\n\n<p><\/p>\n<\/div>\n","protected":false},"excerpt":{"rendered":"<p>Ferietilbud i 2026 Her finner du de ulike feriene som du n\u00e5 kan s\u00f8ke p\u00e5. Tilbudene har ulik s\u00f8knadsfrist, se informasjon under bildene. Ved \u00e5 klikke deg videre inn p\u00e5 ferietilbudene under, finner du b\u00e5de mer informasjon om ferien og et s\u00f8knadsskjema. Skjemaet er plassert nederst p\u00e5 hver enkelt side. Du kan s\u00f8ke p\u00e5 flere [&hellip;]<\/p>\n","protected":false},"author":36,"featured_media":2799,"parent":0,"menu_order":0,"comment_status":"closed","ping_status":"closed","template":"","meta":{"_acf_changed":false,"_relevanssi_hide_post":"","_relevanssi_hide_content":"","_relevanssi_pin_for_all":"","_relevanssi_pin_keywords":"","_relevanssi_unpin_keywords":"","_relevanssi_related_keywords":"","_relevanssi_related_include_ids":"","_relevanssi_related_exclude_ids":"","_relevanssi_related_no_append":"","_relevanssi_related_not_related":"","_relevanssi_related_posts":"1","_relevanssi_noindex_reason":"","_custom_cards_description":"","footnotes":""},"class_list":["post-23","page","type-page","status-publish","has-post-thumbnail","hentry"],"acf":[],"_links":{"self":[{"href":"https:\/\/www.blakors.no\/ferier\/wp-json\/wp\/v2\/pages\/23","targetHints":{"allow":["GET"]}}],"collection":[{"href":"https:\/\/www.blakors.no\/ferier\/wp-json\/wp\/v2\/pages"}],"about":[{"href":"https:\/\/www.blakors.no\/ferier\/wp-json\/wp\/v2\/types\/page"}],"author":[{"embeddable":true,"href":"https:\/\/www.blakors.no\/ferier\/wp-json\/wp\/v2\/users\/36"}],"replies":[{"embeddable":true,"href":"https:\/\/www.blakors.no\/ferier\/wp-json\/wp\/v2\/comments?post=23"}],"version-history":[{"count":5,"href":"https:\/\/www.blakors.no\/ferier\/wp-json\/wp\/v2\/pages\/23\/revisions"}],"predecessor-version":[{"id":6472,"href":"https:\/\/www.blakors.no\/ferier\/wp-json\/wp\/v2\/pages\/23\/revisions\/6472"}],"wp:featuredmedia":[{"embeddable":true,"href":"https:\/\/www.blakors.no\/ferier\/wp-json\/wp\/v2\/media\/2799"}],"wp:attachment":[{"href":"https:\/\/www.blakors.no\/ferier\/wp-json\/wp\/v2\/media?parent=23"}],"curies":[{"name":"wp","href":"https:\/\/api.w.org\/{rel}","templated":true}]}}