{"id":48,"date":"2020-06-16T13:26:02","date_gmt":"2020-06-16T11:26:02","guid":{"rendered":"https:\/\/www.blakors.no\/klinikk-oslo-sentrum\/?page_id=48"},"modified":"2025-09-11T12:47:39","modified_gmt":"2025-09-11T10:47:39","slug":"gruppeterapi","status":"publish","type":"page","link":"https:\/\/www.blakors.no\/klinikk-oslo-sentrum\/gruppeterapi\/","title":{"rendered":"Gruppeterapi &#8211; Bl\u00e5 Kors klinikk Oslo sentrum"},"content":{"rendered":"<div class=\"custom-block-banner alignwide contenthalf\"><div class=\"banner-image\" style=\"background-image:url(https:\/\/www.blakors.no\/content\/uploads\/sites\/13\/2020\/06\/Bla\u030a-Kors-Poliklinikk-Oslo-1024x676.jpg)\"><\/div><div class=\"banner-inner\"><div><h1 id=\"gruppeterapi\"  class=\"title large \" >Gruppeterapi<\/h1><p>Gruppeterapi gj\u00f8r det mulig \u00e5 jobbe med egne utfordringer i en mindre gruppe, med deltakere som har liknende problematikk. Dette tilbudet kan v\u00e6re nyttig ved siden av individualterapi. <\/p><\/div><\/div><\/div>\n\n\n<h2 class=\"wp-block-heading\" id=\"h-god-stotte-i-a-dele-erfaringer\">God st\u00f8tte i \u00e5 dele erfaringer<\/h2>\n\n\n\n<p>Gjennom \u00e5 dele, lytte og forholde seg til andre vil du kunne utvide \u00f8kt forst\u00e5else og oppleve nye sammenhenger. Gruppeterapi kan v\u00e6re nyttig i tillegg til&nbsp;individualterapi. I grupper f\u00e5r du mulighet&nbsp;til \u00e5 m\u00f8te andre med liknende problemer&nbsp;som du opplever selv. Det kan v\u00e6re god st\u00f8tte i \u00e5&nbsp;dele erfaringer. <\/p>\n\n\n\n<p>Vi tilbyr ulike grupper ut fra pasientgruppens behov. <\/p>\n\n\n\n<figure class=\"wp-block-image aligncenter size-large\"><img loading=\"lazy\" decoding=\"async\" width=\"1024\" height=\"670\" src=\"https:\/\/www.blakors.no\/content\/uploads\/sites\/13\/2020\/10\/Poliklinikk-Oslo-20-2023-1600px-1024x670.jpg\" alt=\"I gruppeterapi m\u00f8ter du andre med lignende problemer\" class=\"wp-image-134\" srcset=\"https:\/\/www.blakors.no\/content\/uploads\/sites\/13\/2020\/10\/Poliklinikk-Oslo-20-2023-1600px-1024x670.jpg 1024w, https:\/\/www.blakors.no\/content\/uploads\/sites\/13\/2020\/10\/Poliklinikk-Oslo-20-2023-1600px-300x196.jpg 300w, https:\/\/www.blakors.no\/content\/uploads\/sites\/13\/2020\/10\/Poliklinikk-Oslo-20-2023-1600px-768x503.jpg 768w, https:\/\/www.blakors.no\/content\/uploads\/sites\/13\/2020\/10\/Poliklinikk-Oslo-20-2023-1600px-1536x1005.jpg 1536w, https:\/\/www.blakors.no\/content\/uploads\/sites\/13\/2020\/10\/Poliklinikk-Oslo-20-2023-1600px.jpg 1600w\" sizes=\"auto, (max-width: 1024px) 100vw, 1024px\" \/><figcaption class=\"wp-element-caption\">I gruppeterapi m\u00f8ter du andre med lignende problemer. <\/figcaption><\/figure>\n\n\n<h2 id=\"gruppetilbud\"  >Gruppetilbud<\/h2><div class=\"t2-accordion wp-block-t2-accordion\" data-allow-multiple=\"1\" role=\"list\"><div class=\"t2-accordion-item wp-block-t2-accordion-item\" role=\"listitem\">\n\t\t\t<h3 class=\"t2-accordion-title\">\n\t\t\t\t<button type=\"button\" class=\"t2-accordion-trigger\" id=\"stress-og-livsmestring\" aria-controls=\"accordion-panel\" aria-expanded=\"false\">\n\t\t\t\t\tStress og livsmestring\n\t\t\t\t\t<span class=\"t2-accordion-icon is-closed-icon\"><svg xmlns=\"http:\/\/www.w3.org\/2000\/svg\" viewBox=\"0 0 24 24\" height=\"24\" width=\"24\" class=\"t2-icon t2-icon-chevrondown\" aria-hidden=\"true\" focusable=\"false\"><path d=\"M12 14.9c-.1 0-.3 0-.4-.1-.1 0-.2-.1-.3-.2L6.7 10c-.2-.1-.3-.4-.3-.6 0-.3.1-.5.3-.7.2-.2.4-.3.7-.3s.5.1.7.3l3.9 3.9 3.9-3.9c.2-.2.4-.3.7-.3.3 0 .5.1.7.3.2.2.3.4.3.7s-.1.5-.3.7l-4.6 4.6c-.1.1-.2.2-.3.2H12z\" fill=\"currentColor\" \/><\/svg><\/span>\n\t\t\t\t\t<span class=\"t2-accordion-icon is-open-icon\"><svg xmlns=\"http:\/\/www.w3.org\/2000\/svg\" viewBox=\"0 0 24 24\" height=\"24\" width=\"24\" class=\"t2-icon t2-icon-chevronup\" aria-hidden=\"true\" focusable=\"false\"><path d=\"M6.7 14.7c-.2-.2-.3-.4-.3-.7s.1-.5.3-.7l4.6-4.6c.1-.1.2-.2.3-.2.1 0 .2-.1.4-.1.1 0 .3 0 .4.1.1 0 .2.1.3.2l4.6 4.6c.2.2.3.4.3.7s-.1.5-.3.7c-.2.2-.4.3-.7.3s-.5-.1-.7-.3L12 10.8l-3.9 3.9c-.2.2-.4.3-.7.3s-.5-.1-.7-.3z\" fill=\"currentColor\" \/><\/svg><\/span>\n\t\t\t\t<\/button>\n\t\t\t<\/h3>\n\t\t\t<div class=\"t2-accordion-item__inner-container is-layout-flow\" id=\"accordion-panel\" aria-labelledby=\"stress-og-livsmestring\" role=\"region\" hidden>\n\t\t\t\t\n\t\t\t\t<p>Kurset er for deg som har behov for \u00e5 bedre evnen til \u00e5 regulere og mestre belastninger\/ stress. Det kan v\u00e6re stress som er knyttet til helse, arbeids- og privatliv, og form\u00e5let med kurset er \u00e5 l\u00e6re metoder du kan bruke for \u00e5 bedre mestring av egne belastninger. Kurset er basert p\u00e5 kognitiv atferdsteori, og kunnskap om stress og mestring.<\/p>\n<p>I l\u00f8pet av kurset vil du l\u00e6re om:<\/p>\n<ul>\n<li>Hvordan vi p\u00e5virkes b\u00e5de fysisk, f\u00f8lelsesmessig og tankemessig av stress<\/li>\n<li>Hvorfor noen belastninger p\u00e5virker v\u00e5r livskvalitet negativt, mens andre er n\u00f8dvendige for v\u00e5r utvikling og vekst.<\/li>\n<li>Ulike former for mestring<\/li>\n<li>Hvordan langvarig stress p\u00e5virker v\u00e5re tanker, f\u00f8lelser og handlinger<\/li>\n<li>Hvordan vi kan bli oppmerksomme p\u00e5 uhensiktsmessige tolkninger og handlingsm\u00f8nstre<\/li>\n<\/ul>\n<p>Har du sp\u00f8rsm\u00e5l om kurset eller vil melde deg p\u00e5, s\u00e5 ta kontakt med din behandler.<\/p>\n<p>&nbsp;<\/p>\n\n\t\t\t\n\t\t\t<\/div>\n\t\t<\/div><div class=\"t2-accordion-item wp-block-t2-accordion-item\" role=\"listitem\">\n\t\t\t<h3 class=\"t2-accordion-title\">\n\t\t\t\t<button type=\"button\" class=\"t2-accordion-trigger\" id=\"introduksjonskurs-i-mindfulness-og-bevegelse\" aria-controls=\"accordion-panel-1\" aria-expanded=\"false\">\n\t\t\t\t\tIntroduksjonskurs i mindfulness og bevegelse\n\t\t\t\t\t<span class=\"t2-accordion-icon is-closed-icon\"><svg xmlns=\"http:\/\/www.w3.org\/2000\/svg\" viewBox=\"0 0 24 24\" height=\"24\" width=\"24\" class=\"t2-icon t2-icon-chevrondown\" aria-hidden=\"true\" focusable=\"false\"><path d=\"M12 14.9c-.1 0-.3 0-.4-.1-.1 0-.2-.1-.3-.2L6.7 10c-.2-.1-.3-.4-.3-.6 0-.3.1-.5.3-.7.2-.2.4-.3.7-.3s.5.1.7.3l3.9 3.9 3.9-3.9c.2-.2.4-.3.7-.3.3 0 .5.1.7.3.2.2.3.4.3.7s-.1.5-.3.7l-4.6 4.6c-.1.1-.2.2-.3.2H12z\" fill=\"currentColor\" \/><\/svg><\/span>\n\t\t\t\t\t<span class=\"t2-accordion-icon is-open-icon\"><svg xmlns=\"http:\/\/www.w3.org\/2000\/svg\" viewBox=\"0 0 24 24\" height=\"24\" width=\"24\" class=\"t2-icon t2-icon-chevronup\" aria-hidden=\"true\" focusable=\"false\"><path d=\"M6.7 14.7c-.2-.2-.3-.4-.3-.7s.1-.5.3-.7l4.6-4.6c.1-.1.2-.2.3-.2.1 0 .2-.1.4-.1.1 0 .3 0 .4.1.1 0 .2.1.3.2l4.6 4.6c.2.2.3.4.3.7s-.1.5-.3.7c-.2.2-.4.3-.7.3s-.5-.1-.7-.3L12 10.8l-3.9 3.9c-.2.2-.4.3-.7.3s-.5-.1-.7-.3z\" fill=\"currentColor\" \/><\/svg><\/span>\n\t\t\t\t<\/button>\n\t\t\t<\/h3>\n\t\t\t<div class=\"t2-accordion-item__inner-container is-layout-flow\" id=\"accordion-panel-1\" aria-labelledby=\"introduksjonskurs-i-mindfulness-og-bevegelse\" role=\"region\" hidden>\n\t\t\t\t\n\t\t\t\t<p>Mindfulness kan beskrives som det \u00e5 v\u00e6re bevisst til stede og oppmerksom p\u00e5 det som erfares i \u00f8yeblikket, med en vennlig og \u00e5pen holdning. Det forst\u00e5s som en egenskap alle har, og som kan styrkes ved \u00f8velse.<\/p>\n<p>Terapi handler i stor grad om \u00e5 bli oppmerksom p\u00e5 hva som skjer i meg og rundt meg, og mindfulnesspraksis kan v\u00e6re et godt supplement til terapi. Det handler om \u00e5 bli like oppmerksom p\u00e5 det som skjer innover i oss selv, som utover mot verden. Det handler om \u00e5 koble seg p\u00e5 og ikke av.<\/p>\n<h2 id=\"erfaring-med-mindfulness\"  >Erfaring med mindfulness<\/h2>\n<p>Gjennom sittende, st\u00e5ende og g\u00e5ende \u00f8velser vil vi sammen \u00f8ve p\u00e5 \u00e5 bli oppmerksom p\u00e5 det som skjer i oss og rundt oss her og n\u00e5.<\/p>\n<p>Vi m\u00f8tes 4 tirsdager, og du f\u00e5r en erfaring i hva mindfulness-praksis kan v\u00e6re. Hvis du \u00f8nsker \u00e5 delta p\u00e5 ukentlig praksis etter dette, s\u00e5 er det mulighet for det.<\/p>\n<p>Har du sp\u00f8rsm\u00e5l om kurset eller vil melde deg p\u00e5, s\u00e5 ta kontakt med din behandler.<\/p>\n\n\t\t\t\n\t\t\t<\/div>\n\t\t<\/div><div class=\"t2-accordion-item wp-block-t2-accordion-item\" role=\"listitem\">\n\t\t\t<h3 class=\"t2-accordion-title\">\n\t\t\t\t<button type=\"button\" class=\"t2-accordion-trigger\" id=\"ukentlig-kurs-i-mindfulness-og-bevegelse\" aria-controls=\"accordion-panel-2\" aria-expanded=\"false\">\n\t\t\t\t\tUkentlig kurs i mindfulness og bevegelse\n\t\t\t\t\t<span class=\"t2-accordion-icon is-closed-icon\"><svg xmlns=\"http:\/\/www.w3.org\/2000\/svg\" viewBox=\"0 0 24 24\" height=\"24\" width=\"24\" class=\"t2-icon t2-icon-chevrondown\" aria-hidden=\"true\" focusable=\"false\"><path d=\"M12 14.9c-.1 0-.3 0-.4-.1-.1 0-.2-.1-.3-.2L6.7 10c-.2-.1-.3-.4-.3-.6 0-.3.1-.5.3-.7.2-.2.4-.3.7-.3s.5.1.7.3l3.9 3.9 3.9-3.9c.2-.2.4-.3.7-.3.3 0 .5.1.7.3.2.2.3.4.3.7s-.1.5-.3.7l-4.6 4.6c-.1.1-.2.2-.3.2H12z\" fill=\"currentColor\" \/><\/svg><\/span>\n\t\t\t\t\t<span class=\"t2-accordion-icon is-open-icon\"><svg xmlns=\"http:\/\/www.w3.org\/2000\/svg\" viewBox=\"0 0 24 24\" height=\"24\" width=\"24\" class=\"t2-icon t2-icon-chevronup\" aria-hidden=\"true\" focusable=\"false\"><path d=\"M6.7 14.7c-.2-.2-.3-.4-.3-.7s.1-.5.3-.7l4.6-4.6c.1-.1.2-.2.3-.2.1 0 .2-.1.4-.1.1 0 .3 0 .4.1.1 0 .2.1.3.2l4.6 4.6c.2.2.3.4.3.7s-.1.5-.3.7c-.2.2-.4.3-.7.3s-.5-.1-.7-.3L12 10.8l-3.9 3.9c-.2.2-.4.3-.7.3s-.5-.1-.7-.3z\" fill=\"currentColor\" \/><\/svg><\/span>\n\t\t\t\t<\/button>\n\t\t\t<\/h3>\n\t\t\t<div class=\"t2-accordion-item__inner-container is-layout-flow\" id=\"accordion-panel-2\" aria-labelledby=\"ukentlig-kurs-i-mindfulness-og-bevegelse\" role=\"region\" hidden>\n\t\t\t\t\n\t\t\t\t<p>Mindfulness kan beskrives som det \u00e5 v\u00e6re bevisst til stede og oppmerksom p\u00e5 det som erfares i \u00f8yeblikket, med en vennlig og \u00e5pen holdning. Det forst\u00e5s som en egenskap alle har, og som kan styrkes ved \u00f8velse.<\/p>\n<p>Terapi handler i stor grad om \u00e5 bli oppmerksom p\u00e5 hva som skjer i meg og rundt meg, og mindfulnesspraksis kan v\u00e6re et godt supplement til terapi. Det handler om \u00e5 bli like oppmerksom p\u00e5 det som skjer innover i oss selv, som utover mot verden. Det handler om \u00e5 koble seg p\u00e5 og ikke av.<\/p>\n<h2 id=\"ukentlig-mindfulness\"  >Ukentlig mindfulness<\/h2>\n<p>Gjennom sittende, st\u00e5ende og g\u00e5ende \u00f8velser vil vi sammen \u00f8ve p\u00e5 \u00e5 bli oppmerksom p\u00e5 det som skjer i oss og rundt oss her og n\u00e5.<\/p>\n<p>Dette er en ukentlig og kontinuerlig praksis, som du kan melde deg p\u00e5 etter \u00e5 ha deltatt p\u00e5 introduksjonskurset.<\/p>\n<p>Har du sp\u00f8rsm\u00e5l om kurset eller vil melde deg p\u00e5, s\u00e5 ta kontakt med din behandler.<\/p>\n\n\t\t\t\n\t\t\t<\/div>\n\t\t<\/div><div class=\"t2-accordion-item wp-block-t2-accordion-item\" role=\"listitem\">\n\t\t\t<h3 class=\"t2-accordion-title\">\n\t\t\t\t<button type=\"button\" class=\"t2-accordion-trigger\" id=\"motivasjon-og-mestringsgruppe-rus\" aria-controls=\"accordion-panel-3\" aria-expanded=\"false\">\n\t\t\t\t\tMotivasjon- og mestringsgruppe rus\n\t\t\t\t\t<span class=\"t2-accordion-icon is-closed-icon\"><svg xmlns=\"http:\/\/www.w3.org\/2000\/svg\" viewBox=\"0 0 24 24\" height=\"24\" width=\"24\" class=\"t2-icon t2-icon-chevrondown\" aria-hidden=\"true\" focusable=\"false\"><path d=\"M12 14.9c-.1 0-.3 0-.4-.1-.1 0-.2-.1-.3-.2L6.7 10c-.2-.1-.3-.4-.3-.6 0-.3.1-.5.3-.7.2-.2.4-.3.7-.3s.5.1.7.3l3.9 3.9 3.9-3.9c.2-.2.4-.3.7-.3.3 0 .5.1.7.3.2.2.3.4.3.7s-.1.5-.3.7l-4.6 4.6c-.1.1-.2.2-.3.2H12z\" fill=\"currentColor\" \/><\/svg><\/span>\n\t\t\t\t\t<span class=\"t2-accordion-icon is-open-icon\"><svg xmlns=\"http:\/\/www.w3.org\/2000\/svg\" viewBox=\"0 0 24 24\" height=\"24\" width=\"24\" class=\"t2-icon t2-icon-chevronup\" aria-hidden=\"true\" focusable=\"false\"><path d=\"M6.7 14.7c-.2-.2-.3-.4-.3-.7s.1-.5.3-.7l4.6-4.6c.1-.1.2-.2.3-.2.1 0 .2-.1.4-.1.1 0 .3 0 .4.1.1 0 .2.1.3.2l4.6 4.6c.2.2.3.4.3.7s-.1.5-.3.7c-.2.2-.4.3-.7.3s-.5-.1-.7-.3L12 10.8l-3.9 3.9c-.2.2-.4.3-.7.3s-.5-.1-.7-.3z\" fill=\"currentColor\" \/><\/svg><\/span>\n\t\t\t\t<\/button>\n\t\t\t<\/h3>\n\t\t\t<div class=\"t2-accordion-item__inner-container is-layout-flow\" id=\"accordion-panel-3\" aria-labelledby=\"motivasjon-og-mestringsgruppe-rus\" role=\"region\" hidden>\n\t\t\t\t\n\t\t\t\t<p>Denne gruppen er et tilbud til deg som strever med rusproblematikk og \u00f8nsker \u00e5 kombinere individualbehandling med gruppeterapi.<\/p>\n<p>I motivasjon og mestringsgruppe rus har vi undervisning om hvordan egne psykologiske mekanismer p\u00e5virker valgene vi gj\u00f8r. Vi utforsker disse valgene og hvordan de utarter seg fra f\u00f8lelse til handling.<\/p>\n<p>Ved \u00e5 kjenne seg selv og sine egne reaksjonsm\u00f8nstre vil man kunne f\u00e5 nye verkt\u00f8y til \u00e5 h\u00e5ndtere situasjoner som kan oppst\u00e5 i forbindelse med rusproblematikk.<\/p>\n<p>Samlingene foreg\u00e5r p\u00e5 mandager, varer ca 1 time og g\u00e5r over 8 ganger.<\/p>\n<h2 id=\"fordeler-med-a-motes-i-gruppe\"  ><strong>Fordeler med \u00e5 m\u00f8tes i gruppe:<\/strong><\/h2>\n<ul>\n<li>Det kan oppleves godt \u00e5 m\u00f8te andre i samme situasjon<\/li>\n<li>Man kan f\u00e5 st\u00f8tte fra andre<\/li>\n<li>Man kan l\u00e6re av andres erfaringer<\/li>\n<li>Mulighet til \u00e5 pr\u00f8ve ut nye ferdigheter sammen med andre<\/li>\n<li>Utforske tvil og usikkerhet i fellesskap<\/li>\n<\/ul>\n<p><strong>Mer informasjon?<\/strong><\/p>\n<p>Ta kontakt med din behandler om dette er noe for deg.<\/p>\n\n\t\t\t\n\t\t\t<\/div>\n\t\t<\/div><div class=\"t2-accordion-item wp-block-t2-accordion-item\" role=\"listitem\">\n\t\t\t<h3 class=\"t2-accordion-title\">\n\t\t\t\t<button type=\"button\" class=\"t2-accordion-trigger\" id=\"gruppeterapi-for-spillavhengighet\" aria-controls=\"accordion-panel-4\" aria-expanded=\"false\">\n\t\t\t\t\tGruppeterapi for spillavhengighet\n\t\t\t\t\t<span class=\"t2-accordion-icon is-closed-icon\"><svg xmlns=\"http:\/\/www.w3.org\/2000\/svg\" viewBox=\"0 0 24 24\" height=\"24\" width=\"24\" class=\"t2-icon t2-icon-chevrondown\" aria-hidden=\"true\" focusable=\"false\"><path d=\"M12 14.9c-.1 0-.3 0-.4-.1-.1 0-.2-.1-.3-.2L6.7 10c-.2-.1-.3-.4-.3-.6 0-.3.1-.5.3-.7.2-.2.4-.3.7-.3s.5.1.7.3l3.9 3.9 3.9-3.9c.2-.2.4-.3.7-.3.3 0 .5.1.7.3.2.2.3.4.3.7s-.1.5-.3.7l-4.6 4.6c-.1.1-.2.2-.3.2H12z\" fill=\"currentColor\" \/><\/svg><\/span>\n\t\t\t\t\t<span class=\"t2-accordion-icon is-open-icon\"><svg xmlns=\"http:\/\/www.w3.org\/2000\/svg\" viewBox=\"0 0 24 24\" height=\"24\" width=\"24\" class=\"t2-icon t2-icon-chevronup\" aria-hidden=\"true\" focusable=\"false\"><path d=\"M6.7 14.7c-.2-.2-.3-.4-.3-.7s.1-.5.3-.7l4.6-4.6c.1-.1.2-.2.3-.2.1 0 .2-.1.4-.1.1 0 .3 0 .4.1.1 0 .2.1.3.2l4.6 4.6c.2.2.3.4.3.7s-.1.5-.3.7c-.2.2-.4.3-.7.3s-.5-.1-.7-.3L12 10.8l-3.9 3.9c-.2.2-.4.3-.7.3s-.5-.1-.7-.3z\" fill=\"currentColor\" \/><\/svg><\/span>\n\t\t\t\t<\/button>\n\t\t\t<\/h3>\n\t\t\t<div class=\"t2-accordion-item__inner-container is-layout-flow\" id=\"accordion-panel-4\" aria-labelledby=\"gruppeterapi-for-spillavhengighet\" role=\"region\" hidden>\n\t\t\t\t\n\t\t\t\t<p>Problemer med pengespill? Bl\u00e5 Kors klinikk Oslo sentrum er landets ledende behandlingssted for spilleproblemer. Vi har to behandlingsgrupper i semesteret, hver med varighet p\u00e5 10 uker.<\/p>\n<p><strong>Hvem passer gruppen for?<\/strong><\/p>\n<p>Du spiller for penger og er bekymret for konsekvensene. Du b\u00f8r ha et \u00f8nske om \u00e5 gj\u00f8re noe med denne bekymringen, for eksempel ved \u00e5 spille mindre eller kutte ut. Det er ikke n\u00f8dvendigvis krav om at m\u00e5lsetning skal v\u00e6re total spillefrihet.<\/p>\n<p><strong>Hva l\u00e6rer du?<\/strong><\/p>\n<ul>\n<li>Bli kjent med hvordan triggere p\u00e5virker deg<\/li>\n<li>L\u00e6re om hvordan spillene p\u00e5virker deg<\/li>\n<li>Gjenkjenne og ta kontroll over utfordrende situasjoner.<\/li>\n<li>L\u00e6re \u00e5 stoppe opp og gj\u00f8re bevisste valg i situasjoner med spilletrang<\/li>\n<li>Bli kjent med dine grunner for \u00e5 spille, og hvordan spillingen p\u00e5virker livet ditt.<\/li>\n<li>L\u00e6re om endringsprosesser og hva som skaper motivasjon<\/li>\n<li>L\u00e6re \u00e5 ta kontroll over tanker og f\u00f8lelser.<\/li>\n<\/ul>\n<p><strong>Hvorfor gruppe?<\/strong><\/p>\n<p>I gruppebehandling m\u00f8ter du andre i sammen situasjon. Deltakerne st\u00f8tter hverandre og l\u00e6rer av hverandres erfaringer. Det er ogs\u00e5 et trygt sted \u00e5 pr\u00f8ve ut nye ferdigheter og et sted hvor en kan utforske tvil og usikkerhet.<\/p>\n<p><strong>Hvordan melde seg p\u00e5?<\/strong><\/p>\n<p>Si fra til din behandler og vi setter opp en samtale med en av gruppelederne. Hensikten med samtalen er \u00e5 gi deg informasjon og \u00e5 snakke om hvordan du kan f\u00e5 mest mulig ut av gruppa. Dersom du ikke har en behandler her enda, g\u00e5 til fastlegen din og be om en henvisning til oss.<\/p>\n\n\t\t\t\n\t\t\t<\/div>\n\t\t<\/div><\/div>","protected":false},"excerpt":{"rendered":"<p>God st\u00f8tte i \u00e5 dele erfaringer Gjennom \u00e5 dele, lytte og forholde seg til andre vil du kunne utvide \u00f8kt forst\u00e5else og oppleve nye sammenhenger. Gruppeterapi kan v\u00e6re nyttig i tillegg til&nbsp;individualterapi. I grupper f\u00e5r du mulighet&nbsp;til \u00e5 m\u00f8te andre med liknende problemer&nbsp;som du opplever selv. Det kan v\u00e6re god st\u00f8tte i \u00e5&nbsp;dele erfaringer. Vi [&hellip;]<\/p>\n","protected":false},"author":23,"featured_media":23,"parent":0,"menu_order":0,"comment_status":"closed","ping_status":"closed","template":"","meta":{"_acf_changed":false,"_relevanssi_hide_post":"","_relevanssi_hide_content":"","_relevanssi_pin_for_all":"on","_relevanssi_pin_keywords":"Behandling i gruppe, gruppebehandling, gruppeterapi","_relevanssi_unpin_keywords":"","_relevanssi_related_keywords":"","_relevanssi_related_include_ids":"","_relevanssi_related_exclude_ids":"","_relevanssi_related_no_append":"","_relevanssi_related_not_related":"","_relevanssi_related_posts":"1","_relevanssi_noindex_reason":"","_custom_cards_description":"","footnotes":""},"class_list":["post-48","page","type-page","status-publish","has-post-thumbnail","hentry"],"acf":[],"_links":{"self":[{"href":"https:\/\/www.blakors.no\/klinikk-oslo-sentrum\/wp-json\/wp\/v2\/pages\/48","targetHints":{"allow":["GET"]}}],"collection":[{"href":"https:\/\/www.blakors.no\/klinikk-oslo-sentrum\/wp-json\/wp\/v2\/pages"}],"about":[{"href":"https:\/\/www.blakors.no\/klinikk-oslo-sentrum\/wp-json\/wp\/v2\/types\/page"}],"author":[{"embeddable":true,"href":"https:\/\/www.blakors.no\/klinikk-oslo-sentrum\/wp-json\/wp\/v2\/users\/23"}],"replies":[{"embeddable":true,"href":"https:\/\/www.blakors.no\/klinikk-oslo-sentrum\/wp-json\/wp\/v2\/comments?post=48"}],"version-history":[{"count":6,"href":"https:\/\/www.blakors.no\/klinikk-oslo-sentrum\/wp-json\/wp\/v2\/pages\/48\/revisions"}],"predecessor-version":[{"id":1473,"href":"https:\/\/www.blakors.no\/klinikk-oslo-sentrum\/wp-json\/wp\/v2\/pages\/48\/revisions\/1473"}],"wp:featuredmedia":[{"embeddable":true,"href":"https:\/\/www.blakors.no\/klinikk-oslo-sentrum\/wp-json\/wp\/v2\/media\/23"}],"wp:attachment":[{"href":"https:\/\/www.blakors.no\/klinikk-oslo-sentrum\/wp-json\/wp\/v2\/media?parent=48"}],"curies":[{"name":"wp","href":"https:\/\/api.w.org\/{rel}","templated":true}]}}