{"id":72,"date":"2020-10-05T20:55:51","date_gmt":"2020-10-05T18:55:51","guid":{"rendered":"https:\/\/www.blakors.no\/borgestadklinikken\/?page_id=72"},"modified":"2023-10-06T08:16:05","modified_gmt":"2023-10-06T06:16:05","slug":"seksjon-for-gravide","status":"publish","type":"page","link":"https:\/\/www.blakors.no\/klinikk-skien\/seksjon-for-gravide\/","title":{"rendered":"Seksjon for gravide"},"content":{"rendered":"<div class=\"custom-block-banner alignwide contenthalf\"><div class=\"banner-image\" style=\"background-image:url(https:\/\/www.blakors.no\/content\/uploads\/sites\/16\/2020\/11\/jordmorkontroll-1024x673.jpg)\"><\/div><div class=\"banner-inner\"><div><h1 id=\"seksjon-for-gravide\"  class=\"title large \" >Seksjon for gravide<\/h1><p>Et behandlingstilbud i tverrfaglig spesialisert behandling (TSB) for gravide med problematisk bruk av alkohol, medikamenter eller illegale stoffer. Tilbud om nedtrapping p\u00e5 LAR-medikasjon.<\/p><\/div><\/div><\/div>\n\n\n<p>Seksjonen har 8 plasser. Vi har mulighet til \u00e5 tilby ekstra rammer for gravide som har behov for det , eller som er innlagt mot eget samtykke etter Lov om helse- og omsorgstjenester \u00a7 10-3. Vi tar i mot pasienter fra hele Helse S\u00f8r-\u00d8st regionen og kan ogs\u00e5 ta i mot pasienter fra andre deler av landet dersom pasienten benytter seg av rett til fritt sykehusvalg.<\/p>\n\n\n\n<h2 class=\"wp-block-heading\" id=\"h-malsetting-for-tilbudet-til-den-gravide\">M\u00e5lsetting for tilbudet til den gravide<\/h2>\n\n\n\n<ul class=\"wp-block-list\">\n<li>skjerme det uf\u00f8dte barnet mot rus<\/li>\n\n\n\n<li>st\u00f8tte og veilede den gravide<\/li>\n\n\n\n<li>motivere til behandling for rusproblemene<\/li>\n\n\n\n<li>m\u00f8te den gravide p\u00e5 en m\u00e5te som gir trygghet og mot<\/li>\n\n\n\n<li>skape tro p\u00e5 muligheter og endring <\/li>\n<\/ul>\n\n\n\n<p>Milj\u00f8terapi, individuelle samtaler, gruppebehandling, parsamtaler og foreldreveiledning er sentralt i v\u00e5rt behandlingsopplegg. <strong><\/strong><\/p>\n\n\n<h2 id=\"behandlingstilbudet-ved-seksjon-for-gravide\"  >Behandlingstilbudet ved seksjon for gravide<\/h2><div class=\"t2-accordion wp-block-t2-accordion\" data-allow-multiple=\"1\" role=\"list\"><div class=\"t2-accordion-item wp-block-t2-accordion-item\" role=\"listitem\">\n\t\t\t<h3 class=\"t2-accordion-title\">\n\t\t\t\t<button type=\"button\" class=\"t2-accordion-trigger\" id=\"milj\u00f8terapi\" aria-controls=\"accordion-panel\" aria-expanded=\"false\">\n\t\t\t\t\tMilj\u00f8terapi\n\t\t\t\t\t<span class=\"t2-accordion-icon is-closed-icon\"><svg xmlns=\"http:\/\/www.w3.org\/2000\/svg\" viewBox=\"0 0 24 24\" height=\"24\" width=\"24\" class=\"t2-icon t2-icon-chevrondown\" aria-hidden=\"true\" focusable=\"false\"><path d=\"M12 14.9c-.1 0-.3 0-.4-.1-.1 0-.2-.1-.3-.2L6.7 10c-.2-.1-.3-.4-.3-.6 0-.3.1-.5.3-.7.2-.2.4-.3.7-.3s.5.1.7.3l3.9 3.9 3.9-3.9c.2-.2.4-.3.7-.3.3 0 .5.1.7.3.2.2.3.4.3.7s-.1.5-.3.7l-4.6 4.6c-.1.1-.2.2-.3.2H12z\" fill=\"currentColor\" \/><\/svg><\/span>\n\t\t\t\t\t<span class=\"t2-accordion-icon is-open-icon\"><svg xmlns=\"http:\/\/www.w3.org\/2000\/svg\" viewBox=\"0 0 24 24\" height=\"24\" width=\"24\" class=\"t2-icon t2-icon-chevronup\" aria-hidden=\"true\" focusable=\"false\"><path d=\"M6.7 14.7c-.2-.2-.3-.4-.3-.7s.1-.5.3-.7l4.6-4.6c.1-.1.2-.2.3-.2.1 0 .2-.1.4-.1.1 0 .3 0 .4.1.1 0 .2.1.3.2l4.6 4.6c.2.2.3.4.3.7s-.1.5-.3.7c-.2.2-.4.3-.7.3s-.5-.1-.7-.3L12 10.8l-3.9 3.9c-.2.2-.4.3-.7.3s-.5-.1-.7-.3z\" fill=\"currentColor\" \/><\/svg><\/span>\n\t\t\t\t<\/button>\n\t\t\t<\/h3>\n\t\t\t<div class=\"t2-accordion-item__inner-container is-layout-flow\" id=\"accordion-panel\" aria-labelledby=\"milj\u00f8terapi\" role=\"region\" hidden>\n\t\t\t\t\n\t\t\t\t<p>Milj\u00f8terapi er b\u00e6rebjelken i behandlingen. Det er det spesielle ved \u00e5 v\u00e6re innlagt i d\u00f8gnbehandling. N\u00e5r den gravide kvinnen skal leve og bo i seksjonen over en lengre periode er rusmestring, d\u00f8gnrytme, psykisk og fysisk helse viktig \u00e5 ivareta.<\/p>\n<p>Derfor er vi opptatt av \u00e5 skape en fast struktur p\u00e5 dagene, med obligatoriske og faste m\u00e5ltider, arbeidsoppgaver, individualsamtaler, grupper og ulike m\u00f8ter for \u00e5 jobbe med forandringsprosesser og utvikling gjennom oppholdet.<\/p>\n\n\t\t\t\n\t\t\t<\/div>\n\t\t<\/div><div class=\"t2-accordion-item wp-block-t2-accordion-item\" role=\"listitem\">\n\t\t\t<h3 class=\"t2-accordion-title\">\n\t\t\t\t<button type=\"button\" class=\"t2-accordion-trigger\" id=\"individuelle-samtaler\" aria-controls=\"accordion-panel-1\" aria-expanded=\"false\">\n\t\t\t\t\tIndividuelle samtaler\n\t\t\t\t\t<span class=\"t2-accordion-icon is-closed-icon\"><svg xmlns=\"http:\/\/www.w3.org\/2000\/svg\" viewBox=\"0 0 24 24\" height=\"24\" width=\"24\" class=\"t2-icon t2-icon-chevrondown\" aria-hidden=\"true\" focusable=\"false\"><path d=\"M12 14.9c-.1 0-.3 0-.4-.1-.1 0-.2-.1-.3-.2L6.7 10c-.2-.1-.3-.4-.3-.6 0-.3.1-.5.3-.7.2-.2.4-.3.7-.3s.5.1.7.3l3.9 3.9 3.9-3.9c.2-.2.4-.3.7-.3.3 0 .5.1.7.3.2.2.3.4.3.7s-.1.5-.3.7l-4.6 4.6c-.1.1-.2.2-.3.2H12z\" fill=\"currentColor\" \/><\/svg><\/span>\n\t\t\t\t\t<span class=\"t2-accordion-icon is-open-icon\"><svg xmlns=\"http:\/\/www.w3.org\/2000\/svg\" viewBox=\"0 0 24 24\" height=\"24\" width=\"24\" class=\"t2-icon t2-icon-chevronup\" aria-hidden=\"true\" focusable=\"false\"><path d=\"M6.7 14.7c-.2-.2-.3-.4-.3-.7s.1-.5.3-.7l4.6-4.6c.1-.1.2-.2.3-.2.1 0 .2-.1.4-.1.1 0 .3 0 .4.1.1 0 .2.1.3.2l4.6 4.6c.2.2.3.4.3.7s-.1.5-.3.7c-.2.2-.4.3-.7.3s-.5-.1-.7-.3L12 10.8l-3.9 3.9c-.2.2-.4.3-.7.3s-.5-.1-.7-.3z\" fill=\"currentColor\" \/><\/svg><\/span>\n\t\t\t\t<\/button>\n\t\t\t<\/h3>\n\t\t\t<div class=\"t2-accordion-item__inner-container is-layout-flow\" id=\"accordion-panel-1\" aria-labelledby=\"individuelle-samtaler\" role=\"region\" hidden>\n\t\t\t\t\n\t\t\t\t<p>Individualterapi hver uke. Hos behandler finner pasienten frem til ulike temaer som er viktig i behandlingsprosessen. Det kan v\u00e6re temaer som f\u00f8lelser og f\u00f8lelsesregulering, rusmestring, egenhistorie, tilknytning eller andre problemstillinger som vil ha betydning for \u00e5 st\u00e5 st\u00f8dig i et rusfritt liv og for \u00e5 v\u00e6re en god forelder.<\/p>\n\n\t\t\t\n\t\t\t<\/div>\n\t\t<\/div><div class=\"t2-accordion-item wp-block-t2-accordion-item\" role=\"listitem\">\n\t\t\t<h3 class=\"t2-accordion-title\">\n\t\t\t\t<button type=\"button\" class=\"t2-accordion-trigger\" id=\"rusmestringsgruppe\" aria-controls=\"accordion-panel-2\" aria-expanded=\"false\">\n\t\t\t\t\tRusmestringsgruppe\n\t\t\t\t\t<span class=\"t2-accordion-icon is-closed-icon\"><svg xmlns=\"http:\/\/www.w3.org\/2000\/svg\" viewBox=\"0 0 24 24\" height=\"24\" width=\"24\" class=\"t2-icon t2-icon-chevrondown\" aria-hidden=\"true\" focusable=\"false\"><path d=\"M12 14.9c-.1 0-.3 0-.4-.1-.1 0-.2-.1-.3-.2L6.7 10c-.2-.1-.3-.4-.3-.6 0-.3.1-.5.3-.7.2-.2.4-.3.7-.3s.5.1.7.3l3.9 3.9 3.9-3.9c.2-.2.4-.3.7-.3.3 0 .5.1.7.3.2.2.3.4.3.7s-.1.5-.3.7l-4.6 4.6c-.1.1-.2.2-.3.2H12z\" fill=\"currentColor\" \/><\/svg><\/span>\n\t\t\t\t\t<span class=\"t2-accordion-icon is-open-icon\"><svg xmlns=\"http:\/\/www.w3.org\/2000\/svg\" viewBox=\"0 0 24 24\" height=\"24\" width=\"24\" class=\"t2-icon t2-icon-chevronup\" aria-hidden=\"true\" focusable=\"false\"><path d=\"M6.7 14.7c-.2-.2-.3-.4-.3-.7s.1-.5.3-.7l4.6-4.6c.1-.1.2-.2.3-.2.1 0 .2-.1.4-.1.1 0 .3 0 .4.1.1 0 .2.1.3.2l4.6 4.6c.2.2.3.4.3.7s-.1.5-.3.7c-.2.2-.4.3-.7.3s-.5-.1-.7-.3L12 10.8l-3.9 3.9c-.2.2-.4.3-.7.3s-.5-.1-.7-.3z\" fill=\"currentColor\" \/><\/svg><\/span>\n\t\t\t\t<\/button>\n\t\t\t<\/h3>\n\t\t\t<div class=\"t2-accordion-item__inner-container is-layout-flow\" id=\"accordion-panel-2\" aria-labelledby=\"rusmestringsgruppe\" role=\"region\" hidden>\n\t\t\t\t\n\t\t\t\t<p>M\u00e5let med rusmestringsgruppen er \u00e5 l\u00e6re om avhengighet og knytte dette til egen avhengighet. Vi oppfordrer alle i gruppen til \u00e5 hjelpe hverandre med erfaringsutveksling, lytte til hverandre, gi tilbakemeldinger, v\u00e6re st\u00f8ttende og gi gode r\u00e5d.<\/p>\n\n\t\t\t\n\t\t\t<\/div>\n\t\t<\/div><div class=\"t2-accordion-item wp-block-t2-accordion-item\" role=\"listitem\">\n\t\t\t<h3 class=\"t2-accordion-title\">\n\t\t\t\t<button type=\"button\" class=\"t2-accordion-trigger\" id=\"kj\u00f8nnsdelte-grupper\" aria-controls=\"accordion-panel-3\" aria-expanded=\"false\">\n\t\t\t\t\tKj\u00f8nnsdelte grupper\n\t\t\t\t\t<span class=\"t2-accordion-icon is-closed-icon\"><svg xmlns=\"http:\/\/www.w3.org\/2000\/svg\" viewBox=\"0 0 24 24\" height=\"24\" width=\"24\" class=\"t2-icon t2-icon-chevrondown\" aria-hidden=\"true\" focusable=\"false\"><path d=\"M12 14.9c-.1 0-.3 0-.4-.1-.1 0-.2-.1-.3-.2L6.7 10c-.2-.1-.3-.4-.3-.6 0-.3.1-.5.3-.7.2-.2.4-.3.7-.3s.5.1.7.3l3.9 3.9 3.9-3.9c.2-.2.4-.3.7-.3.3 0 .5.1.7.3.2.2.3.4.3.7s-.1.5-.3.7l-4.6 4.6c-.1.1-.2.2-.3.2H12z\" fill=\"currentColor\" \/><\/svg><\/span>\n\t\t\t\t\t<span class=\"t2-accordion-icon is-open-icon\"><svg xmlns=\"http:\/\/www.w3.org\/2000\/svg\" viewBox=\"0 0 24 24\" height=\"24\" width=\"24\" class=\"t2-icon t2-icon-chevronup\" aria-hidden=\"true\" focusable=\"false\"><path d=\"M6.7 14.7c-.2-.2-.3-.4-.3-.7s.1-.5.3-.7l4.6-4.6c.1-.1.2-.2.3-.2.1 0 .2-.1.4-.1.1 0 .3 0 .4.1.1 0 .2.1.3.2l4.6 4.6c.2.2.3.4.3.7s-.1.5-.3.7c-.2.2-.4.3-.7.3s-.5-.1-.7-.3L12 10.8l-3.9 3.9c-.2.2-.4.3-.7.3s-.5-.1-.7-.3z\" fill=\"currentColor\" \/><\/svg><\/span>\n\t\t\t\t<\/button>\n\t\t\t<\/h3>\n\t\t\t<div class=\"t2-accordion-item__inner-container is-layout-flow\" id=\"accordion-panel-3\" aria-labelledby=\"kj\u00f8nnsdelte-grupper\" role=\"region\" hidden>\n\t\t\t\t\n\t\t\t\t<p>Det er egne grupper for menn og kvinner. Her tar vi opp temaer rundt rus og avhengighet, hvordan rusproblemet p\u00e5virker familien, parforholdet og nettverk. Vi tror p\u00e5 konseptet gruppeterapi og betydningen av \u00e5 dele og gi tilbakemeldinger til hverandre.<\/p>\n<p>Gruppene er opptatt av hva som er fokuset her og n\u00e5, og hvordan dette p\u00e5virker f\u00f8lelsene. Dette er alts\u00e5 ikke en temastyrt gruppe.<\/p>\n\n\t\t\t\n\t\t\t<\/div>\n\t\t<\/div><div class=\"t2-accordion-item wp-block-t2-accordion-item\" role=\"listitem\">\n\t\t\t<h3 class=\"t2-accordion-title\">\n\t\t\t\t<button type=\"button\" class=\"t2-accordion-trigger\" id=\"foreldreveiledning\" aria-controls=\"accordion-panel-4\" aria-expanded=\"false\">\n\t\t\t\t\tForeldreveiledning\n\t\t\t\t\t<span class=\"t2-accordion-icon is-closed-icon\"><svg xmlns=\"http:\/\/www.w3.org\/2000\/svg\" viewBox=\"0 0 24 24\" height=\"24\" width=\"24\" class=\"t2-icon t2-icon-chevrondown\" aria-hidden=\"true\" focusable=\"false\"><path d=\"M12 14.9c-.1 0-.3 0-.4-.1-.1 0-.2-.1-.3-.2L6.7 10c-.2-.1-.3-.4-.3-.6 0-.3.1-.5.3-.7.2-.2.4-.3.7-.3s.5.1.7.3l3.9 3.9 3.9-3.9c.2-.2.4-.3.7-.3.3 0 .5.1.7.3.2.2.3.4.3.7s-.1.5-.3.7l-4.6 4.6c-.1.1-.2.2-.3.2H12z\" fill=\"currentColor\" \/><\/svg><\/span>\n\t\t\t\t\t<span class=\"t2-accordion-icon is-open-icon\"><svg xmlns=\"http:\/\/www.w3.org\/2000\/svg\" viewBox=\"0 0 24 24\" height=\"24\" width=\"24\" class=\"t2-icon t2-icon-chevronup\" aria-hidden=\"true\" focusable=\"false\"><path d=\"M6.7 14.7c-.2-.2-.3-.4-.3-.7s.1-.5.3-.7l4.6-4.6c.1-.1.2-.2.3-.2.1 0 .2-.1.4-.1.1 0 .3 0 .4.1.1 0 .2.1.3.2l4.6 4.6c.2.2.3.4.3.7s-.1.5-.3.7c-.2.2-.4.3-.7.3s-.5-.1-.7-.3L12 10.8l-3.9 3.9c-.2.2-.4.3-.7.3s-.5-.1-.7-.3z\" fill=\"currentColor\" \/><\/svg><\/span>\n\t\t\t\t<\/button>\n\t\t\t<\/h3>\n\t\t\t<div class=\"t2-accordion-item__inner-container is-layout-flow\" id=\"accordion-panel-4\" aria-labelledby=\"foreldreveiledning\" role=\"region\" hidden>\n\t\t\t\t\n\t\t\t\t<p>Pasientene vil bli n\u00e6rmere kjent med Trygghetssirkelen\/Circle of Security (COS). Modellen har som m\u00e5l at barnet utvikler trygg tilknytning til foreldrene sine. Trygghetssirkelen er tema b\u00e5de i grupper og i milj\u00f8terapien.<\/p>\n\n\t\t\t\n\t\t\t<\/div>\n\t\t<\/div><\/div>\n\n\n<h2 class=\"wp-block-heading\" id=\"h-bli-kjent-med-oss\">Bli kjent med oss<\/h2>\n\n\n\n<figure class=\"wp-block-embed dekode-gtm-iframe-preview is-type-video is-provider-youtube wp-block-embed-youtube wp-embed-aspect-16-9 wp-has-aspect-ratio\"><div class=\"wp-block-embed__wrapper\">\n<iframe title=\"Behandlingstilbud ved seksjon gravide | Bl\u00e5 Kors klinikk Skien\" width=\"500\" height=\"281\" data-cookieconsent=\"marketing\" data-cookieblock-src=\"https:\/\/www.youtube.com\/embed\/yOiJBmwpeIc?feature=oembed\"  allow=\"accelerometer; autoplay; clipboard-write; encrypted-media; gyroscope; picture-in-picture; web-share\" referrerpolicy=\"strict-origin-when-cross-origin\" allowfullscreen sandbox=\"allow-scripts allow-same-origin allow-popups allow-presentation allow-popups-to-escape-sandbox\"><\/iframe>\n\t\t<div class=\"cookieconsent-optout-marketing dekode-gtm-cookie-consent-video-placeholder\">\n\t\t\t<div class=\"dekode-gtm-cookie-consent is-block-core-embed is-provider-youtube\">\n\t\t\t\t\n\t\t\t<img decoding=\"async\" src=\"https:\/\/i.ytimg.com\/vi\/yOiJBmwpeIc\/hqdefault.jpg\" alt=\"youtube\" \/>\n\t\t\t\t<div class=\"overlay\">\n\t\t\t\t\t<div class=\"cookie-info\">\n\t\t\t\t\t\t<h2 id=\"her-ligger-det-medieinnhold-fra-en-ekstern-kilde\"  >Her ligger det medieinnhold fra en ekstern kilde. <\/h2> \n\n<p>For \u00e5 se innholdet, m\u00e5 du endre samtykket ditt.<\/p>\n\n<p>Les mer om hvordan dataen din blir behandlet av eksterne kilder i personvernerkl\u00e6ringen v\u00e5r.<\/p>\n\t\t\t\t\t\t<p>\n\t\t\t\t\t\t\t<a title=\"Endre samtykke\" class=\"dekode-gtm-cookiebot-renew\" href=\"#\">Endre samtykke<\/a>\n\t\t\t\t\t\t\t\n\t\t\t\t\t\t<\/p>\n\t\t\t\t\t<\/div>\n\t\t\t\t<\/div>\n\t\t\t<\/div>\n\t\t<\/div>\n<\/div><\/figure>\n\n\n\n<h2 class=\"wp-block-heading\" id=\"h-pappa-hva-med-han\">Pappa, hva med han?<\/h2>\n\n\n\n<p>Barnefar\/partner skal involveres i kvinnens behandling om hun \u00f8nsker det, og kan v\u00e6re ledsager og gjest i seksjonen i dagene f\u00f8r f\u00f8dsel. Om han ogs\u00e5 har behov for behandling for avhengighet kan han bli henvist for behandling sammen med sin gravide partner. <\/p>\n\n\n\n<p>Det vil bli vurdert i hvert enkelt tilfelle om behandlingstilbudet p\u00e5 seksjon for gravide er et egnet tilbud for barnefar\/partner. Det er ogs\u00e5 avhengig av den gravide kvinnens \u00f8nsker og behov. Vi kan  tilby r\u00e5d og veiledning om eventuelle andre behandlingstilbud som kan v\u00e6re aktuelle for barnefar\/partner.<\/p>\n\n\n\n<h2 class=\"wp-block-heading\" id=\"h-de-som-jobber-her\">De som jobber her<\/h2>\n\n\n\n<p>Den gravide rusavhengige har egen behandler som har et koordineringsansvar for kvinnen under oppholdet. Pasientene f\u00e5r tett oppf\u00f8lging av psykolog, jordmor og lege. Milj\u00f8personalet best\u00e5r av blant andre sykepleiere, barnevernspedagoger og vernepleiere.<\/p>\n\n\n\n<p>Vi har avtale med fysioterapeut som kan bist\u00e5 om det er behov for det.<\/p>\n\n\n\n<h2 class=\"wp-block-heading\" id=\"h-samarbeid-med-andre\">Samarbeid med andre<\/h2>\n\n\n\n<p>Vi legger vekt p\u00e5 samarbeid med kommunen\/barneverntjenesten. Sykehuset Telemark er samarbeidspartner om f\u00f8dsel og barseltid. For \u00e5 skape mest mulig trygghet og forutsigbarhet for den gravide lager hun en f\u00f8dselsplan i samarbeid med oss og vi har n\u00e6r kontakt med f\u00f8deavdelingen gjennom svangerskapet. Vi tilrettelegger ogs\u00e5 for at kvinner kan f\u00f8de p\u00e5 sykehus n\u00e6r sitt hjemsted, &#8211; der det er kompetanse til \u00e5 ivareta barnets behov for helsehjelp<\/p>\n\n\n\n\t\t<div class=\"wp-block-lib-accentuated-link\">\n\t\t\t<a\n\t\t\t\tclass=\"lib-link__link\"\n\t\t\t\thref=\"https:\/\/www.blakors.no\/klinikk-skien\/trygghet-og-mot-til-a-vaere-en-rusfri-mamma\/\"\n\t\t\t\ttarget=\"\"\n\t\t\t\trel=\"\"\n\t\t\t>\n\t\t\t\t\n\t\t\t\t<div class=\"lib-link__text-content\">\n\t\t\t\t\t<span class=\"lib-link__tagline\">\n\t\t\t\t\t\tAlso read\n\t\t\t\t\t<\/span>\n\n\t\t\t\t\t<h3 class=\"lib-link__title\">\n\t\t\t\t\t\tTrygghet og mot til \u00e5 v\u00e6re en rusfri mamma\n\t\t\t\t\t<\/h3>\n\n\t\t\t\t\t\n\t\t\t\t<\/div>\n\t\t\t<\/a>\n\t\t<\/div>\n\n\n<h2 class=\"wp-block-heading\" id=\"h-god-oppfolging-og-koordinert-tilbud\">God oppf\u00f8lging og koordinert tilbud<\/h2>\n\n\n\n<p>Nasjonale pasientforl\u00f8p for gravide med rusproblemer skal sikre at den gravide f\u00e5r god oppf\u00f8lging og koordinerte tjenester. <\/p>\n\n\n\n<p>M\u00e5lsetningen er:<\/p>\n\n\n\n<ul class=\"wp-block-list\">\n<li>N\u00e5 frem til og tilby oppf\u00f8lging til flere kvinner som bruker\/har brukt rusmidler og vanedannende legemidler i svangerskapet&nbsp;<\/li>\n\n\n\n<li>Sikre god ivaretakelse av foster og kvinne&nbsp;<\/li>\n\n\n\n<li>Forebygge\/minimere eventuelle fosterskadelige effekter av rusmidler\/legemidler&nbsp;<\/li>\n\n\n\n<li>Legge til rette for at kvinnen skal kunne ta vare p\u00e5 barnet og forberede seg p\u00e5 foreldrerollen&nbsp;<\/li>\n\n\n\n<li>Sikre videref\u00f8ring til andre nasjonale pasientforl\u00f8p<\/li>\n<\/ul>\n\n\n\n<p><\/p>\n\n\n\n\t\t<div class=\"wp-block-lib-accentuated-link\">\n\t\t\t<a class=\"lib-link__link\" href=\"https:\/\/www.helsedirektoratet.no\/pakkeforlop\/gravide-og-rusmidler\" target=\"\" rel=\"noopener\">\n\t\t\t\t\n\t\t\t\t<div class=\"lib-link__text-content\">\n\t\t\t\t\t<span class=\"lib-link__tagline\">\n\t\t\t\t\t\tLes mer\n\t\t\t\t\t<\/span>\n\n\t\t\t\t\t<h3 class=\"lib-link__title\">\n\t\t\t\t\t\tPasientforl\u00f8p gravide og rusmidler\n\t\t\t\t\t<\/h3>\n\n\t\t\t\t\t\n\t\t\t<span class=\"lib-link__link-source\">\n\t\t\t\twww.helsedirektoratet.no\n\t\t\t\t<svg xmlns=\"http:\/\/www.w3.org\/2000\/svg\" viewBox=\"0 0 24 24\" height=\"24\" width=\"24\" class=\"t2-icon t2-icon-linkexternal\" aria-hidden=\"true\" focusable=\"false\"><path d=\"M5 21c-.5 0-1-.2-1.4-.6S3 19.6 3 19V5c0-.6.2-1 .6-1.4S4.5 3 5 3h6c.3 0 .5.1.7.3.2.2.3.4.3.7 0 .3-.1.5-.3.7-.2.2-.4.3-.7.3H5v14h14v-6c0-.3.1-.5.3-.7.2-.2.4-.3.7-.3s.5.1.7.3c.2.2.3.4.3.7v6c0 .6-.2 1-.6 1.4s-.8.6-1.4.6H5zm4-6c-.2-.2-.3-.4-.3-.7s.1-.5.3-.7L17.6 5H15c-.3 0-.5-.1-.7-.3-.2-.2-.3-.4-.3-.7 0-.3.1-.5.3-.7.2-.2.4-.3.7-.3h5c.3 0 .5.1.7.3.2.2.3.4.3.7v5c0 .3-.1.5-.3.7-.2.2-.4.3-.7.3s-.5-.1-.7-.3c-.2-.2-.3-.4-.3-.7V6.4L10.4 15c-.2.2-.4.3-.7.3s-.5-.1-.7-.3z\" fill=\"currentColor\" \/><\/svg>\n\t\t\t<\/span>\n\t\t\t\t<\/div>\n\t\t\t<\/a>\n\t\t<\/div>\n\n\n<h2 class=\"wp-block-heading\" id=\"h-rapport-om-pasientgruppen\">Rapport om pasientgruppen<\/h2>\n\n\n\n<p>KORUS s\u00f8r ved samfunnsviter Rosanne Kristiansen har gitt ut rapporten <a href=\"https:\/\/www.blakors.no\/content\/uploads\/sites\/16\/2023\/02\/86708-Skjermet-rapport-2-september-2015.pdf\">&laquo;Gravide innlagt etter \u00a710-3 ved Borgestadklinikken i perioden 2011-2014 &laquo;<\/a>. Tallene er sammenlignet med perioden 1996-2010. <\/p>\n\n\n\n<h2 class=\"wp-block-heading\" id=\"h-noen-bildeglimt\">Noen bildeglimt:<\/h2>\n\n\n\t<div class=\"custom-block-gallery\" data-pswp-uid=\"69f4aab36e18e\">\n\t\t<ul class=\"gallery\">\n\t\t\t\t\t\t\t<li class=\"gallery-item\" data-pswp-pid=\"0\">\n\t\t\t\t\t<img loading=\"lazy\" decoding=\"async\" src=\"https:\/\/www.blakors.no\/content\/uploads\/sites\/16\/2020\/11\/uteplass-seksjon-for-gravide-2017-768x551.jpg\" alt=\"Uteplass med m\u00f8bler og blomster\" width=\"1024\" height=\"735\" \/>\n\t\t\t\t\t\t\t\t\t<\/li>\n\t\t\t\t\t\t\t\t<li class=\"gallery-item\" data-pswp-pid=\"1\">\n\t\t\t\t\t<img loading=\"lazy\" decoding=\"async\" src=\"https:\/\/www.blakors.no\/content\/uploads\/sites\/16\/2020\/11\/stue-seksjon-for-gravide-2017-768x486.jpg\" alt=\"stue p\u00e5 seksjon for gravide\" width=\"1024\" height=\"648\" \/>\n\t\t\t\t\t\t\t\t\t<\/li>\n\t\t\t\t\t\t\t\t<li class=\"gallery-item\" data-pswp-pid=\"2\">\n\t\t\t\t\t<img loading=\"lazy\" decoding=\"async\" src=\"https:\/\/www.blakors.no\/content\/uploads\/sites\/16\/2020\/11\/rom-ved-seksjon-for-gravide-Borgestadklinikken-768x512.jpg\" alt=\"rom i seksjon for gravide\" width=\"1024\" height=\"683\" \/>\n\t\t\t\t\t\t\t\t\t<\/li>\n\t\t\t\t\t\t\t\t<li class=\"gallery-item\" data-pswp-pid=\"3\">\n\t\t\t\t\t<img loading=\"lazy\" decoding=\"async\" src=\"https:\/\/www.blakors.no\/content\/uploads\/sites\/16\/2020\/11\/Jordmor-unders\u00f8ker-gravid-pasient-1-2019-768x1024.jpg\" alt=\"jordmor lytter til babys hjerteslag\" width=\"768\" height=\"1024\" \/>\n\t\t\t\t\t\t\t\t\t<\/li>\n\t\t\t\t\t\t<\/ul>\n\t<\/div>\n\n\n\n<h2 class=\"wp-block-heading\" id=\"h-her-finner-du-oss\">Her finner du oss<\/h2>\n\n\n\n<iframe loading=\"lazy\" src=\"https:\/\/www.google.com\/maps\/embed?pb=!1m18!1m12!1m3!1d2045.3496654486382!2d9.657614315651882!3d59.16000673162977!2m3!1f0!2f0!3f0!3m2!1i1024!2i768!4f13.1!3m3!1m2!1s0x4647208791e6f069%3A0x4fe68cdeaa6beb!2sBl%C3%A5%20Kors%20Borgestadklinikken%20Borgestad!5e0!3m2!1sno!2sno!4v1602449987194!5m2!1sno!2sno\" width=\"600\" height=\"450\" frameborder=\"0\" style=\"border:0;\" allowfullscreen=\"\" aria-hidden=\"false\" tabindex=\"0\"><\/iframe>\n","protected":false},"excerpt":{"rendered":"<p>Seksjonen har 8 plasser. Vi har mulighet til \u00e5 tilby ekstra rammer for gravide som har behov for det , eller som er innlagt mot eget samtykke etter Lov om helse- og omsorgstjenester \u00a7 10-3. Vi tar i mot pasienter fra hele Helse S\u00f8r-\u00d8st regionen og kan ogs\u00e5 ta i mot pasienter fra andre deler [&hellip;]<\/p>\n","protected":false},"author":23,"featured_media":607,"parent":0,"menu_order":0,"comment_status":"closed","ping_status":"closed","template":"","meta":{"_acf_changed":false,"_relevanssi_hide_post":"","_relevanssi_hide_content":"","_relevanssi_pin_for_all":"on","_relevanssi_pin_keywords":"Gravid rusavhengig, behandling for gravide med rusproblemer\n","_relevanssi_unpin_keywords":"","_relevanssi_related_keywords":"","_relevanssi_related_include_ids":"","_relevanssi_related_exclude_ids":"","_relevanssi_related_no_append":"","_relevanssi_related_not_related":"","_relevanssi_related_posts":"1,38","_relevanssi_noindex_reason":"","_custom_cards_description":"","footnotes":""},"class_list":["post-72","page","type-page","status-publish","has-post-thumbnail","hentry"],"acf":[],"_links":{"self":[{"href":"https:\/\/www.blakors.no\/klinikk-skien\/wp-json\/wp\/v2\/pages\/72","targetHints":{"allow":["GET"]}}],"collection":[{"href":"https:\/\/www.blakors.no\/klinikk-skien\/wp-json\/wp\/v2\/pages"}],"about":[{"href":"https:\/\/www.blakors.no\/klinikk-skien\/wp-json\/wp\/v2\/types\/page"}],"author":[{"embeddable":true,"href":"https:\/\/www.blakors.no\/klinikk-skien\/wp-json\/wp\/v2\/users\/23"}],"replies":[{"embeddable":true,"href":"https:\/\/www.blakors.no\/klinikk-skien\/wp-json\/wp\/v2\/comments?post=72"}],"version-history":[{"count":5,"href":"https:\/\/www.blakors.no\/klinikk-skien\/wp-json\/wp\/v2\/pages\/72\/revisions"}],"predecessor-version":[{"id":3297,"href":"https:\/\/www.blakors.no\/klinikk-skien\/wp-json\/wp\/v2\/pages\/72\/revisions\/3297"}],"wp:featuredmedia":[{"embeddable":true,"href":"https:\/\/www.blakors.no\/klinikk-skien\/wp-json\/wp\/v2\/media\/607"}],"wp:attachment":[{"href":"https:\/\/www.blakors.no\/klinikk-skien\/wp-json\/wp\/v2\/media?parent=72"}],"curies":[{"name":"wp","href":"https:\/\/api.w.org\/{rel}","templated":true}]}}