{"id":2,"date":"2020-03-24T11:10:49","date_gmt":"2020-03-24T10:10:49","guid":{"rendered":"https:\/\/www.blakors.no\/kristiansand\/?page_id=2"},"modified":"2026-03-24T13:26:11","modified_gmt":"2026-03-24T12:26:11","slug":"bla-kors-kristiansand","status":"publish","type":"page","link":"https:\/\/www.blakors.no\/kristiansand\/","title":{"rendered":"Bl\u00e5 Kors Kristiansand"},"content":{"rendered":"\n\t<div style=\"--t2-hero-dim:0;\" class=\"t2-hero t2-hero-content-position-center-left t2-hero-has-dim-0 t2-hero-has-fullsize-image alignfull  t2-hero-has-white-gradient-overlay wp-block-t2-hero\">\n\t\t<img decoding=\"async\" width=\"1920\" height=\"1280\" src=\"https:\/\/www.blakors.no\/content\/uploads\/sites\/11\/2024\/12\/Fasade2-Bla-Kors-Kristiansand.png\" class=\"t2-hero__image\" alt=\"Bla\u030a Kors Kristiansand fasade\" style=\"object-position: 62% 37%;\" loading=\"eager\" fetchpriority=\"high\" srcset=\"https:\/\/www.blakors.no\/content\/uploads\/sites\/11\/2024\/12\/Fasade2-Bla-Kors-Kristiansand.png 1920w, https:\/\/www.blakors.no\/content\/uploads\/sites\/11\/2024\/12\/Fasade2-Bla-Kors-Kristiansand-300x200.png 300w, https:\/\/www.blakors.no\/content\/uploads\/sites\/11\/2024\/12\/Fasade2-Bla-Kors-Kristiansand-1024x683.png 1024w, https:\/\/www.blakors.no\/content\/uploads\/sites\/11\/2024\/12\/Fasade2-Bla-Kors-Kristiansand-768x512.png 768w, https:\/\/www.blakors.no\/content\/uploads\/sites\/11\/2024\/12\/Fasade2-Bla-Kors-Kristiansand-1536x1024.png 1536w\" sizes=\"(max-width: 1920px) 100vw, 1920px\" \/>\n\t\t<div class=\"t2-hero__header\"><div class=\"t2-hero__header__content\">\n\n<h1 id=\"i-sentrum-star-et-menneske\"  class=\"wp-block-heading alignfull has-text-align-center\" >I sentrum st\u00e5r et menneske<\/h1>\n\n\n\n<p class=\"has-text-align-left\">Vi kan alle bidra p\u00e5 hver v\u00e5r m\u00e5te slik at hver enkelt kjenner seg inkludert og verdifull. Med hjerte, kunnskap og kraft har Bla\u030a Kors Kristiansand i over 110 a\u030ar v\u00e6rt en trygg havn for mennesker som av ulike a\u030arsaker sliter i hverdagen. Det skal vi fortsatt v\u00e6re.<\/p>\n\n<\/div><\/div>\n\t<\/div>\n\n\n<h2 class=\"wp-block-heading alignwide has-text-align-center\" id=\"h-aktuelt\">Aktuelle saker:<\/h2>\n\n\n\n<hr class=\"wp-block-separator alignwide has-alpha-channel-opacity is-style-wide\"\/>\n\n\n<div class=\"t2-featured-content-layout alignwide alignwide wp-block-t2-featured-content-layout\" role=\"list\">\n<div class=\"t2-featured-query-post t2-featured-content is-post-type-post category-bla-kors-kristiansand wp-block-t2-featured-query-post\" role=\"listitem\"><a class=\"t2-post-link wp-block-t2-post-link\" href=\"https:\/\/www.blakors.no\/kristiansand\/2026\/04\/10\/praktboligen-pa-royknes-offisielt-apnet\/\">\n<figure style=\"--t2-focal-point: 50% 50%;\" class=\"t2-post-featured-image has-image-ratio-16-9 wp-block-t2-post-featured-image\"><img loading=\"lazy\" decoding=\"async\" width=\"1920\" height=\"1280\" src=\"https:\/\/www.blakors.no\/content\/uploads\/sites\/11\/2026\/04\/royknes-apning-cam2-Apning.png\" class=\"attachment-post-thumbnail size-post-thumbnail wp-post-image\" alt=\"\u00c5pning av Maskinmesterboligen p\u00e5 R\u00f8yknes\" srcset=\"https:\/\/www.blakors.no\/content\/uploads\/sites\/11\/2026\/04\/royknes-apning-cam2-Apning.png 1920w, https:\/\/www.blakors.no\/content\/uploads\/sites\/11\/2026\/04\/royknes-apning-cam2-Apning-300x200.png 300w, https:\/\/www.blakors.no\/content\/uploads\/sites\/11\/2026\/04\/royknes-apning-cam2-Apning-1024x683.png 1024w, https:\/\/www.blakors.no\/content\/uploads\/sites\/11\/2026\/04\/royknes-apning-cam2-Apning-768x512.png 768w, https:\/\/www.blakors.no\/content\/uploads\/sites\/11\/2026\/04\/royknes-apning-cam2-Apning-1536x1024.png 1536w\" sizes=\"auto, (min-width: 782px) 768px, 100vw\" \/><\/figure>\n\n<div class=\"wp-block-group alignfull is-layout-flow wp-block-group-is-layout-flow\">\n\t<h2 id=\"praktboligen-pa-royknes-offisielt-apnet\"  class=\"t2-post-title wp-block-t2-post-title\" >Praktboligen p\u00e5 R\u00f8yknes offisielt \u00e5pnet<\/h2>\n\t\n\t\t\t<div class=\"single-meta t2-post-excerpt card-description wp-block-blakors-meta-display\"><\/div>\n\t\n<\/div>\n\n<\/a>\n<\/div>\n\n<div class=\"t2-featured-query-post t2-featured-content is-post-type-post category-ukategorisert wp-block-t2-featured-query-post\" role=\"listitem\"><a class=\"t2-post-link wp-block-t2-post-link\" href=\"https:\/\/www.blakors.no\/kristiansand\/2026\/03\/24\/paskemarked-midt-i-blinken-for-hele-familien\/\">\n<figure style=\"--t2-focal-point: 50% 50%;\" class=\"t2-post-featured-image has-image-ratio-16-9 wp-block-t2-post-featured-image\"><img loading=\"lazy\" decoding=\"async\" width=\"3840\" height=\"2880\" src=\"https:\/\/www.blakors.no\/content\/uploads\/sites\/11\/2026\/03\/Karianne-Akeland-Hillesund-Chalotte-Skjeggedal-og-Heidi-Uldal-scaled.jpg\" class=\"attachment-post-thumbnail size-post-thumbnail wp-post-image\" alt=\"Karianne Akeland Hillesund, Chalotte Skjeggedal og Heidi Uldal\" srcset=\"https:\/\/www.blakors.no\/content\/uploads\/sites\/11\/2026\/03\/Karianne-Akeland-Hillesund-Chalotte-Skjeggedal-og-Heidi-Uldal-scaled.jpg 3840w, https:\/\/www.blakors.no\/content\/uploads\/sites\/11\/2026\/03\/Karianne-Akeland-Hillesund-Chalotte-Skjeggedal-og-Heidi-Uldal-300x225.jpg 300w, https:\/\/www.blakors.no\/content\/uploads\/sites\/11\/2026\/03\/Karianne-Akeland-Hillesund-Chalotte-Skjeggedal-og-Heidi-Uldal-1024x768.jpg 1024w, https:\/\/www.blakors.no\/content\/uploads\/sites\/11\/2026\/03\/Karianne-Akeland-Hillesund-Chalotte-Skjeggedal-og-Heidi-Uldal-768x576.jpg 768w, https:\/\/www.blakors.no\/content\/uploads\/sites\/11\/2026\/03\/Karianne-Akeland-Hillesund-Chalotte-Skjeggedal-og-Heidi-Uldal-1536x1152.jpg 1536w, https:\/\/www.blakors.no\/content\/uploads\/sites\/11\/2026\/03\/Karianne-Akeland-Hillesund-Chalotte-Skjeggedal-og-Heidi-Uldal-2048x1536.jpg 2048w, https:\/\/www.blakors.no\/content\/uploads\/sites\/11\/2026\/03\/Karianne-Akeland-Hillesund-Chalotte-Skjeggedal-og-Heidi-Uldal-1920x1440.jpg 1920w\" sizes=\"auto, (min-width: 782px) 768px, 100vw\" \/><\/figure>\n\n<div class=\"wp-block-group alignfull is-layout-flow wp-block-group-is-layout-flow\">\n\t<h2 id=\"paskemarked-midt-i-blinken-for-hele-familien\"  class=\"t2-post-title wp-block-t2-post-title\" >P\u00e5skemarked: Midt i blinken for hele familien<\/h2>\n\t\n\t\t\t<div class=\"single-meta t2-post-excerpt card-description wp-block-blakors-meta-display\"><\/div>\n\t\n<\/div>\n\n<\/a>\n<\/div>\n\n<div class=\"t2-featured-query-post t2-featured-content is-post-type-post category-bla-kors-kristiansand wp-block-t2-featured-query-post\" role=\"listitem\"><a class=\"t2-post-link wp-block-t2-post-link\" href=\"https:\/\/www.blakors.no\/kristiansand\/2026\/03\/16\/styrker-informasjonsarbeidet\/\">\n<figure style=\"--t2-focal-point: 50% 50%;\" class=\"t2-post-featured-image has-image-ratio-16-9 wp-block-t2-post-featured-image\"><img loading=\"lazy\" decoding=\"async\" width=\"1920\" height=\"1282\" src=\"https:\/\/www.blakors.no\/content\/uploads\/sites\/11\/2026\/03\/Marte-og-Mikkel.jpg\" class=\"attachment-post-thumbnail size-post-thumbnail wp-post-image\" alt=\"Marte og Mikkel\" srcset=\"https:\/\/www.blakors.no\/content\/uploads\/sites\/11\/2026\/03\/Marte-og-Mikkel.jpg 1920w, https:\/\/www.blakors.no\/content\/uploads\/sites\/11\/2026\/03\/Marte-og-Mikkel-300x200.jpg 300w, https:\/\/www.blakors.no\/content\/uploads\/sites\/11\/2026\/03\/Marte-og-Mikkel-1024x684.jpg 1024w, https:\/\/www.blakors.no\/content\/uploads\/sites\/11\/2026\/03\/Marte-og-Mikkel-768x513.jpg 768w, https:\/\/www.blakors.no\/content\/uploads\/sites\/11\/2026\/03\/Marte-og-Mikkel-1536x1026.jpg 1536w\" sizes=\"auto, (min-width: 782px) 768px, 100vw\" \/><\/figure>\n\n<div class=\"wp-block-group alignfull is-layout-flow wp-block-group-is-layout-flow\">\n\t<h2 id=\"styrker-informasjonsarbeidet\"  class=\"t2-post-title wp-block-t2-post-title\" >Styrker informasjonsarbeidet<\/h2>\n\t<div class=\"wp-block-post-date__modified-date wp-block-post-date\"><time datetime=\"2026-03-16T15:24:10+01:00\">16. mars 2026<\/time><\/div>\n\t\t\t<div class=\"single-meta t2-post-excerpt card-description wp-block-blakors-meta-display\"><\/div>\n\t\n<\/div>\n\n<\/a>\n<\/div>\n\n<div class=\"t2-featured-query-post t2-featured-content is-post-type-post category-ukategorisert wp-block-t2-featured-query-post\" role=\"listitem\"><a class=\"t2-post-link wp-block-t2-post-link\" href=\"https:\/\/www.blakors.no\/kristiansand\/2026\/03\/13\/claudia-scott-pa-bla-torsdag-ekte-og-personlig\/\">\n<figure style=\"--t2-focal-point: 50% 50%;\" class=\"t2-post-featured-image has-image-ratio-16-9 wp-block-t2-post-featured-image\"><img loading=\"lazy\" decoding=\"async\" width=\"2000\" height=\"1500\" src=\"https:\/\/www.blakors.no\/content\/uploads\/sites\/11\/2026\/03\/Claudia-Scott-3.jpg\" class=\"attachment-post-thumbnail size-post-thumbnail wp-post-image\" alt=\"\" srcset=\"https:\/\/www.blakors.no\/content\/uploads\/sites\/11\/2026\/03\/Claudia-Scott-3.jpg 2000w, https:\/\/www.blakors.no\/content\/uploads\/sites\/11\/2026\/03\/Claudia-Scott-3-300x225.jpg 300w, https:\/\/www.blakors.no\/content\/uploads\/sites\/11\/2026\/03\/Claudia-Scott-3-1024x768.jpg 1024w, https:\/\/www.blakors.no\/content\/uploads\/sites\/11\/2026\/03\/Claudia-Scott-3-768x576.jpg 768w, https:\/\/www.blakors.no\/content\/uploads\/sites\/11\/2026\/03\/Claudia-Scott-3-1536x1152.jpg 1536w, https:\/\/www.blakors.no\/content\/uploads\/sites\/11\/2026\/03\/Claudia-Scott-3-1920x1440.jpg 1920w\" sizes=\"auto, (min-width: 782px) 768px, 100vw\" \/><\/figure>\n\n<div class=\"wp-block-group alignfull is-layout-flow wp-block-group-is-layout-flow\">\n\t<h2 id=\"claudia-scott-pa-bla-torsdag-ekte-og-personlig\"  class=\"t2-post-title wp-block-t2-post-title\" >Claudia Scott p\u00e5 Bl\u00e5 Torsdag: Ekte og personlig<\/h2>\n\t\n\t\t\t<div class=\"single-meta t2-post-excerpt card-description wp-block-blakors-meta-display\"><\/div>\n\t\n<\/div>\n\n<\/a>\n<\/div>\n\n<div class=\"t2-featured-query-post t2-featured-content is-post-type-post category-ukategorisert wp-block-t2-featured-query-post\" role=\"listitem\"><a class=\"t2-post-link wp-block-t2-post-link\" href=\"https:\/\/www.blakors.no\/kristiansand\/2026\/03\/12\/gospel-fredag-hos-bla-kors-og-publikum-velger-latene\/\">\n<figure style=\"--t2-focal-point: 50% 50%;\" class=\"t2-post-featured-image has-image-ratio-16-9 wp-block-t2-post-featured-image\"><img loading=\"lazy\" decoding=\"async\" width=\"2000\" height=\"1334\" src=\"https:\/\/www.blakors.no\/content\/uploads\/sites\/11\/2020\/11\/WEB_2020-02-22-Bl\u00dc_Kors_Festaften_Kilden-00068.jpg\" class=\"attachment-post-thumbnail size-post-thumbnail wp-post-image\" alt=\"Gospelkoret Exodus\" srcset=\"https:\/\/www.blakors.no\/content\/uploads\/sites\/11\/2020\/11\/WEB_2020-02-22-Bl\u00dc_Kors_Festaften_Kilden-00068.jpg 2000w, https:\/\/www.blakors.no\/content\/uploads\/sites\/11\/2020\/11\/WEB_2020-02-22-Bl\u00dc_Kors_Festaften_Kilden-00068-300x200.jpg 300w, https:\/\/www.blakors.no\/content\/uploads\/sites\/11\/2020\/11\/WEB_2020-02-22-Bl\u00dc_Kors_Festaften_Kilden-00068-1024x683.jpg 1024w, https:\/\/www.blakors.no\/content\/uploads\/sites\/11\/2020\/11\/WEB_2020-02-22-Bl\u00dc_Kors_Festaften_Kilden-00068-768x512.jpg 768w, https:\/\/www.blakors.no\/content\/uploads\/sites\/11\/2020\/11\/WEB_2020-02-22-Bl\u00dc_Kors_Festaften_Kilden-00068-1536x1025.jpg 1536w\" sizes=\"auto, (min-width: 782px) 768px, 100vw\" \/><\/figure>\n\n<div class=\"wp-block-group alignfull is-layout-flow wp-block-group-is-layout-flow\">\n\t<h2 id=\"gospel-fredag-hos-bla-kors-og-publikum-velger-latene\"  class=\"t2-post-title wp-block-t2-post-title\" >Gospel-fredag hos Bl\u00e5 Kors og publikum velger l\u00e5tene<\/h2>\n\t\n\t\t\t<div class=\"single-meta t2-post-excerpt card-description wp-block-blakors-meta-display\"><\/div>\n\t\n<\/div>\n\n<\/a>\n<\/div>\n\n<div class=\"t2-featured-query-post t2-featured-content is-post-type-post category-ukategorisert wp-block-t2-featured-query-post\" role=\"listitem\"><a class=\"t2-post-link wp-block-t2-post-link\" href=\"https:\/\/www.blakors.no\/kristiansand\/2026\/03\/12\/oppfordrer-ta-turen-innom-moteplassen\/\">\n<figure style=\"--t2-focal-point: 50% 50%;\" class=\"t2-post-featured-image has-image-ratio-16-9 wp-block-t2-post-featured-image\"><img loading=\"lazy\" decoding=\"async\" width=\"1920\" height=\"1440\" src=\"https:\/\/www.blakors.no\/content\/uploads\/sites\/11\/2026\/03\/Anette-Nygaard.jpg\" class=\"attachment-post-thumbnail size-post-thumbnail wp-post-image\" alt=\"Anette Nyg\u00e5rd Kristoffersen\" srcset=\"https:\/\/www.blakors.no\/content\/uploads\/sites\/11\/2026\/03\/Anette-Nygaard.jpg 1920w, https:\/\/www.blakors.no\/content\/uploads\/sites\/11\/2026\/03\/Anette-Nygaard-300x225.jpg 300w, https:\/\/www.blakors.no\/content\/uploads\/sites\/11\/2026\/03\/Anette-Nygaard-1024x768.jpg 1024w, https:\/\/www.blakors.no\/content\/uploads\/sites\/11\/2026\/03\/Anette-Nygaard-768x576.jpg 768w, https:\/\/www.blakors.no\/content\/uploads\/sites\/11\/2026\/03\/Anette-Nygaard-1536x1152.jpg 1536w\" sizes=\"auto, (min-width: 782px) 768px, 100vw\" \/><\/figure>\n\n<div class=\"wp-block-group alignfull is-layout-flow wp-block-group-is-layout-flow\">\n\t<h2 id=\"oppfordrer-ta-turen-innom-moteplassen\"  class=\"t2-post-title wp-block-t2-post-title\" >Oppfordrer: &#8211; Ta turen innom \u00abM\u00f8teplassen\u00bb!<\/h2>\n\t\n\t\t\t<div class=\"single-meta t2-post-excerpt card-description wp-block-blakors-meta-display\"><\/div>\n\t\n<\/div>\n\n<\/a>\n<\/div>\n\n<div class=\"t2-featured-query-post t2-featured-content is-post-type-post category-bla-kors-kristiansand wp-block-t2-featured-query-post\" role=\"listitem\"><a class=\"t2-post-link wp-block-t2-post-link\" href=\"https:\/\/www.blakors.no\/kristiansand\/2026\/03\/02\/de-populaere-bla-torsdag-konsertene-er-tilbake\/\">\n<figure style=\"--t2-focal-point: 50% 50%;\" class=\"t2-post-featured-image has-image-ratio-16-9 wp-block-t2-post-featured-image\"><img loading=\"lazy\" decoding=\"async\" width=\"1920\" height=\"2085\" src=\"https:\/\/www.blakors.no\/content\/uploads\/sites\/11\/2026\/01\/Gaute-far-Bla-Kors-boka.png\" class=\"attachment-post-thumbnail size-post-thumbnail wp-post-image\" alt=\"Gaute fa\u030ar Bla\u030a Kors-boka\" srcset=\"https:\/\/www.blakors.no\/content\/uploads\/sites\/11\/2026\/01\/Gaute-far-Bla-Kors-boka.png 1920w, https:\/\/www.blakors.no\/content\/uploads\/sites\/11\/2026\/01\/Gaute-far-Bla-Kors-boka-276x300.png 276w, https:\/\/www.blakors.no\/content\/uploads\/sites\/11\/2026\/01\/Gaute-far-Bla-Kors-boka-943x1024.png 943w, https:\/\/www.blakors.no\/content\/uploads\/sites\/11\/2026\/01\/Gaute-far-Bla-Kors-boka-768x834.png 768w, https:\/\/www.blakors.no\/content\/uploads\/sites\/11\/2026\/01\/Gaute-far-Bla-Kors-boka-1414x1536.png 1414w, https:\/\/www.blakors.no\/content\/uploads\/sites\/11\/2026\/01\/Gaute-far-Bla-Kors-boka-1886x2048.png 1886w, https:\/\/www.blakors.no\/content\/uploads\/sites\/11\/2026\/01\/Gaute-far-Bla-Kors-boka-1326x1440.png 1326w\" sizes=\"auto, (min-width: 782px) 768px, 100vw\" \/><\/figure>\n\n<div class=\"wp-block-group alignfull is-layout-flow wp-block-group-is-layout-flow\">\n\t<h2 id=\"de-populaere-bla-torsdag-konsertene-er-tilbake\"  class=\"t2-post-title wp-block-t2-post-title\" >De popul\u00e6re Bl\u00e5 Torsdag-konsertene er tilbake<\/h2>\n\t<div class=\"wp-block-post-date__modified-date wp-block-post-date\"><time datetime=\"2026-03-12T12:36:53+01:00\">12. mars 2026<\/time><\/div>\n\t\t\t<div class=\"single-meta t2-post-excerpt card-description wp-block-blakors-meta-display\"><\/div>\n\t\n<\/div>\n\n<\/a>\n<\/div>\n\n<div class=\"t2-featured-query-post t2-featured-content is-post-type-post category-bla-kors-kristiansand wp-block-t2-featured-query-post\" role=\"listitem\"><a class=\"t2-post-link wp-block-t2-post-link\" href=\"https:\/\/www.blakors.no\/kristiansand\/2026\/02\/12\/camilla-hoigaard-ny-medarbeider\/\">\n<figure style=\"--t2-focal-point: 50% 50%;\" class=\"t2-post-featured-image has-image-ratio-16-9 wp-block-t2-post-featured-image\"><img loading=\"lazy\" decoding=\"async\" width=\"1920\" height=\"1283\" src=\"https:\/\/www.blakors.no\/content\/uploads\/sites\/11\/2026\/03\/Camilla-H-opt.jpg\" class=\"attachment-post-thumbnail size-post-thumbnail wp-post-image\" alt=\"Camilla H\u00f8igaard\" srcset=\"https:\/\/www.blakors.no\/content\/uploads\/sites\/11\/2026\/03\/Camilla-H-opt.jpg 1920w, https:\/\/www.blakors.no\/content\/uploads\/sites\/11\/2026\/03\/Camilla-H-opt-300x200.jpg 300w, https:\/\/www.blakors.no\/content\/uploads\/sites\/11\/2026\/03\/Camilla-H-opt-1024x684.jpg 1024w, https:\/\/www.blakors.no\/content\/uploads\/sites\/11\/2026\/03\/Camilla-H-opt-768x513.jpg 768w, https:\/\/www.blakors.no\/content\/uploads\/sites\/11\/2026\/03\/Camilla-H-opt-1536x1026.jpg 1536w\" sizes=\"auto, (min-width: 782px) 768px, 100vw\" \/><\/figure>\n\n<div class=\"wp-block-group alignfull is-layout-flow wp-block-group-is-layout-flow\">\n\t<h2 id=\"camilla-hoigaard-ny-medarbeider\"  class=\"t2-post-title wp-block-t2-post-title\" >Camilla H\u00f8igaard ny medarbeider<\/h2>\n\t<div class=\"wp-block-post-date__modified-date wp-block-post-date\"><time datetime=\"2026-03-12T13:08:44+01:00\">12. mars 2026<\/time><\/div>\n\t\t\t<div class=\"single-meta t2-post-excerpt card-description wp-block-blakors-meta-display\"><\/div>\n\t\n<\/div>\n\n<\/a>\n<\/div>\n\n<div class=\"t2-featured-query-post t2-featured-content is-post-type-post category-ukategorisert wp-block-t2-featured-query-post\" role=\"listitem\"><a class=\"t2-post-link wp-block-t2-post-link\" href=\"https:\/\/www.blakors.no\/kristiansand\/2026\/01\/30\/sjarmerende-blatorsdag-konsert-med-gaute-ormasen\/\">\n<figure style=\"--t2-focal-point: 50% 50%;\" class=\"t2-post-featured-image has-image-ratio-16-9 wp-block-t2-post-featured-image\"><img loading=\"lazy\" decoding=\"async\" width=\"3840\" height=\"2160\" src=\"https:\/\/www.blakors.no\/content\/uploads\/sites\/11\/2026\/01\/Gaute-introduseres-scaled.jpg\" class=\"attachment-post-thumbnail size-post-thumbnail wp-post-image\" alt=\"Gaute Orm\u00e5sen introduseres\" srcset=\"https:\/\/www.blakors.no\/content\/uploads\/sites\/11\/2026\/01\/Gaute-introduseres-scaled.jpg 3840w, https:\/\/www.blakors.no\/content\/uploads\/sites\/11\/2026\/01\/Gaute-introduseres-300x169.jpg 300w, https:\/\/www.blakors.no\/content\/uploads\/sites\/11\/2026\/01\/Gaute-introduseres-1024x576.jpg 1024w, https:\/\/www.blakors.no\/content\/uploads\/sites\/11\/2026\/01\/Gaute-introduseres-768x432.jpg 768w, https:\/\/www.blakors.no\/content\/uploads\/sites\/11\/2026\/01\/Gaute-introduseres-1536x864.jpg 1536w, https:\/\/www.blakors.no\/content\/uploads\/sites\/11\/2026\/01\/Gaute-introduseres-2048x1152.jpg 2048w\" sizes=\"auto, (min-width: 782px) 768px, 100vw\" \/><\/figure>\n\n<div class=\"wp-block-group alignfull is-layout-flow wp-block-group-is-layout-flow\">\n\t<h2 id=\"sjarmerende-blatorsdag-konsert-med-gaute-ormasen\"  class=\"t2-post-title wp-block-t2-post-title\" >Sjarmerende Bl\u00e5Torsdag-konsert med Gaute Orm\u00e5sen<\/h2>\n\t\n\t\t\t<div class=\"single-meta t2-post-excerpt card-description wp-block-blakors-meta-display\"><\/div>\n\t\n<\/div>\n\n<\/a>\n<\/div>\n<\/div>\n\n\n<div class=\"wp-block-buttons is-layout-flex wp-block-buttons-is-layout-flex\">\n<div class=\"wp-block-button is-style-primary\"><a class=\"wp-block-button__link wp-element-button\" href=\"https:\/\/www.blakors.no\/kristiansand\/aktuelt\/\" rel=\"\">G\u00e5 til nyhetsarkivet<\/a><\/div>\n<\/div>\n","protected":false},"excerpt":{"rendered":"<p>Aktuelle saker:<\/p>\n","protected":false},"author":25,"featured_media":3945,"parent":0,"menu_order":0,"comment_status":"closed","ping_status":"open","template":"","meta":{"_acf_changed":false,"_relevanssi_hide_post":"","_relevanssi_hide_content":"","_relevanssi_pin_for_all":"","_relevanssi_pin_keywords":"","_relevanssi_unpin_keywords":"","_relevanssi_related_keywords":"","_relevanssi_related_include_ids":"","_relevanssi_related_exclude_ids":"","_relevanssi_related_no_append":"","_relevanssi_related_not_related":"","_relevanssi_related_posts":"1","_relevanssi_noindex_reason":"","_custom_cards_description":"","footnotes":""},"class_list":["post-2","page","type-page","status-publish","has-post-thumbnail","hentry"],"acf":[],"_links":{"self":[{"href":"https:\/\/www.blakors.no\/kristiansand\/wp-json\/wp\/v2\/pages\/2","targetHints":{"allow":["GET"]}}],"collection":[{"href":"https:\/\/www.blakors.no\/kristiansand\/wp-json\/wp\/v2\/pages"}],"about":[{"href":"https:\/\/www.blakors.no\/kristiansand\/wp-json\/wp\/v2\/types\/page"}],"author":[{"embeddable":true,"href":"https:\/\/www.blakors.no\/kristiansand\/wp-json\/wp\/v2\/users\/25"}],"replies":[{"embeddable":true,"href":"https:\/\/www.blakors.no\/kristiansand\/wp-json\/wp\/v2\/comments?post=2"}],"version-history":[{"count":4,"href":"https:\/\/www.blakors.no\/kristiansand\/wp-json\/wp\/v2\/pages\/2\/revisions"}],"predecessor-version":[{"id":9549,"href":"https:\/\/www.blakors.no\/kristiansand\/wp-json\/wp\/v2\/pages\/2\/revisions\/9549"}],"wp:featuredmedia":[{"embeddable":true,"href":"https:\/\/www.blakors.no\/kristiansand\/wp-json\/wp\/v2\/media\/3945"}],"wp:attachment":[{"href":"https:\/\/www.blakors.no\/kristiansand\/wp-json\/wp\/v2\/media?parent=2"}],"curies":[{"name":"wp","href":"https:\/\/api.w.org\/{rel}","templated":true}]}}