{"id":52,"date":"2021-03-23T11:30:17","date_gmt":"2021-03-23T10:30:17","guid":{"rendered":"https:\/\/www.blakors.no\/ressursbank\/?page_id=52"},"modified":"2026-04-16T12:31:43","modified_gmt":"2026-04-16T10:31:43","slug":"vondt-i-magen","status":"publish","type":"page","link":"https:\/\/www.blakors.no\/ressursbank\/vondt-i-magen\/","title":{"rendered":"Den viktige samtalen med barn i barnehagealder"},"content":{"rendered":"\n<div class=\"wp-block-lib-header alignfull hide\"><div class=\"image-wrapper\"><img decoding=\"async\" src=\"https:\/\/www.blakors.no\/content\/uploads\/sites\/22\/2021\/11\/vondt-i-magen-bok.png\" \/><\/div><div class=\"header-innercontent\">\n\n<\/div><\/div>\n\n\n<div class=\"custom-block-banner alignwide contenthalf\"><div class=\"banner-image\" style=\"background-image:url(https:\/\/www.blakors.no\/content\/uploads\/sites\/22\/2021\/05\/Vondt_i_magen_Bl\u00e5-Kors-1024x719.png)\"><\/div><div class=\"banner-inner\"><div><h1 id=\"slik-snakker-du-med-barnehagebarn-om-folelser\"  class=\"title small \" >Slik snakker du med barnehagebarn om f\u00f8lelser<\/h1><p>Sm\u00e5 barn har ofte problemer med \u00e5 sette ord p\u00e5 egne f\u00f8lelser. Samtidig er det viktig at barna f\u00e5r snakket ut om det som uroer eller bekymrer dem. Slik kommer du i gang.<\/p><\/div><\/div><\/div>\n\n<h2 id=\"sammendrag\"  >Sammendrag<\/h2><div class=\"t2-accordion wp-block-t2-accordion\" data-allow-multiple=\"1\" role=\"list\"><div class=\"t2-accordion-item wp-block-t2-accordion-item\" role=\"listitem\">\n\t\t\t<h3 class=\"t2-accordion-title\">\n\t\t\t\t<button type=\"button\" class=\"t2-accordion-trigger\" id=\"hva-finner-du-her?\" aria-controls=\"accordion-panel\" aria-expanded=\"false\">\n\t\t\t\t\tHva finner du her?\n\t\t\t\t\t<span class=\"t2-accordion-icon is-closed-icon\"><svg xmlns=\"http:\/\/www.w3.org\/2000\/svg\" viewBox=\"0 0 24 24\" height=\"24\" width=\"24\" class=\"t2-icon t2-icon-chevrondown\" aria-hidden=\"true\" focusable=\"false\"><path d=\"M12 14.9c-.1 0-.3 0-.4-.1-.1 0-.2-.1-.3-.2L6.7 10c-.2-.1-.3-.4-.3-.6 0-.3.1-.5.3-.7.2-.2.4-.3.7-.3s.5.1.7.3l3.9 3.9 3.9-3.9c.2-.2.4-.3.7-.3.3 0 .5.1.7.3.2.2.3.4.3.7s-.1.5-.3.7l-4.6 4.6c-.1.1-.2.2-.3.2H12z\" fill=\"currentColor\" \/><\/svg><\/span>\n\t\t\t\t\t<span class=\"t2-accordion-icon is-open-icon\"><svg xmlns=\"http:\/\/www.w3.org\/2000\/svg\" viewBox=\"0 0 24 24\" height=\"24\" width=\"24\" class=\"t2-icon t2-icon-chevronup\" aria-hidden=\"true\" focusable=\"false\"><path d=\"M6.7 14.7c-.2-.2-.3-.4-.3-.7s.1-.5.3-.7l4.6-4.6c.1-.1.2-.2.3-.2.1 0 .2-.1.4-.1.1 0 .3 0 .4.1.1 0 .2.1.3.2l4.6 4.6c.2.2.3.4.3.7s-.1.5-.3.7c-.2.2-.4.3-.7.3s-.5-.1-.7-.3L12 10.8l-3.9 3.9c-.2.2-.4.3-.7.3s-.5-.1-.7-.3z\" fill=\"currentColor\" \/><\/svg><\/span>\n\t\t\t\t<\/button>\n\t\t\t<\/h3>\n\t\t\t<div class=\"t2-accordion-item__inner-container is-layout-flow\" id=\"accordion-panel\" aria-labelledby=\"hva-finner-du-her?\" role=\"region\" hidden>\n\t\t\t\t\n\t\t\t\t<p>Ressursene \u00abVondt i magen\u00bb best\u00e5r av:<\/p>\n<ul>\n<li>kort animasjonsfilm<\/li>\n<li>boken<\/li>\n<li><a href=\"https:\/\/www.blakors.no\/content\/uploads\/sites\/22\/2021\/03\/Vondt-i-magen_fargelegging-1.pdf\">fargeleggingsark<\/a><\/li>\n<\/ul>\n<p>Her presenteres bok og animasjonsfilm, samt forslag og ideer til om hvordan disse kan brukes b\u00e5de individuelt eller i barnegruppe.<\/p>\n\n\t\t\t\n\t\t\t<\/div>\n\t\t<\/div><div class=\"t2-accordion-item wp-block-t2-accordion-item\" role=\"listitem\">\n\t\t\t<h3 class=\"t2-accordion-title\">\n\t\t\t\t<button type=\"button\" class=\"t2-accordion-trigger\" id=\"hvem-er-materiellet-for?\" aria-controls=\"accordion-panel-1\" aria-expanded=\"false\">\n\t\t\t\t\tHvem er materiellet for?\n\t\t\t\t\t<span class=\"t2-accordion-icon is-closed-icon\"><svg xmlns=\"http:\/\/www.w3.org\/2000\/svg\" viewBox=\"0 0 24 24\" height=\"24\" width=\"24\" class=\"t2-icon t2-icon-chevrondown\" aria-hidden=\"true\" focusable=\"false\"><path d=\"M12 14.9c-.1 0-.3 0-.4-.1-.1 0-.2-.1-.3-.2L6.7 10c-.2-.1-.3-.4-.3-.6 0-.3.1-.5.3-.7.2-.2.4-.3.7-.3s.5.1.7.3l3.9 3.9 3.9-3.9c.2-.2.4-.3.7-.3.3 0 .5.1.7.3.2.2.3.4.3.7s-.1.5-.3.7l-4.6 4.6c-.1.1-.2.2-.3.2H12z\" fill=\"currentColor\" \/><\/svg><\/span>\n\t\t\t\t\t<span class=\"t2-accordion-icon is-open-icon\"><svg xmlns=\"http:\/\/www.w3.org\/2000\/svg\" viewBox=\"0 0 24 24\" height=\"24\" width=\"24\" class=\"t2-icon t2-icon-chevronup\" aria-hidden=\"true\" focusable=\"false\"><path d=\"M6.7 14.7c-.2-.2-.3-.4-.3-.7s.1-.5.3-.7l4.6-4.6c.1-.1.2-.2.3-.2.1 0 .2-.1.4-.1.1 0 .3 0 .4.1.1 0 .2.1.3.2l4.6 4.6c.2.2.3.4.3.7s-.1.5-.3.7c-.2.2-.4.3-.7.3s-.5-.1-.7-.3L12 10.8l-3.9 3.9c-.2.2-.4.3-.7.3s-.5-.1-.7-.3z\" fill=\"currentColor\" \/><\/svg><\/span>\n\t\t\t\t<\/button>\n\t\t\t<\/h3>\n\t\t\t<div class=\"t2-accordion-item__inner-container is-layout-flow\" id=\"accordion-panel-1\" aria-labelledby=\"hvem-er-materiellet-for?\" role=\"region\" hidden>\n\t\t\t\t\n\t\t\t\t<p>Ressursene er utarbeidet for deg som jobber eller er sammen med <strong>barn i barnehagealder. <\/strong>Materiellet er tilrettelagt for <strong>rammeplanen for barnehagen<\/strong>: \u00abBarna skal f\u00e5 st\u00f8tte i \u00e5 mestre motgang, h\u00e5ndtere utfordringer og bli kjent med egne og andres f\u00f8lelser.\u00bb<\/p>\n\n\t\t\t\n\t\t\t<\/div>\n\t\t<\/div><div class=\"t2-accordion-item wp-block-t2-accordion-item\" role=\"listitem\">\n\t\t\t<h3 class=\"t2-accordion-title\">\n\t\t\t\t<button type=\"button\" class=\"t2-accordion-trigger\" id=\"slik-bruker-du-materiellet\" aria-controls=\"accordion-panel-2\" aria-expanded=\"false\">\n\t\t\t\t\tSlik bruker du materiellet\n\t\t\t\t\t<span class=\"t2-accordion-icon is-closed-icon\"><svg xmlns=\"http:\/\/www.w3.org\/2000\/svg\" viewBox=\"0 0 24 24\" height=\"24\" width=\"24\" class=\"t2-icon t2-icon-chevrondown\" aria-hidden=\"true\" focusable=\"false\"><path d=\"M12 14.9c-.1 0-.3 0-.4-.1-.1 0-.2-.1-.3-.2L6.7 10c-.2-.1-.3-.4-.3-.6 0-.3.1-.5.3-.7.2-.2.4-.3.7-.3s.5.1.7.3l3.9 3.9 3.9-3.9c.2-.2.4-.3.7-.3.3 0 .5.1.7.3.2.2.3.4.3.7s-.1.5-.3.7l-4.6 4.6c-.1.1-.2.2-.3.2H12z\" fill=\"currentColor\" \/><\/svg><\/span>\n\t\t\t\t\t<span class=\"t2-accordion-icon is-open-icon\"><svg xmlns=\"http:\/\/www.w3.org\/2000\/svg\" viewBox=\"0 0 24 24\" height=\"24\" width=\"24\" class=\"t2-icon t2-icon-chevronup\" aria-hidden=\"true\" focusable=\"false\"><path d=\"M6.7 14.7c-.2-.2-.3-.4-.3-.7s.1-.5.3-.7l4.6-4.6c.1-.1.2-.2.3-.2.1 0 .2-.1.4-.1.1 0 .3 0 .4.1.1 0 .2.1.3.2l4.6 4.6c.2.2.3.4.3.7s-.1.5-.3.7c-.2.2-.4.3-.7.3s-.5-.1-.7-.3L12 10.8l-3.9 3.9c-.2.2-.4.3-.7.3s-.5-.1-.7-.3z\" fill=\"currentColor\" \/><\/svg><\/span>\n\t\t\t\t<\/button>\n\t\t\t<\/h3>\n\t\t\t<div class=\"t2-accordion-item__inner-container is-layout-flow\" id=\"accordion-panel-2\" aria-labelledby=\"slik-bruker-du-materiellet\" role=\"region\" hidden>\n\t\t\t\t\n\t\t\t\t<ul>\n<li>Les f\u00f8rst del 2 i boken for \u00e5 oppfriske kunnskap, f\u00e5 inspirasjon eller l\u00e6re mer om s\u00e5rbare barn<\/li>\n<li>Les v\u00e5re forslag til bruk av ressursene nederst<\/li>\n<li>Lag et opplegg tilpasset gruppesamtaler eller individuell bruk<\/li>\n<\/ul>\n\n\t\t\t\n\t\t\t<\/div>\n\t\t<\/div><\/div>\n\n\n<div class=\"custom-block-factbox has-background has-pink-light-background-color\">\n\t<p>Mange barn som lever i vanskelige situasjoner viser ikke tydelige tegn p\u00e5 at de har blitt utsatt for vold eller overgrep. De kan samtidig vise ofte diffuse symptomer som for eksempel at de har vondt i magen eller hodet.<\/p>\n<\/div>\n\n\n\n<p>Vi h\u00e5per at boka og filmen vil bidra til at alle barn l\u00e6rer seg at magesmerter, ikke alltid er magesmerter. Noen ganger kan det dreie seg om vonde hemmeligheter eller ubehagelige f\u00f8lelser. Dette kan v\u00e6re f\u00f8lelser de ikke klarer \u00e5 uttrykke, og i noen tilfeller ikke f\u00e5r lov til \u00e5 uttrykke. Dermed greier de heller ikke \u00e5 dele dette med andre voksne uten videre. Trygge voksne og samtaler med barn er n\u00f8dvendige for skape et god samtaleklima. Filmen og boken er derfor bygget opp p\u00e5 en forsiktig m\u00e5te, som vi h\u00e5per skal fungere som inngangsd\u00f8r til et samtalerom. <\/p>\n\n\n\n<p>I boken og i animasjonsfilmen \u00abVondt i magen\u00bb er fokuset rettet mot den viktige relasjonen mellom en trygg voksen og et barn. Hvordan du kan lytte til og snakke med et barn om gode og vonde hemmeligheter. <\/p>\n\n\n\n<p>Fortellingen viser hvor nyttig en enkel, liten handling kan v\u00e6re n\u00e5r man er bekymret for et barn. Boken og filmen er en invitasjon til \u00e5 snakke om det barnet er opptatt av.<\/p>\n\n\n\n<h2 class=\"wp-block-heading\" id=\"h-animasjonsfilm\">Animasjonsfilm<\/h2>\n\n\n\n<p>Med denne filmen vil vi gi en mulighet for barnehageansatte (eller andre som jobber med barn i barnehagealder) til \u00e5 starte en reise innover i barnets f\u00f8lelsesverden og mot en trygg relasjon med en voksen.<\/p>\n\n\n\n<figure class=\"wp-block-embed dekode-gtm-iframe-preview is-type-video is-provider-youtube wp-block-embed-youtube wp-embed-aspect-16-9 wp-has-aspect-ratio\"><div class=\"wp-block-embed__wrapper\">\n<iframe title=\"Vondt i magen\" width=\"500\" height=\"281\" data-cookieconsent=\"marketing\" data-cookieblock-src=\"https:\/\/www.youtube.com\/embed\/jthdjSXCBOI?feature=oembed\"  allow=\"accelerometer; autoplay; clipboard-write; encrypted-media; gyroscope; picture-in-picture; web-share\" referrerpolicy=\"strict-origin-when-cross-origin\" allowfullscreen sandbox=\"allow-scripts allow-same-origin allow-popups allow-presentation allow-popups-to-escape-sandbox\"><\/iframe>\n\t\t<div class=\"cookieconsent-optout-marketing dekode-gtm-cookie-consent-video-placeholder\">\n\t\t\t<div class=\"dekode-gtm-cookie-consent is-block-core-embed is-provider-youtube\">\n\t\t\t\t\n\t\t\t<img decoding=\"async\" src=\"https:\/\/i.ytimg.com\/vi\/jthdjSXCBOI\/hqdefault.jpg\" alt=\"youtube\" \/>\n\t\t\t\t<div class=\"overlay\">\n\t\t\t\t\t<div class=\"cookie-info\">\n\t\t\t\t\t\t<h2 id=\"her-ligger-det-medieinnhold-fra-en-ekstern-kilde\"  >Her ligger det medieinnhold fra en ekstern kilde. <\/h2> \n\n<p>For \u00e5 se innholdet, m\u00e5 du endre samtykket ditt.<\/p>\n\n<p>Les mer om hvordan dataen din blir behandlet av eksterne kilder i personvernerkl\u00e6ringen v\u00e5r.<\/p>\n\t\t\t\t\t\t<p>\n\t\t\t\t\t\t\t<a title=\"Endre samtykke\" class=\"dekode-gtm-cookiebot-renew\" href=\"#\">Endre samtykke<\/a>\n\t\t\t\t\t\t\t\n\t\t\t\t\t\t<\/p>\n\t\t\t\t\t<\/div>\n\t\t\t\t<\/div>\n\t\t\t<\/div>\n\t\t<\/div>\n<\/div><figcaption class=\"wp-element-caption\"> Denne filmen er en forkortet versjon av historien i boken &laquo;Vondt i magen&raquo;.   <\/figcaption><\/figure>\n\n\n\n<p> <strong>Filmvisningsopplegg for gruppearbeid<\/strong> <\/p>\n\n\n\n\t\t<div class=\"wp-block-blakors-expanding-fact-box has-background has-pink-light-background-color\">\n\t\t\t<h3 id=\"1-foreberedelse\"  class=\"blakors-fact-box__title\" >1. Foreberedelse<\/h3>\n\t\t\t<div class=\"blakors-fact-box__content\">\n\t\t\t\t\n\n<p>Les gjerne boken, f\u00f8r du bruker filmen. Sett deg inn i tematikken i historien.<\/p>\n\n\n\n<p>Reflekter gjerne rundt dine tanker og f\u00f8lelser knyttet til den rollen du befinner deg i n\u00e5r du m\u00f8ter barn:<\/p>\n\n\n\n<ul class=\"wp-block-list\">\n<li>Er du en helt? <\/li>\n\n\n\n<li>Er du den som ser? <\/li>\n\n\n\n<li>Er du en oppdrager? <\/li>\n\n\n\n<li>Er du en trygg voksen som gir rom for \u00e5 snakke sammen?<\/li>\n\n\n\n<li>Er det noen barn i gruppen du tenker kan ha det vanskelig n\u00e5 eller av og til?<\/li>\n<\/ul>\n\n\n\n<p>Din refleksjon kan hjelpe deg \u00e5 v\u00e6re mer bevisst p\u00e5 din rolle og ressurser i m\u00f8te med barn.<\/p>\n\n\n\t\t\t<\/div>\n\t\t\t<div class=\"blakors-fact-box__toggle\">\n\t\t\t\t<button class=\"blakors-fact-box__button\"><svg xmlns=\"http:\/\/www.w3.org\/2000\/svg\" viewBox=\"0 0 17.367 17.367\"><path d=\"M0-8.684v-2.133H13.2L7.16-16.91l1.523-1.523L17.367-9.75,8.684-1.066,7.109-2.59,13.2-8.684Z\" transform=\"translate(0 18.434)\" \/><\/svg><\/button>\n\t\t\t<\/div>\n\t\t<\/div>\n\n\n\t\t<div class=\"wp-block-blakors-expanding-fact-box has-background has-pink-light-background-color\">\n\t\t\t<h3 id=\"2-start-med-en-diskusjon-i-gruppe\"  class=\"blakors-fact-box__title\" >2. Start med en diskusjon i gruppe.<\/h3>\n\t\t\t<div class=\"blakors-fact-box__content\">\n\t\t\t\t\n\n<p>Her er noen <strong>gode sp\u00f8rsm\u00e5l<\/strong> du kan stille barna i forkant av filmvisningen: <\/p>\n\n\n\n<ul class=\"wp-block-list\">\n<li>Hva er en hemmelighet?<\/li>\n\n\n\n<li>Hva er en god hemmelighet og en vond\/d\u00e5rlig hemmelighet?<\/li>\n\n\n\n<li>Har dere noen gang hatt vondt i magen, hode, brystet eller andre steder?<\/li>\n\n\n\n<li>Hva betyr \u00ab\u00c5 ha klump i magen\u00bb? (kom gjerne med noen eksempler p\u00e5 vonde f\u00f8lelser, hvis barna bare nevner det konkret materielle en slik klump kan best\u00e5 av).<\/li>\n\n\n\n<li>Kan det som gj\u00f8r vondt v\u00e6re en hemmelighet? <\/li>\n<\/ul>\n\n\n\t\t\t<\/div>\n\t\t\t<div class=\"blakors-fact-box__toggle\">\n\t\t\t\t<button class=\"blakors-fact-box__button\"><svg xmlns=\"http:\/\/www.w3.org\/2000\/svg\" viewBox=\"0 0 17.367 17.367\"><path d=\"M0-8.684v-2.133H13.2L7.16-16.91l1.523-1.523L17.367-9.75,8.684-1.066,7.109-2.59,13.2-8.684Z\" transform=\"translate(0 18.434)\" \/><\/svg><\/button>\n\t\t\t<\/div>\n\t\t<\/div>\n\n\n\t\t<div class=\"wp-block-blakors-expanding-fact-box has-background has-pink-light-background-color\">\n\t\t\t<h3 id=\"3-introduser-og-vis-filmen\"  class=\"blakors-fact-box__title\" >3. Introduser og vis filmen<\/h3>\n\t\t\t<div class=\"blakors-fact-box__content\">\n\t\t\t\t\n\n<p>Du kan for eksempel si f\u00f8lgende: <\/p>\n\n\n\n<p><em>N\u00e5 skal vi se en film om en kanin som heter Maiken. Maiken har vondt i magen. Noen ganger er det s\u00e5nn at vi kan f\u00e5 vondt i magen om vi holder p\u00e5 en vond hemmelighet. En god hemmelighet er hvis du for eksempel ikke forteller om hva du skal gi mamma i bursdagsgave. Det er en hemmelighet som kan gj\u00f8re at du f\u00f8ler deg glad. Mens en vond hemmelighet er hemmeligheter som f\u00e5r deg til \u00e5 f\u00f8le deg redd, trist eller d\u00e5rlig. Hvis noen gj\u00f8r deg vondt og ber deg holde det hemmelig, er det en vond hemmelighet. Vonde hemmeligheter kan du si videre til en voksen du liker.  <\/em><\/p>\n\n\n\t\t\t<\/div>\n\t\t\t<div class=\"blakors-fact-box__toggle\">\n\t\t\t\t<button class=\"blakors-fact-box__button\"><svg xmlns=\"http:\/\/www.w3.org\/2000\/svg\" viewBox=\"0 0 17.367 17.367\"><path d=\"M0-8.684v-2.133H13.2L7.16-16.91l1.523-1.523L17.367-9.75,8.684-1.066,7.109-2.59,13.2-8.684Z\" transform=\"translate(0 18.434)\" \/><\/svg><\/button>\n\t\t\t<\/div>\n\t\t<\/div>\n\n\n\t\t<div class=\"wp-block-blakors-expanding-fact-box has-background has-pink-light-background-color\">\n\t\t\t<h3 id=\"4-la-barna-komme-med-sine-tanker-og-folelser\"  class=\"blakors-fact-box__title\" >4. La barna komme med sine tanker og f\u00f8lelser<\/h3>\n\t\t\t<div class=\"blakors-fact-box__content\">\n\t\t\t\t\n\n<p><strong>N\u00e5r filmen avsluttes<\/strong>, kan du gi barna mulighet til \u00e5 komme med sine svar p\u00e5 sp\u00f8rsm\u00e5let \u00ab<em>Har du en<br>hemmelighet?<\/em>\u00bb. Eller ogs\u00e5 stille f\u00f8lgende sp\u00f8rsm\u00e5l i tillegg:<\/p>\n\n\n\n<p><em>I filmen s\u00e5 dere at Maiken hadde vondt i magen fordi hun hadde en vond hemmelighet. Hva kan en vond<br>hemmelighet v\u00e6re?<br>Har du noen gang hatt vondt i magen?<\/em><\/p>\n\n\n\n<p><strong>Om du blir bekymret<\/strong><\/p>\n\n\n\n<p>Hvis du f\u00e5r en d\u00e5rlig magef\u00f8lelse, og blir bekymret for en av barna, f\u00f8lg v\u00e5re <a href=\"https:\/\/www.blakors.no\/ressursbank\/bekymret-for-et-barn\/\">r\u00e5d<\/a>.<\/p>\n\n\n\t\t\t<\/div>\n\t\t\t<div class=\"blakors-fact-box__toggle\">\n\t\t\t\t<button class=\"blakors-fact-box__button\"><svg xmlns=\"http:\/\/www.w3.org\/2000\/svg\" viewBox=\"0 0 17.367 17.367\"><path d=\"M0-8.684v-2.133H13.2L7.16-16.91l1.523-1.523L17.367-9.75,8.684-1.066,7.109-2.59,13.2-8.684Z\" transform=\"translate(0 18.434)\" \/><\/svg><\/button>\n\t\t\t<\/div>\n\t\t<\/div>\n\n\n<h2 class=\"wp-block-heading\" id=\"om-boken\">Om boken<\/h2>\n\n\n\n<figure class=\"wp-block-image alignleft size-large is-resized is-style-default\"><img loading=\"lazy\" decoding=\"async\" width=\"1024\" height=\"464\" src=\"https:\/\/www.blakors.no\/content\/uploads\/sites\/22\/2021\/08\/Vondt-i-magen-bilde-til-ressursbanken-1024x464.png\" alt=\"\" class=\"wp-image-1827\" style=\"width:345px;height:156px\" srcset=\"https:\/\/www.blakors.no\/content\/uploads\/sites\/22\/2021\/08\/Vondt-i-magen-bilde-til-ressursbanken-1024x464.png 1024w, https:\/\/www.blakors.no\/content\/uploads\/sites\/22\/2021\/08\/Vondt-i-magen-bilde-til-ressursbanken-300x136.png 300w, https:\/\/www.blakors.no\/content\/uploads\/sites\/22\/2021\/08\/Vondt-i-magen-bilde-til-ressursbanken-768x348.png 768w, https:\/\/www.blakors.no\/content\/uploads\/sites\/22\/2021\/08\/Vondt-i-magen-bilde-til-ressursbanken.png 1358w\" sizes=\"auto, (max-width: 1024px) 100vw, 1024px\" \/><\/figure>\n\n\n\n<p>Lille Maiken har hovedrollen i \u00abVondt i magen\u00bb. Hun har en klump i magen som ikke g\u00e5r bort. <strong>Boken henvender seg til voksne som har ansvar for barn i barnehagealder.<\/strong><\/p>\n\n\n\n<p>I del 1 av boken er fokuset rettet mot barn. Hvordan lytte og snakke med barn om ulike f\u00f8lelser som man har? Boken er lagt opp til samtale og inneholder \u00e5pne sp\u00f8rsm\u00e5l rundt <strong>temaer som sinne, glede, tristhet og om hemmeligheter p\u00e5 godt og vondt. <\/strong>Vi tenker at denne boken kommer til sin rette i en god og voksens armkrok, og\/eller mens barnet fargelegger og forklarer underveis med en voksen. <\/p>\n\n\n\n<p>Om en bekymring melder seg for hvordan barnet har det hjemme, gir del to av boken veiledning om hva man kan gj\u00f8re videre. Hvilke tegn skal man se etter, man f\u00e5r r\u00e5d om loggf\u00f8ring av observasjoner, veiledning for samtale med barnet og for foreldrene til barnet.<\/p>\n\n\n\n<p>Bl\u00e5 Kors gj\u00f8r \u00abVondt i magen\u00bb tilgjengelig gratis i <a href=\"https:\/\/issuu.com\/kolofon\/docs\/vondt_i_magen\" target=\"_blank\" rel=\"noopener\">e-bok format<\/a>.<\/p>\n\n\n\n<figure class=\"wp-block-image aligncenter size-full is-resized is-style-rounded\"><img loading=\"lazy\" decoding=\"async\" width=\"647\" height=\"487\" src=\"https:\/\/www.blakors.no\/content\/uploads\/sites\/22\/2021\/08\/Vondt-i-magen-bok-illustrasjon.png\" alt=\"\" class=\"wp-image-1832\" style=\"width:497px;height:374px\" srcset=\"https:\/\/www.blakors.no\/content\/uploads\/sites\/22\/2021\/08\/Vondt-i-magen-bok-illustrasjon.png 647w, https:\/\/www.blakors.no\/content\/uploads\/sites\/22\/2021\/08\/Vondt-i-magen-bok-illustrasjon-300x226.png 300w\" sizes=\"auto, (max-width: 647px) 100vw, 647px\" \/><figcaption class=\"wp-element-caption\">Utdrag fra boken \u00abVondt i magen\u00bb.<\/figcaption><\/figure>\n\n\n\n\t\t<div class=\"wp-block-lib-accentuated-link\">\n\t\t\t<a class=\"lib-link__link\" href=\"https:\/\/bokhandel.kolofon.no\/b\/vondt-i-magen\" target=\"\" rel=\"noopener\">\n\t\t\t\t\n\t\t\t\t<div class=\"lib-link__text-content\">\n\t\t\t\t\t<span class=\"lib-link__tagline\">\n\t\t\t\t\t\tBoken kan ogs\u00e5 kj\u00f8pes\n\t\t\t\t\t<\/span>\n\n\t\t\t\t\t<h3 class=\"lib-link__title\">\n\t\t\t\t\t\tBestill \u00abVondt i magen\u00bb i innbundet versjon\n\t\t\t\t\t<\/h3>\n\n\t\t\t\t\t\n\t\t\t<span class=\"lib-link__link-source\">\n\t\t\t\tbokhandel.kolofon.no\n\t\t\t\t<svg xmlns=\"http:\/\/www.w3.org\/2000\/svg\" viewBox=\"0 0 24 24\" height=\"24\" width=\"24\" class=\"t2-icon t2-icon-linkexternal\" aria-hidden=\"true\" focusable=\"false\"><path d=\"M5 21c-.5 0-1-.2-1.4-.6S3 19.6 3 19V5c0-.6.2-1 .6-1.4S4.5 3 5 3h6c.3 0 .5.1.7.3.2.2.3.4.3.7 0 .3-.1.5-.3.7-.2.2-.4.3-.7.3H5v14h14v-6c0-.3.1-.5.3-.7.2-.2.4-.3.7-.3s.5.1.7.3c.2.2.3.4.3.7v6c0 .6-.2 1-.6 1.4s-.8.6-1.4.6H5zm4-6c-.2-.2-.3-.4-.3-.7s.1-.5.3-.7L17.6 5H15c-.3 0-.5-.1-.7-.3-.2-.2-.3-.4-.3-.7 0-.3.1-.5.3-.7.2-.2.4-.3.7-.3h5c.3 0 .5.1.7.3.2.2.3.4.3.7v5c0 .3-.1.5-.3.7-.2.2-.4.3-.7.3s-.5-.1-.7-.3c-.2-.2-.3-.4-.3-.7V6.4L10.4 15c-.2.2-.4.3-.7.3s-.5-.1-.7-.3z\" fill=\"currentColor\" \/><\/svg>\n\t\t\t<\/span>\n\t\t\t\t<\/div>\n\t\t\t<\/a>\n\t\t<\/div>\n\n\n<h2 class=\"wp-block-heading\" id=\"h-fargelegging\">Fargelegging<\/h2>\n\n\n\n<p>Bruk gjerne fargelegging som aktivitet etter du har brukt boken eller animasjonsfilmen. <\/p>\n\n\n\n\t\t<div class=\"wp-block-lib-accentuated-link\">\n\t\t\t<a class=\"lib-link__link\" href=\"https:\/\/www.blakors.no\/content\/uploads\/sites\/22\/2021\/03\/Vondt-i-magen_fargelegging-1.pdf\" target=\"\" rel=\"\">\n\t\t\t\t\n\t\t\t\t<div class=\"lib-link__text-content\">\n\t\t\t\t\t<span class=\"lib-link__tagline\">\n\t\t\t\t\t\tLast ned ark\n\t\t\t\t\t<\/span>\n\n\t\t\t\t\t<h3 class=\"lib-link__title\">\n\t\t\t\t\t\tFargelegging for barn\n\t\t\t\t\t<\/h3>\n\n\t\t\t\t\t\n\t\t\t<span class=\"lib-link__link-source\">\n\t\t\t\tpdf\n\t\t\t\t<svg xmlns=\"http:\/\/www.w3.org\/2000\/svg\" viewBox=\"0 0 24 24\" height=\"24\" width=\"24\" class=\"t2-icon t2-icon-filedownload\" aria-hidden=\"true\" focusable=\"false\"><path d=\"M12 15.6c-.1 0-.3 0-.4-.1-.1 0-.2-.1-.3-.2l-3.6-3.6c-.2-.2-.3-.4-.3-.7s.1-.5.3-.7c.2-.2.4-.3.7-.3.3 0 .5.1.7.3l1.9 1.9V5c0-.3.1-.5.3-.7.2-.2.4-.3.7-.3s.5.1.7.3c.2.2.3.4.3.7v7.2l1.9-1.9c.2-.2.4-.3.7-.3.3 0 .5.1.7.3.2.2.3.4.3.7s-.1.5-.3.7l-3.6 3.6c-.1.1-.2.2-.3.2-.1.1-.3.1-.4.1zM6 20c-.5 0-1-.2-1.4-.6S4 18.6 4 18v-2c0-.3.1-.5.3-.7.2-.2.4-.3.7-.3s.5.1.7.3c.2.2.3.4.3.7v2h12v-2c0-.3.1-.5.3-.7.2-.2.4-.3.7-.3s.5.1.7.3c.2.2.3.4.3.7v2c0 .6-.2 1-.6 1.4s-.8.6-1.4.6H6z\" fill=\"currentColor\" \/><\/svg>\n\t\t\t<\/span>\n\t\t\t\t<\/div>\n\t\t\t<\/a>\n\t\t<\/div>\n\n\n\t\t<div class=\"wp-block-blakors-expanding-fact-box\">\n\t\t\t<h3 id=\"bakgrunn\"  class=\"blakors-fact-box__title\" >Bakgrunn<\/h3>\n\t\t\t<div class=\"blakors-fact-box__content\">\n\t\t\t\t\n\n<p>\u00abVondt i magen\u00bb vokste fram av en id\u00e9 av&nbsp;Erle Sellev\u00e5g, som <a href=\"http:\/\/www.tv2.no\/a\/7857119\/\" target=\"_blank\" rel=\"noreferrer noopener\">har skrevet flere kronikker om tematikken.<\/a>&nbsp;Sellev\u00e5g \u00f8nsket \u00e5 knytte en faglig tyngde til boken, og \u00f8nsket samarbeid med Bl\u00e5 Kors.<\/p>\n\n\n\n<p>\u00abBarn i rusfamilier\u00bb i KoRus S\u00f8r ved <a href=\"https:\/\/www.blakors.no\/klinikk-skien\/\">Bl\u00e5 Kors Klinikk Skien<\/a> (tidligere Borgestadklinikken) har utviklet en rekke ressurser som gir fagpersoner konkrete eksempler, tips og fagstoff om hvordan man skal g\u00e5 fra bekymring til handling.<br><br>Boken er utviklet gjennom midler fra Helsedirektoratet, mens animasjonsfilmen er utviklet gjennom midler fra Stiftelsen DAM.<\/p>\n\n\n\t\t\t<\/div>\n\t\t\t<div class=\"blakors-fact-box__toggle\">\n\t\t\t\t<button class=\"blakors-fact-box__button\"><svg xmlns=\"http:\/\/www.w3.org\/2000\/svg\" viewBox=\"0 0 17.367 17.367\"><path d=\"M0-8.684v-2.133H13.2L7.16-16.91l1.523-1.523L17.367-9.75,8.684-1.066,7.109-2.59,13.2-8.684Z\" transform=\"translate(0 18.434)\" \/><\/svg><\/button>\n\t\t\t<\/div>\n\t\t<\/div>\n\n\n<div class=\"custom-block-cta\">\n\t<div class=\"icon\"><\/div><div class=\"text-button-container\"><div class=\"text\">\u00d8nsker du \u00e5 hjelpe barnet ditt til \u00e5 sette ord p\u00e5 f\u00f8lelser? Boken \u00abVondt i magen\u00bb er til god hjelp. <\/div><div class=\"wp-block-button is-style-primary\"><a class=\"wp-block-button__link\" href=\"https:\/\/ebok.no\/ebok\/vondt-i-magen_erle-sellevag\/\" target=\"\" rel=\"noopener\">Last ned e-bok<\/a><\/div><\/div><\/div>\n\n\n\n<h2 class=\"wp-block-heading\" id=\"gi-oss-gjerne-tilbakemelding\">Gi oss gjerne tilbakemelding<\/h2>\n\n\n\n<p>Gi oss gjerne tilbakemelding p\u00e5 hvordan boken og filmen har fungert i samtale med barn.&nbsp;<a href=\"https:\/\/easyfact.no\/reply\/blopjkqusc\" target=\"_blank\" rel=\"noopener\">Evalueringen tar kun noen f\u00e5 minutter \u00e5 svare p\u00e5. <\/a><\/p>\n\n\n\n<h2 id=\"relatert-innhold\"  class=\"wp-block-heading\" >Relatert innhold<\/h2>\n\n\n<div class=\"t2-featured-content-layout alignwide alignwide wp-block-t2-featured-content-layout\" role=\"list\">\n<div class=\"t2-featured-single-post t2-featured-content show-description is-post-type-page wp-block-t2-featured-single-post\" role=\"listitem\"><a class=\"t2-post-link wp-block-t2-post-link\" href=\"https:\/\/www.blakors.no\/ressursbank\/hvordan-snakke-med-skolebarn-om-folelser\/\">\n<figure style=\"--t2-focal-point: 50% 50%;\" class=\"t2-post-featured-image has-image-ratio-16-9 wp-block-t2-post-featured-image\"><img loading=\"lazy\" decoding=\"async\" width=\"944\" height=\"1024\" src=\"https:\/\/v.imgi.no\/blakors-9630-13363702be1adeec3f8895331e2d5a01-944x1024\/2025_08_sommerfugler-i-magen-forstorrelsesglass-944x1024-1.webp\" class=\"attachment-post-thumbnail size-post-thumbnail wp-post-image\" alt=\"\" srcset=\"https:\/\/v.imgi.no\/blakors-9630-13363702be1adeec3f8895331e2d5a01-138x150\/2025_08_sommerfugler-i-magen-forstorrelsesglass-944x1024-1.webp 138w, https:\/\/v.imgi.no\/blakors-9630-13363702be1adeec3f8895331e2d5a01-277x300\/2025_08_sommerfugler-i-magen-forstorrelsesglass-944x1024-1.webp 277w, https:\/\/v.imgi.no\/blakors-9630-13363702be1adeec3f8895331e2d5a01-768x833\/2025_08_sommerfugler-i-magen-forstorrelsesglass-944x1024-1.webp 768w, https:\/\/v.imgi.no\/blakors-9630-13363702be1adeec3f8895331e2d5a01-944x1024\/2025_08_sommerfugler-i-magen-forstorrelsesglass-944x1024-1.webp 944w, https:\/\/v.imgi.no\/blakors-9630-13363702be1adeec3f8895331e2d5a01-944x1024\/2025_08_sommerfugler-i-magen-forstorrelsesglass-944x1024-1.webp 944w, https:\/\/v.imgi.no\/blakors-9630-13363702be1adeec3f8895331e2d5a01-944x1024\/2025_08_sommerfugler-i-magen-forstorrelsesglass-944x1024-1.webp 944w, https:\/\/v.imgi.no\/blakors-9630-13363702be1adeec3f8895331e2d5a01-277x300\/2025_08_sommerfugler-i-magen-forstorrelsesglass-944x1024-1.webp 277w, https:\/\/v.imgi.no\/blakors-9630-13363702be1adeec3f8895331e2d5a01-332x360\/2025_08_sommerfugler-i-magen-forstorrelsesglass-944x1024-1.webp 332w, https:\/\/v.imgi.no\/blakors-9630-13363702be1adeec3f8895331e2d5a01-184x200\/2025_08_sommerfugler-i-magen-forstorrelsesglass-944x1024-1.webp 184w, https:\/\/v.imgi.no\/blakors-9630-13363702be1adeec3f8895331e2d5a01-944x1024\/2025_08_sommerfugler-i-magen-forstorrelsesglass-944x1024-1.webp 944w, https:\/\/v.imgi.no\/blakors-9630-13363702be1adeec3f8895331e2d5a01-277x300\/2025_08_sommerfugler-i-magen-forstorrelsesglass-944x1024-1.webp 277w, https:\/\/v.imgi.no\/blakors-9630-13363702be1adeec3f8895331e2d5a01-369x400\/2025_08_sommerfugler-i-magen-forstorrelsesglass-944x1024-1.webp 369w, https:\/\/v.imgi.no\/blakors-9630-13363702be1adeec3f8895331e2d5a01-553x600\/2025_08_sommerfugler-i-magen-forstorrelsesglass-944x1024-1.webp 553w, https:\/\/v.imgi.no\/blakors-9630-13363702be1adeec3f8895331e2d5a01-944x1024\/2025_08_sommerfugler-i-magen-forstorrelsesglass-944x1024-1.webp 944w, https:\/\/v.imgi.no\/blakors-9630-13363702be1adeec3f8895331e2d5a01-944x1024\/2025_08_sommerfugler-i-magen-forstorrelsesglass-944x1024-1.webp 944w\" sizes=\"auto, (min-width: 782px) 768px, 100vw\" \/><\/figure>\n\n<div class=\"wp-block-group alignfull is-layout-flow wp-block-group-is-layout-flow\">\n\t<h2 id=\"hvordan-snakke-med-skolebarn-om-folelser\"  class=\"t2-post-title wp-block-t2-post-title\" >Hvordan snakke med skolebarn om f\u00f8lelser?<\/h2>\n\t<div class=\"wp-block-post-date__modified-date wp-block-post-date\"><time datetime=\"2025-12-04T14:31:30+01:00\">4. desember 2025<\/time><\/div>\n\t\t\t<div class=\"single-meta t2-post-excerpt card-description wp-block-blakors-meta-display\"><\/div>\n\t\n<\/div>\n\n<\/a>\n<\/div>\n\n<div class=\"t2-featured-single-post t2-featured-content show-description is-post-type-page wp-block-t2-featured-single-post\" role=\"listitem\"><a class=\"t2-post-link wp-block-t2-post-link\" href=\"https:\/\/www.blakors.no\/ressursbank\/bekymret-for-et-barn\/\">\n<figure style=\"--t2-focal-point: 50% 50%;\" class=\"t2-post-featured-image has-image-ratio-16-9 wp-block-t2-post-featured-image\"><img loading=\"lazy\" decoding=\"async\" width=\"1600\" height=\"899\" src=\"https:\/\/www.blakors.no\/content\/uploads\/sites\/22\/2022\/03\/JY1A2136corr-1600px-edited.jpg\" class=\"attachment-post-thumbnail size-post-thumbnail wp-post-image\" alt=\"\" srcset=\"https:\/\/www.blakors.no\/content\/uploads\/sites\/22\/2022\/03\/JY1A2136corr-1600px-edited.jpg 1600w, https:\/\/www.blakors.no\/content\/uploads\/sites\/22\/2022\/03\/JY1A2136corr-1600px-edited-300x169.jpg 300w, https:\/\/www.blakors.no\/content\/uploads\/sites\/22\/2022\/03\/JY1A2136corr-1600px-edited-1024x575.jpg 1024w, https:\/\/www.blakors.no\/content\/uploads\/sites\/22\/2022\/03\/JY1A2136corr-1600px-edited-768x432.jpg 768w, https:\/\/www.blakors.no\/content\/uploads\/sites\/22\/2022\/03\/JY1A2136corr-1600px-edited-1536x863.jpg 1536w\" sizes=\"auto, (min-width: 782px) 768px, 100vw\" \/><\/figure>\n\n<div class=\"wp-block-group alignfull is-layout-flow wp-block-group-is-layout-flow\">\n\t<h2 id=\"bekymret-for-et-barn\"  class=\"t2-post-title wp-block-t2-post-title\" >Bekymret for et barn?<\/h2>\n\t<div class=\"wp-block-post-date__modified-date wp-block-post-date\"><time datetime=\"2025-05-26T10:32:30+02:00\">26. mai 2025<\/time><\/div>\n\t\t\t<div class=\"single-meta t2-post-excerpt card-description wp-block-blakors-meta-display\"><\/div>\n\t\n<\/div>\n\n<\/a>\n<\/div>\n\n<div class=\"t2-featured-single-post t2-featured-content show-description is-post-type-page wp-block-t2-featured-single-post\" role=\"listitem\"><a class=\"t2-post-link wp-block-t2-post-link\" href=\"https:\/\/www.blakors.no\/ressursbank\/barn-og-rus\/\">\n<figure style=\"--t2-focal-point: 50% 50%;\" class=\"t2-post-featured-image has-image-ratio-16-9 wp-block-t2-post-featured-image\"><img loading=\"lazy\" decoding=\"async\" width=\"3648\" height=\"5472\" src=\"https:\/\/v.imgi.no\/blakors-11412-a50d76fa3c2c27e4b55d5e147aa34633-3648x5472\/guillaume-bolduc-wna05v1bano-unsplash.webp\" class=\"attachment-post-thumbnail size-post-thumbnail wp-post-image\" alt=\"\" srcset=\"https:\/\/v.imgi.no\/blakors-11412-a50d76fa3c2c27e4b55d5e147aa34633-100x150\/guillaume-bolduc-wna05v1bano-unsplash.webp 100w, https:\/\/v.imgi.no\/blakors-11412-a50d76fa3c2c27e4b55d5e147aa34633-200x300\/guillaume-bolduc-wna05v1bano-unsplash.webp 200w, https:\/\/v.imgi.no\/blakors-11412-a50d76fa3c2c27e4b55d5e147aa34633-768x1152\/guillaume-bolduc-wna05v1bano-unsplash.webp 768w, https:\/\/v.imgi.no\/blakors-11412-a50d76fa3c2c27e4b55d5e147aa34633-683x1024\/guillaume-bolduc-wna05v1bano-unsplash.webp 683w, https:\/\/v.imgi.no\/blakors-11412-a50d76fa3c2c27e4b55d5e147aa34633-1024x1536\/guillaume-bolduc-wna05v1bano-unsplash.webp 1024w, https:\/\/v.imgi.no\/blakors-11412-a50d76fa3c2c27e4b55d5e147aa34633-1365x2048\/guillaume-bolduc-wna05v1bano-unsplash.webp 1365w, https:\/\/v.imgi.no\/blakors-11412-a50d76fa3c2c27e4b55d5e147aa34633-200x300\/guillaume-bolduc-wna05v1bano-unsplash.webp 200w, https:\/\/v.imgi.no\/blakors-11412-a50d76fa3c2c27e4b55d5e147aa34633-240x360\/guillaume-bolduc-wna05v1bano-unsplash.webp 240w, https:\/\/v.imgi.no\/blakors-11412-a50d76fa3c2c27e4b55d5e147aa34633-133x200\/guillaume-bolduc-wna05v1bano-unsplash.webp 133w, https:\/\/v.imgi.no\/blakors-11412-a50d76fa3c2c27e4b55d5e147aa34633-960x1440\/guillaume-bolduc-wna05v1bano-unsplash.webp 960w, https:\/\/v.imgi.no\/blakors-11412-a50d76fa3c2c27e4b55d5e147aa34633-200x300\/guillaume-bolduc-wna05v1bano-unsplash.webp 200w, https:\/\/v.imgi.no\/blakors-11412-a50d76fa3c2c27e4b55d5e147aa34633-267x400\/guillaume-bolduc-wna05v1bano-unsplash.webp 267w, https:\/\/v.imgi.no\/blakors-11412-a50d76fa3c2c27e4b55d5e147aa34633-400x600\/guillaume-bolduc-wna05v1bano-unsplash.webp 400w\" sizes=\"auto, (min-width: 782px) 768px, 100vw\" \/><\/figure>\n\n<div class=\"wp-block-group alignfull is-layout-flow wp-block-group-is-layout-flow\">\n\t<h2 id=\"temasamling-om-a-vokse-opp-i-hjem-med-rus\"  class=\"t2-post-title wp-block-t2-post-title\" >Temasamling om \u00e5 vokse opp i hjem med rus<\/h2>\n\t<div class=\"wp-block-post-date__modified-date wp-block-post-date\"><time datetime=\"2026-04-21T14:58:00+02:00\">21. april 2026<\/time><\/div>\n\t\t\t<div class=\"single-meta t2-post-excerpt card-description wp-block-blakors-meta-display\">Temasamling om \u00e5 vokse opp i hjem med rus. For ansatte eller frivillige. Kan ogs\u00e5 tilpasses til ungdom og unge voksne.<\/div>\n\t\n<\/div>\n\n<\/a>\n<\/div>\n<\/div>\n<div class=\"dekode-module-was-this-helpful\">\n\t<div class=\"\">\n\t\t<h2>Var dette nyttig?<\/h2>\n\t\t<form id=\"dekode-wth-form\">\n\t\t\t<button id=\"dekode-wth-yes\" class=\"button\" name=\"dekode-wth-feedback\" type=\"submit\"\n\t\t\t\t\tvalue=\"1\">Ja<\/button>\n\t\t\t<button id=\"dekode-wth-no\" class=\"button\" name=\"dekode-wth-feedback\" type=\"submit\"\n\t\t\t\t\tvalue=\"0\">Nei<\/button>\n\t\t\t<input type=\"hidden\" name=\"post_id\" value=\"52\"\/>\n\t\t<\/form>\n\t<\/div>\n<\/div>\n","protected":false},"excerpt":{"rendered":"<p>Vi h\u00e5per at boka og filmen vil bidra til at alle barn l\u00e6rer seg at magesmerter, ikke alltid er magesmerter. Noen ganger kan det dreie seg om vonde hemmeligheter eller ubehagelige f\u00f8lelser. Dette kan v\u00e6re f\u00f8lelser de ikke klarer \u00e5 uttrykke, og i noen tilfeller ikke f\u00e5r lov til \u00e5 uttrykke. Dermed greier de heller [&hellip;]<\/p>\n","protected":false},"author":23,"featured_media":2416,"parent":0,"menu_order":0,"comment_status":"closed","ping_status":"closed","template":"","meta":{"_acf_changed":false,"_relevanssi_hide_post":"","_relevanssi_hide_content":"","_relevanssi_pin_for_all":"on","_relevanssi_pin_keywords":"Vondt i magen, barnehagemateriell, materiell til barnehage, hvordan snakke med barn om f\u00f8lelser, f\u00f8lelser, bok, b\u00f8ker","_relevanssi_unpin_keywords":"","_relevanssi_related_keywords":"","_relevanssi_related_include_ids":"","_relevanssi_related_exclude_ids":"","_relevanssi_related_no_append":"","_relevanssi_related_not_related":"","_relevanssi_related_posts":"1","_relevanssi_noindex_reason":"","_custom_cards_description":"","footnotes":""},"class_list":["post-52","page","type-page","status-publish","has-post-thumbnail","hentry"],"acf":[],"_links":{"self":[{"href":"https:\/\/www.blakors.no\/ressursbank\/wp-json\/wp\/v2\/pages\/52","targetHints":{"allow":["GET"]}}],"collection":[{"href":"https:\/\/www.blakors.no\/ressursbank\/wp-json\/wp\/v2\/pages"}],"about":[{"href":"https:\/\/www.blakors.no\/ressursbank\/wp-json\/wp\/v2\/types\/page"}],"author":[{"embeddable":true,"href":"https:\/\/www.blakors.no\/ressursbank\/wp-json\/wp\/v2\/users\/23"}],"replies":[{"embeddable":true,"href":"https:\/\/www.blakors.no\/ressursbank\/wp-json\/wp\/v2\/comments?post=52"}],"version-history":[{"count":4,"href":"https:\/\/www.blakors.no\/ressursbank\/wp-json\/wp\/v2\/pages\/52\/revisions"}],"predecessor-version":[{"id":13625,"href":"https:\/\/www.blakors.no\/ressursbank\/wp-json\/wp\/v2\/pages\/52\/revisions\/13625"}],"wp:featuredmedia":[{"embeddable":true,"href":"https:\/\/www.blakors.no\/ressursbank\/wp-json\/wp\/v2\/media\/2416"}],"wp:attachment":[{"href":"https:\/\/www.blakors.no\/ressursbank\/wp-json\/wp\/v2\/media?parent=52"}],"curies":[{"name":"wp","href":"https:\/\/api.w.org\/{rel}","templated":true}]}}