{"id":17,"date":"2022-06-01T13:36:28","date_gmt":"2022-06-01T11:36:28","guid":{"rendered":"https:\/\/www.blakors.no\/videregaende-skole-ovrebo\/?page_id=17"},"modified":"2022-09-08T14:37:07","modified_gmt":"2022-09-08T12:37:07","slug":"helse-og-oppvekstfag","status":"publish","type":"page","link":"https:\/\/www.blakors.no\/videregaende-skole-ovrebo\/helse-og-oppvekstfag\/","title":{"rendered":"Vg1 Helse- og oppvekstfag"},"content":{"rendered":"\n<div class=\"wp-block-lib-header alignfull hide\"><div class=\"image-wrapper\"><img decoding=\"async\" src=\"https:\/\/www.blakors.no\/content\/uploads\/sites\/30\/2022\/09\/Helse-og-oppvekst-sykeseng-scaled.jpg\"\/><\/div><div class=\"header-innercontent\"><\/div><\/div>\n\n\n<div class=\"custom-block-banner alignwide contenthalf\"><div class=\"banner-image\" style=\"background-image:url(https:\/\/www.blakors.no\/content\/uploads\/sites\/30\/2022\/09\/Helse-og-oppvekst-sykeseng-1024x612.jpg)\"><\/div><div class=\"banner-inner\"><div><h1 id=\"vg1-helse-og-oppvekstfag\"  class=\"title small \" >Vg1 Helse- og oppvekstfag<\/h1><p>Liker du \u00e5 arbeide med mennesker og gi omsorg og st\u00f8tte? Da kan helse \u2013 og oppvekstfag v\u00e6re et utdanningsprogram for deg.<\/p><div class=\"wp-block-button is-style-primary small\"><a class=\"wp-block-button__link\" href=\"https:\/\/www.blakors.no\/videregaende-skole-ovrebo\/sok-skoleplass\/\" target=\"\">S\u00f8k skoleplass<\/a><\/div><\/div><\/div><\/div>\n\n\n<p>Hvis du tar utdannelsen din&nbsp;innen&nbsp;helse &#8211; og oppvekst har du mulighet til \u00e5 jobbe i mange forskjellige yrker&nbsp;knyttet til helse og oppvekstsektoren. Utdannelsen f\u00f8rer fram til yrker hvor egne holdninger,&nbsp;gode kommunikasjonsevner og respekt for medmennesker er viktige faktorer.&nbsp;<br><br>Det at du har innsikt&nbsp;og kunnskap i og om&nbsp;helsefremmende arbeid, livsstilssykdommer, arbeidsmilj\u00f8 og kulturforskjeller kan gj\u00f8re deg til en god medarbeider.&nbsp;Gjennom denne&nbsp;utdannelsen m\u00f8ter du mange forskjellige mennesker i&nbsp;forskjellige livssituasjoner.<\/p>\n\n\n\n<h2 class=\"wp-block-heading\" id=\"h-praktiske-oppgaver\">Praktiske oppgaver<\/h2>\n\n\n\n<p>P\u00e5 \u00d8vreb\u00f8 VGS har vi fokus p\u00e5&nbsp;at elevene&nbsp;f\u00e5r bruke det de l\u00e6rer igjennom praktiske oppgaver og prosjekter.<\/p>\n\n\n\n<p>Oppl\u00e6ringen er i tr\u00e5d med godkjent l\u00e6replan for helse &#8211;&nbsp;og oppvekstfaget. L\u00e6replan for vg1 best\u00e5r av 4 hovedomr\u00e5der:<\/p>\n\n\n\n<ol class=\"wp-block-list\"><li><strong>Helsefremmende arbeid:<\/strong> Dette omr\u00e5det handler om \u00e5 forst\u00e5 sammenhengen mellom livsstil og helse. Hovedomr\u00e5det vektlegger ivaretakelse av hele mennesket og en bevisstgj\u00f8ring om \u00e5 ta vare p\u00e5 egen fysisk &#8211; og psykisk helse for \u00e5 kunne st\u00e5 i yrket.<\/li><li><strong>Yrkesforst\u00e5else og yrkesidentitet:<\/strong> Dette dreier seg om kunnskap om de ulike yrkenes egenart og hvilke krav som stilles til yrkesut\u00f8velsen. Rettigheter og plikter som gjelder arbeidslivet st\u00e5r sentralt her.<\/li><li><strong>Kommunikasjon og samhandling:<\/strong> Samspill og samhandling mellom mennesker av ulik kulturtilh\u00f8righet, religion, livsf\u00f8rsel og funksjonsniv\u00e5 er et hovedomr\u00e5de i dette programmet og bygger p\u00e5 kunnskaper eleven har tilegnet seg i norsk. Omr\u00e5det handler ogs\u00e5 om empati, ansvarlighet og n\u00f8yaktighet.<\/li><li><strong>Yrkesfaglig fordypning:<\/strong> Dette faget skal bidra til \u00e5 introdusere elevene for arbeidslivet og aktuelle yrker for det programomr\u00e5det de g\u00e5r p\u00e5. Oppl\u00e6ringen i faget vil foreg\u00e5 p\u00e5 ulike arenaer. En mulighet er \u00e5&nbsp;v\u00e6re i praksis i en bedrift&nbsp;1 dag i uken.&nbsp;<\/li><\/ol>\n\n\n\n<p>N\u00e5r du har fullf\u00f8rt og best\u00e5tt vg1 Helse- og&nbsp;oppvekst kan&nbsp;\u00d8vreb\u00f8 videreg\u00e5ende skole&nbsp;tilby deg f\u00f8lgende&nbsp;to Vg2 l\u00f8p:&nbsp;<br><strong>1. <\/strong><a href=\"https:\/\/www.blakors.no\/videregaende-skole-ovrebo\/vg2-barne-og-ungdomsarbeiderfag\/\"><strong>Vg2 Barne- og ungdomsarbeiderfaget<\/strong>&nbsp;<\/a><br><strong>2. V<a href=\"https:\/\/www.blakors.no\/videregaende-skole-ovrebo\/vg2-helsearbeiderfag\/\">g2 Helsearbeiderfaget<\/a><\/strong>&nbsp;<\/p>\n\n\n\n<div class=\"custom-block-factbox is-style-green\">\n\t<p><!-- wp:paragraph --><\/p>\n<h2 id=\"andre-alternativer-etter-vg1-er\"  >Andre alternativer etter Vg1 er:<\/h2>\n<p><!-- \/wp:paragraph --> <!-- wp:list --><\/p>\n<ul>\n<li>Ambulansearbeider<\/li>\n<li>Apotektekniker<\/li>\n<li>Fotterapeut<\/li>\n<li>Helsekret\u00e6r<\/li>\n<li>Hudpleier<\/li>\n<li>IKT servicemedarbeider<\/li>\n<li>Ortopedtekniker<\/li>\n<li>Tannhelsesekret\u00e6r<\/li>\n<\/ul>\n<p><!-- \/wp:list --><\/p>\n<\/div>\n","protected":false},"excerpt":{"rendered":"<p>Hvis du tar utdannelsen din&nbsp;innen&nbsp;helse &#8211; og oppvekst har du mulighet til \u00e5 jobbe i mange forskjellige yrker&nbsp;knyttet til helse og oppvekstsektoren. Utdannelsen f\u00f8rer fram til yrker hvor egne holdninger,&nbsp;gode kommunikasjonsevner og respekt for medmennesker er viktige faktorer.&nbsp; Det at du har innsikt&nbsp;og kunnskap i og om&nbsp;helsefremmende arbeid, livsstilssykdommer, arbeidsmilj\u00f8 og kulturforskjeller kan gj\u00f8re deg [&hellip;]<\/p>\n","protected":false},"author":23,"featured_media":289,"parent":0,"menu_order":0,"comment_status":"closed","ping_status":"closed","template":"","meta":{"_acf_changed":false,"_relevanssi_hide_post":"","_relevanssi_hide_content":"","_relevanssi_pin_for_all":"","_relevanssi_pin_keywords":"","_relevanssi_unpin_keywords":"","_relevanssi_related_keywords":"","_relevanssi_related_include_ids":"","_relevanssi_related_exclude_ids":"","_relevanssi_related_no_append":"","_relevanssi_related_not_related":"","_relevanssi_related_posts":"1","_relevanssi_noindex_reason":"","_custom_cards_description":"","footnotes":""},"class_list":["post-17","page","type-page","status-publish","has-post-thumbnail","hentry"],"acf":[],"_links":{"self":[{"href":"https:\/\/www.blakors.no\/videregaende-skole-ovrebo\/wp-json\/wp\/v2\/pages\/17","targetHints":{"allow":["GET"]}}],"collection":[{"href":"https:\/\/www.blakors.no\/videregaende-skole-ovrebo\/wp-json\/wp\/v2\/pages"}],"about":[{"href":"https:\/\/www.blakors.no\/videregaende-skole-ovrebo\/wp-json\/wp\/v2\/types\/page"}],"author":[{"embeddable":true,"href":"https:\/\/www.blakors.no\/videregaende-skole-ovrebo\/wp-json\/wp\/v2\/users\/23"}],"replies":[{"embeddable":true,"href":"https:\/\/www.blakors.no\/videregaende-skole-ovrebo\/wp-json\/wp\/v2\/comments?post=17"}],"version-history":[{"count":15,"href":"https:\/\/www.blakors.no\/videregaende-skole-ovrebo\/wp-json\/wp\/v2\/pages\/17\/revisions"}],"predecessor-version":[{"id":401,"href":"https:\/\/www.blakors.no\/videregaende-skole-ovrebo\/wp-json\/wp\/v2\/pages\/17\/revisions\/401"}],"wp:featuredmedia":[{"embeddable":true,"href":"https:\/\/www.blakors.no\/videregaende-skole-ovrebo\/wp-json\/wp\/v2\/media\/289"}],"wp:attachment":[{"href":"https:\/\/www.blakors.no\/videregaende-skole-ovrebo\/wp-json\/wp\/v2\/media?parent=17"}],"curies":[{"name":"wp","href":"https:\/\/api.w.org\/{rel}","templated":true}]}}